{"id":303,"date":"2015-12-02T06:37:24","date_gmt":"2015-12-02T06:37:24","guid":{"rendered":"http:\/\/localhost\/sktthemes\/charity\/?page_id=15"},"modified":"2023-12-01T13:28:28","modified_gmt":"2023-12-01T13:28:28","slug":"chi-siamo","status":"publish","type":"page","link":"https:\/\/www.cooperativasocialeatena.it\/index.php\/chi-siamo\/","title":{"rendered":"Chi Siamo"},"content":{"rendered":"\t\t<div data-elementor-type=\"wp-page\" data-elementor-id=\"303\" class=\"elementor elementor-303\" data-elementor-settings=\"{&quot;ha_cmc_init_switcher&quot;:&quot;no&quot;}\">\n\t\t\t\t<div class=\"elementor-element elementor-element-15631b6 e-flex e-con-boxed wpr-particle-no wpr-jarallax-no wpr-parallax-no wpr-sticky-section-no wpr-column-slider-no wpr-equal-height-no e-con e-parent\" data-id=\"15631b6\" data-element_type=\"container\" data-e-type=\"container\" data-settings=\"{&quot;_ha_eqh_enable&quot;:false}\">\n\t\t\t\t\t<div class=\"e-con-inner\">\n\t\t\t\t<div class=\"elementor-element elementor-element-4d0ab34 pp-buttons-halign-center pp-buttons-valign-middle pp-buttons-stack-none elementor-widget elementor-widget-pp-buttons\" data-id=\"4d0ab34\" data-element_type=\"widget\" data-e-type=\"widget\" data-widget_type=\"pp-buttons.default\">\n\t\t\t\t<div class=\"elementor-widget-container\">\n\t\t\t\t\t\t\t<div class=\"pp-buttons-group\">\n\t\t\t\t\t\t\t\t\t\t\t<a href=\"#presentazione\" class=\"pp-button elementor-button elementor-size-xs elementor-repeater-item-6e4149f \" data-tooltip=\"{&quot;show_tooltip&quot;:&quot;yes&quot;,&quot;id&quot;:&quot;4d0ab34-6e4149f&quot;,&quot;position&quot;:&quot;top&quot;,&quot;position_mobile&quot;:&quot;top&quot;,&quot;position_tablet&quot;:&quot;top&quot;}\" data-tooltip-content=\"#pp-tooltip-content-4d0ab34-6e4149f\">\n\t\t\t\t\t<div class=\"pp-button-content-wrapper\">\n\t\t\t\t\t\t<span class=\"pp-button-content-inner pp-icon-before\">\n\t\t\t\t\t\t\t\t\t\t\t\t\t\t\t\t\t<span class=\"pp-button-icon pp-icon\">\n\t\t\t\t\t\t\t\t\t\t\t<i aria-hidden=\"true\" class=\"hm hm-tb-post-info\"><\/i>\t\t\t\t\t\t\t\t\t\t<\/span>\n\t\t\t\t\t\t\t\t\t\t\n\t\t\t\t\t\t\t\t<span class=\"pp-button-title\">\n\t\t\t\t\t\t\t\t\tPRESENTAZIONE\t\t\t\t\t\t\t\t<\/span>\n\t\t\t\t\t\t\t\t\t\t\t\t\t<\/span>\n\t\t\t\t\t<\/div>\n\t\t\t\t<\/a>\n\t\t\t\t\t\t\t\t\t<div class=\"pp-tooltip-container\">\n\t\t\t\t\t\t<div class=\"pp-tooltip-content pp-tooltip-content-4d0ab34\" id=\"pp-tooltip-content-4d0ab34-6e4149f\">\n\t\t\t\t\t\t\tPRESENTAZIONE E PRINCIPI FONDAMENTALI\t\t\t\t\t\t<\/div>\n\t\t\t\t\t<\/div>\n\t\t\t\t\t\t\t\t\t\t\t\t\t\t\t\t<a href=\"#realta\" class=\"pp-button elementor-button elementor-size-xs elementor-repeater-item-7d0832b \" data-tooltip=\"{&quot;show_tooltip&quot;:&quot;yes&quot;,&quot;id&quot;:&quot;4d0ab34-7d0832b&quot;,&quot;position&quot;:&quot;top&quot;,&quot;position_mobile&quot;:&quot;top&quot;,&quot;position_tablet&quot;:&quot;top&quot;}\" data-tooltip-content=\"#pp-tooltip-content-4d0ab34-7d0832b\">\n\t\t\t\t\t<div class=\"pp-button-content-wrapper\">\n\t\t\t\t\t\t<span class=\"pp-button-content-inner pp-icon-before\">\n\t\t\t\t\t\t\t\t\t\t\t\t\t\t\t\t\t<span class=\"pp-button-icon pp-icon\">\n\t\t\t\t\t\t\t\t\t\t\t<svg aria-hidden=\"true\" class=\"e-font-icon-svg e-far-heart\" viewBox=\"0 0 512 512\" xmlns=\"http:\/\/www.w3.org\/2000\/svg\"><path d=\"M458.4 64.3C400.6 15.7 311.3 23 256 79.3 200.7 23 111.4 15.6 53.6 64.3-21.6 127.6-10.6 230.8 43 285.5l175.4 178.7c10 10.2 23.4 15.9 37.6 15.9 14.3 0 27.6-5.6 37.6-15.8L469 285.6c53.5-54.7 64.7-157.9-10.6-221.3zm-23.6 187.5L259.4 430.5c-2.4 2.4-4.4 2.4-6.8 0L77.2 251.8c-36.5-37.2-43.9-107.6 7.3-150.7 38.9-32.7 98.9-27.8 136.5 10.5l35 35.7 35-35.7c37.8-38.5 97.8-43.2 136.5-10.6 51.1 43.1 43.5 113.9 7.3 150.8z\"><\/path><\/svg>\t\t\t\t\t\t\t\t\t\t<\/span>\n\t\t\t\t\t\t\t\t\t\t\n\t\t\t\t\t\t\t\t<span class=\"pp-button-title\">\n\t\t\t\t\t\t\t\t\tPRINCIPI\t\t\t\t\t\t\t\t<\/span>\n\t\t\t\t\t\t\t\t\t\t\t\t\t<\/span>\n\t\t\t\t\t<\/div>\n\t\t\t\t<\/a>\n\t\t\t\t\t\t\t\t\t<div class=\"pp-tooltip-container\">\n\t\t\t\t\t\t<div class=\"pp-tooltip-content pp-tooltip-content-4d0ab34\" id=\"pp-tooltip-content-4d0ab34-7d0832b\">\n\t\t\t\t\t\t\tREALTA\u2019 E IMPEGNI DELLA COOPERATIVA \t\t\t\t\t\t<\/div>\n\t\t\t\t\t<\/div>\n\t\t\t\t\t\t\t\t\t\t\t\t\t\t\t\t<a href=\"#organizzazione\" class=\"pp-button elementor-button elementor-size-xs elementor-repeater-item-f7fa669 \" data-tooltip=\"{&quot;show_tooltip&quot;:&quot;yes&quot;,&quot;id&quot;:&quot;4d0ab34-f7fa669&quot;,&quot;position&quot;:&quot;top&quot;,&quot;position_mobile&quot;:&quot;top&quot;,&quot;position_tablet&quot;:&quot;top&quot;}\" data-tooltip-content=\"#pp-tooltip-content-4d0ab34-f7fa669\">\n\t\t\t\t\t<div class=\"pp-button-content-wrapper\">\n\t\t\t\t\t\t<span class=\"pp-button-content-inner pp-icon-before\">\n\t\t\t\t\t\t\t\t\t\t\t\t\t\t\t\t\t<span class=\"pp-button-icon pp-icon\">\n\t\t\t\t\t\t\t\t\t\t\t<i aria-hidden=\"true\" class=\"hm hm-step-flow\"><\/i>\t\t\t\t\t\t\t\t\t\t<\/span>\n\t\t\t\t\t\t\t\t\t\t\n\t\t\t\t\t\t\t\t<span class=\"pp-button-title\">\n\t\t\t\t\t\t\t\t\tORGANIZZAZIONE\t\t\t\t\t\t\t\t<\/span>\n\t\t\t\t\t\t\t\t\t\t\t\t\t<\/span>\n\t\t\t\t\t<\/div>\n\t\t\t\t<\/a>\n\t\t\t\t\t\t\t\t\t<div class=\"pp-tooltip-container\">\n\t\t\t\t\t\t<div class=\"pp-tooltip-content pp-tooltip-content-4d0ab34\" id=\"pp-tooltip-content-4d0ab34-f7fa669\">\n\t\t\t\t\t\t\tORGANIZZAZIONE DELLA COOPERATIVA\t\t\t\t\t\t<\/div>\n\t\t\t\t\t<\/div>\n\t\t\t\t\t\t\t\t\t\t\t\t\t\t\t\t<a href=\"#qualita\" class=\"pp-button elementor-button elementor-size-xs elementor-repeater-item-f902b67 \" data-tooltip=\"{&quot;show_tooltip&quot;:&quot;yes&quot;,&quot;id&quot;:&quot;4d0ab34-f902b67&quot;,&quot;position&quot;:&quot;top&quot;,&quot;position_mobile&quot;:&quot;top&quot;,&quot;position_tablet&quot;:&quot;top&quot;}\" data-tooltip-content=\"#pp-tooltip-content-4d0ab34-f902b67\">\n\t\t\t\t\t<div class=\"pp-button-content-wrapper\">\n\t\t\t\t\t\t<span class=\"pp-button-content-inner pp-icon-before\">\n\t\t\t\t\t\t\t\t\t\t\t\t\t\t\t\t\t<span class=\"pp-button-icon pp-icon\">\n\t\t\t\t\t\t\t\t\t\t\t<svg aria-hidden=\"true\" class=\"e-font-icon-svg e-fas-check\" viewBox=\"0 0 512 512\" xmlns=\"http:\/\/www.w3.org\/2000\/svg\"><path d=\"M173.898 439.404l-166.4-166.4c-9.997-9.997-9.997-26.206 0-36.204l36.203-36.204c9.997-9.998 26.207-9.998 36.204 0L192 312.69 432.095 72.596c9.997-9.997 26.207-9.997 36.204 0l36.203 36.204c9.997 9.997 9.997 26.206 0 36.204l-294.4 294.401c-9.998 9.997-26.207 9.997-36.204-.001z\"><\/path><\/svg>\t\t\t\t\t\t\t\t\t\t<\/span>\n\t\t\t\t\t\t\t\t\t\t\n\t\t\t\t\t\t\t\t<span class=\"pp-button-title\">\n\t\t\t\t\t\t\t\t\tQUALIT\u00c0 E SICUREZZA\t\t\t\t\t\t\t\t<\/span>\n\t\t\t\t\t\t\t\t\t\t\t\t\t<\/span>\n\t\t\t\t\t<\/div>\n\t\t\t\t<\/a>\n\t\t\t\t\t\t\t\t\t<div class=\"pp-tooltip-container\">\n\t\t\t\t\t\t<div class=\"pp-tooltip-content pp-tooltip-content-4d0ab34\" id=\"pp-tooltip-content-4d0ab34-f902b67\">\n\t\t\t\t\t\t\tQUALIT\u00c0 E SICUREZZA\t\t\t\t\t\t<\/div>\n\t\t\t\t\t<\/div>\n\t\t\t\t\t\t\t\t\t\t\t\t\t\t\t\t<a href=\"#carta\" class=\"pp-button elementor-button elementor-size-xs elementor-repeater-item-139be31 \" data-tooltip=\"{&quot;show_tooltip&quot;:&quot;yes&quot;,&quot;id&quot;:&quot;4d0ab34-139be31&quot;,&quot;position&quot;:&quot;top&quot;,&quot;position_mobile&quot;:&quot;top&quot;,&quot;position_tablet&quot;:&quot;top&quot;}\" data-tooltip-content=\"#pp-tooltip-content-4d0ab34-139be31\">\n\t\t\t\t\t<div class=\"pp-button-content-wrapper\">\n\t\t\t\t\t\t<span class=\"pp-button-content-inner pp-icon-before\">\n\t\t\t\t\t\t\t\t\t\t\t\t\t\t\t\t\t<span class=\"pp-button-icon pp-icon\">\n\t\t\t\t\t\t\t\t\t\t\t<svg aria-hidden=\"true\" class=\"e-font-icon-svg e-far-file-pdf\" viewBox=\"0 0 384 512\" xmlns=\"http:\/\/www.w3.org\/2000\/svg\"><path d=\"M369.9 97.9L286 14C277 5 264.8-.1 252.1-.1H48C21.5 0 0 21.5 0 48v416c0 26.5 21.5 48 48 48h288c26.5 0 48-21.5 48-48V131.9c0-12.7-5.1-25-14.1-34zM332.1 128H256V51.9l76.1 76.1zM48 464V48h160v104c0 13.3 10.7 24 24 24h104v288H48zm250.2-143.7c-12.2-12-47-8.7-64.4-6.5-17.2-10.5-28.7-25-36.8-46.3 3.9-16.1 10.1-40.6 5.4-56-4.2-26.2-37.8-23.6-42.6-5.9-4.4 16.1-.4 38.5 7 67.1-10 23.9-24.9 56-35.4 74.4-20 10.3-47 26.2-51 46.2-3.3 15.8 26 55.2 76.1-31.2 22.4-7.4 46.8-16.5 68.4-20.1 18.9 10.2 41 17 55.8 17 25.5 0 28-28.2 17.5-38.7zm-198.1 77.8c5.1-13.7 24.5-29.5 30.4-35-19 30.3-30.4 35.7-30.4 35zm81.6-190.6c7.4 0 6.7 32.1 1.8 40.8-4.4-13.9-4.3-40.8-1.8-40.8zm-24.4 136.6c9.7-16.9 18-37 24.7-54.7 8.3 15.1 18.9 27.2 30.1 35.5-20.8 4.3-38.9 13.1-54.8 19.2zm131.6-5s-5 6-37.3-7.8c35.1-2.6 40.9 5.4 37.3 7.8z\"><\/path><\/svg>\t\t\t\t\t\t\t\t\t\t<\/span>\n\t\t\t\t\t\t\t\t\t\t\n\t\t\t\t\t\t\t\t<span class=\"pp-button-title\">\n\t\t\t\t\t\t\t\t\tCARTA DEI SERVIZI\t\t\t\t\t\t\t\t<\/span>\n\t\t\t\t\t\t\t\t\t\t\t\t\t<\/span>\n\t\t\t\t\t<\/div>\n\t\t\t\t<\/a>\n\t\t\t\t\t\t\t\t\t<div class=\"pp-tooltip-container\">\n\t\t\t\t\t\t<div class=\"pp-tooltip-content pp-tooltip-content-4d0ab34\" id=\"pp-tooltip-content-4d0ab34-139be31\">\n\t\t\t\t\t\t\tCarta dei servizi\t\t\t\t\t\t<\/div>\n\t\t\t\t\t<\/div>\n\t\t\t\t\t\t\t\t\t\t<\/div>\t\t\t\t<\/div>\n\t\t\t\t<\/div>\n\t\t\t\t\t<\/div>\n\t\t\t\t<\/div>\n\t\t\t\t<section class=\"elementor-section elementor-top-section elementor-element elementor-element-7200633c elementor-section-content-middle elementor-section-boxed elementor-section-height-default elementor-section-height-default wpr-particle-no wpr-jarallax-no wpr-parallax-no wpr-sticky-section-no wpr-column-slider-no wpr-equal-height-no\" data-id=\"7200633c\" data-element_type=\"section\" data-e-type=\"section\" data-settings=\"{&quot;background_background&quot;:&quot;classic&quot;,&quot;_ha_eqh_enable&quot;:false}\">\n\t\t\t\t\t\t<div class=\"elementor-container elementor-column-gap-default\">\n\t\t\t\t\t<div class=\"elementor-column elementor-col-50 elementor-top-column elementor-element elementor-element-58cbfbb6 animated-slow elementor-invisible\" data-id=\"58cbfbb6\" data-element_type=\"column\" data-e-type=\"column\" data-settings=\"{&quot;animation&quot;:&quot;fadeInLeft&quot;}\">\n\t\t\t<div class=\"elementor-widget-wrap elementor-element-populated\">\n\t\t\t\t\t\t<div class=\"elementor-element elementor-element-4c2658d elementor-widget elementor-widget-menu-anchor\" data-id=\"4c2658d\" data-element_type=\"widget\" data-e-type=\"widget\" data-widget_type=\"menu-anchor.default\">\n\t\t\t\t<div class=\"elementor-widget-container\">\n\t\t\t\t\t\t\t<div class=\"elementor-menu-anchor\" id=\"presentazione\"><\/div>\n\t\t\t\t\t\t<\/div>\n\t\t\t\t<\/div>\n\t\t\t\t<section class=\"elementor-section elementor-inner-section elementor-element elementor-element-423a9385 elementor-section-boxed elementor-section-height-default elementor-section-height-default wpr-particle-no wpr-jarallax-no wpr-parallax-no wpr-sticky-section-no wpr-column-slider-no wpr-equal-height-no\" data-id=\"423a9385\" data-element_type=\"section\" data-e-type=\"section\" data-settings=\"{&quot;_ha_eqh_enable&quot;:false}\">\n\t\t\t\t\t\t<div class=\"elementor-container elementor-column-gap-default\">\n\t\t\t\t\t<div class=\"elementor-column elementor-col-100 elementor-inner-column elementor-element elementor-element-4c09fa04\" data-id=\"4c09fa04\" data-element_type=\"column\" data-e-type=\"column\">\n\t\t\t<div class=\"elementor-widget-wrap elementor-element-populated\">\n\t\t\t\t\t\t<div class=\"elementor-element elementor-element-8295b2b elementor-widget elementor-widget-heading\" data-id=\"8295b2b\" data-element_type=\"widget\" data-e-type=\"widget\" data-widget_type=\"heading.default\">\n\t\t\t\t<div class=\"elementor-widget-container\">\n\t\t\t\t\t<h2 class=\"elementor-heading-title elementor-size-default\">PRESENTAZIONE E PRINCIPI FONDAMENTALI<\/h2>\t\t\t\t<\/div>\n\t\t\t\t<\/div>\n\t\t\t\t<div class=\"elementor-element elementor-element-62d8fb8f elementor-widget elementor-widget-text-editor\" data-id=\"62d8fb8f\" data-element_type=\"widget\" data-e-type=\"widget\" data-widget_type=\"text-editor.default\">\n\t\t\t\t<div class=\"elementor-widget-container\">\n\t\t\t\t\t\t\t\t\t<p>La Cooperativa Sociale Atena, nata nel 2017, intende perseguire esclusivamente finalit\u00e0 di solidariet\u00e0 sociale, facendosi specifico divieto di svolgere attivit\u00e0 diverse da quelle indicate nella lett. a) dell\u2019art. 10 del D.Lgs 460\/97, ad eccezione di quelle ad esse direttamente connesse ovvero accessorie. Scopo della Cooperativa \u00e8 lo svolgimento di attivit\u00e0 di assistenza sociale, sociosanitaria e sanitaria nei confronti di persone svantaggiate in ragione di condizioni fisiche, psichiche, economiche, sociali o familiari.<\/p>\t\t\t\t\t\t\t\t<\/div>\n\t\t\t\t<\/div>\n\t\t\t\t\t<\/div>\n\t\t<\/div>\n\t\t\t\t\t<\/div>\n\t\t<\/section>\n\t\t\t\t\t<\/div>\n\t\t<\/div>\n\t\t\t\t<div class=\"elementor-column elementor-col-50 elementor-top-column elementor-element elementor-element-befd2c5 animated-slow elementor-invisible\" data-id=\"befd2c5\" data-element_type=\"column\" data-e-type=\"column\" data-settings=\"{&quot;animation&quot;:&quot;fadeInRight&quot;}\">\n\t\t\t<div class=\"elementor-widget-wrap elementor-element-populated\">\n\t\t\t\t\t\t<section class=\"elementor-section elementor-inner-section elementor-element elementor-element-3e0164ef elementor-section-boxed elementor-section-height-default elementor-section-height-default wpr-particle-no wpr-jarallax-no wpr-parallax-no wpr-sticky-section-no wpr-column-slider-no wpr-equal-height-no\" data-id=\"3e0164ef\" data-element_type=\"section\" data-e-type=\"section\" data-settings=\"{&quot;_ha_eqh_enable&quot;:false}\">\n\t\t\t\t\t\t<div class=\"elementor-container elementor-column-gap-default\">\n\t\t\t\t\t<div class=\"elementor-column elementor-col-100 elementor-inner-column elementor-element elementor-element-7a8167cd\" data-id=\"7a8167cd\" data-element_type=\"column\" data-e-type=\"column\">\n\t\t\t<div class=\"elementor-widget-wrap elementor-element-populated\">\n\t\t\t\t\t\t<div class=\"elementor-element elementor-element-18cb2512 elementor-widget elementor-widget-image\" data-id=\"18cb2512\" data-element_type=\"widget\" data-e-type=\"widget\" data-widget_type=\"image.default\">\n\t\t\t\t<div class=\"elementor-widget-container\">\n\t\t\t\t\t\t\t\t\t\t\t\t\t\t\t<img fetchpriority=\"high\" decoding=\"async\" width=\"2560\" height=\"1536\" src=\"https:\/\/www.cooperativasocialeatena.it\/wp-content\/uploads\/2023\/11\/billionphotos-3607668-scaled.jpg\" class=\"attachment-full size-full wp-image-384\" alt=\"\" srcset=\"https:\/\/www.cooperativasocialeatena.it\/wp-content\/uploads\/2023\/11\/billionphotos-3607668-scaled.jpg 2560w, https:\/\/www.cooperativasocialeatena.it\/wp-content\/uploads\/2023\/11\/billionphotos-3607668-300x180.jpg 300w, https:\/\/www.cooperativasocialeatena.it\/wp-content\/uploads\/2023\/11\/billionphotos-3607668-1024x614.jpg 1024w, https:\/\/www.cooperativasocialeatena.it\/wp-content\/uploads\/2023\/11\/billionphotos-3607668-768x461.jpg 768w, https:\/\/www.cooperativasocialeatena.it\/wp-content\/uploads\/2023\/11\/billionphotos-3607668-1536x922.jpg 1536w, https:\/\/www.cooperativasocialeatena.it\/wp-content\/uploads\/2023\/11\/billionphotos-3607668-2048x1229.jpg 2048w\" sizes=\"(max-width: 2560px) 100vw, 2560px\" \/>\t\t\t\t\t\t\t\t\t\t\t\t\t\t\t<\/div>\n\t\t\t\t<\/div>\n\t\t\t\t\t<\/div>\n\t\t<\/div>\n\t\t\t\t\t<\/div>\n\t\t<\/section>\n\t\t\t\t\t<\/div>\n\t\t<\/div>\n\t\t\t\t\t<\/div>\n\t\t<\/section>\n\t\t<div class=\"elementor-element elementor-element-2217518 e-flex e-con-boxed wpr-particle-no wpr-jarallax-no wpr-parallax-no wpr-sticky-section-no wpr-column-slider-no wpr-equal-height-no elementor-invisible e-con e-parent\" data-id=\"2217518\" data-element_type=\"container\" data-e-type=\"container\" data-settings=\"{&quot;animation&quot;:&quot;fadeInLeft&quot;,&quot;_ha_eqh_enable&quot;:false}\">\n\t\t\t\t\t<div class=\"e-con-inner\">\n\t\t\t\t<div class=\"elementor-element elementor-element-d97fb5b elementor-widget elementor-widget-heading\" data-id=\"d97fb5b\" data-element_type=\"widget\" data-e-type=\"widget\" data-widget_type=\"heading.default\">\n\t\t\t\t<div class=\"elementor-widget-container\">\n\t\t\t\t\t<h1 class=\"elementor-heading-title elementor-size-default\">In particolare La Cooperativa Sociale Atena intende: <\/h1>\t\t\t\t<\/div>\n\t\t\t\t<\/div>\n\t\t\t\t\t<\/div>\n\t\t\t\t<\/div>\n\t\t<div class=\"elementor-element elementor-element-9f31492 e-flex e-con-boxed wpr-particle-no wpr-jarallax-no wpr-parallax-no wpr-sticky-section-no wpr-column-slider-no wpr-equal-height-no elementor-invisible e-con e-parent\" data-id=\"9f31492\" data-element_type=\"container\" data-e-type=\"container\" data-settings=\"{&quot;animation&quot;:&quot;fadeInRight&quot;,&quot;_ha_eqh_enable&quot;:false}\">\n\t\t\t\t\t<div class=\"e-con-inner\">\n\t\t\t\t<div class=\"elementor-element elementor-element-53e8221 elementor-widget elementor-widget-text-editor\" data-id=\"53e8221\" data-element_type=\"widget\" data-e-type=\"widget\" data-widget_type=\"text-editor.default\">\n\t\t\t\t<div class=\"elementor-widget-container\">\n\t\t\t\t\t\t\t\t\t<ol><li><span data-contrast=\"auto\">elaborare e realizzare progetti di prevenzione e di sostegno nell\u2019ambito del disagio giovanile;<\/span><span data-ccp-props=\"{&quot;134245417&quot;:false,&quot;201341983&quot;:0,&quot;335551550&quot;:6,&quot;335551620&quot;:6,&quot;335559739&quot;:0,&quot;335559740&quot;:360}\">\u00a0<\/span><\/li><li><span data-contrast=\"auto\">promuovere attivit\u00e0 educative nei vari contesti sociali dove i ragazzi vivono, promuovere ed effettuare concrete iniziative rivolte a situazioni di particolare rischio e disagio giovanile;<\/span><span data-ccp-props=\"{&quot;134245417&quot;:false,&quot;201341983&quot;:0,&quot;335551550&quot;:6,&quot;335551620&quot;:6,&quot;335559739&quot;:0,&quot;335559740&quot;:360}\">\u00a0<\/span><\/li><li><span data-contrast=\"auto\">Effettuare interventi rivolti a prevenire e contrastare la dispersione scolastica;<\/span><span data-ccp-props=\"{&quot;134245417&quot;:false,&quot;201341983&quot;:0,&quot;335551550&quot;:6,&quot;335551620&quot;:6,&quot;335559739&quot;:0,&quot;335559740&quot;:360}\">\u00a0<\/span><\/li><li><span data-contrast=\"auto\">creare uno spazio di ascolto per le famiglie in difficolt\u00e0;<\/span><span data-ccp-props=\"{&quot;134245417&quot;:false,&quot;201341983&quot;:0,&quot;335551550&quot;:6,&quot;335551620&quot;:6,&quot;335559739&quot;:0,&quot;335559740&quot;:360}\">\u00a0<\/span><\/li><li><span data-contrast=\"auto\">Effettuare interventi diretto al sostegno dei disabili, dei minori diversamente abili e degli anziani non autosufficienti;<\/span><span data-ccp-props=\"{&quot;134245417&quot;:false,&quot;201341983&quot;:0,&quot;335551550&quot;:6,&quot;335551620&quot;:6,&quot;335559739&quot;:0,&quot;335559740&quot;:360}\">\u00a0<\/span><\/li><li><span data-contrast=\"auto\">Sostegno operativo per le famiglie di persone anziane non autosufficiente, in caso di temporaneo impedimento per gli stessi all&#8217;assistenza;\u00a0<\/span><span data-ccp-props=\"{&quot;134245417&quot;:false,&quot;201341983&quot;:0,&quot;335551550&quot;:6,&quot;335551620&quot;:6,&quot;335559739&quot;:0,&quot;335559740&quot;:360}\">\u00a0<\/span><\/li><li><span data-contrast=\"auto\">Realizzare l\u2019assistenza agli anziani non autosufficienti nelle diverse forme richieste dai bisogni collegati alla loro condizione (solitudine, disagio, indigenza).<\/span><span data-ccp-props=\"{&quot;134245417&quot;:false,&quot;201341983&quot;:0,&quot;335551550&quot;:6,&quot;335551620&quot;:6,&quot;335559739&quot;:0,&quot;335559740&quot;:360}\">\u00a0<\/span><\/li><li><span data-contrast=\"auto\">Realizzare attivit\u00e0 di Segretariato Sociale, il quale rientra tra i livelli essenziali e prioritari di assistenza sociale, in quanto \u00e8 un servizio trasversale che facilita e\/o sostiene il raccordo organizzativo gli interventi e dei servizi sociali e sociosanitari.\u00a0<\/span><span data-ccp-props=\"{&quot;134245417&quot;:false,&quot;201341983&quot;:0,&quot;335551550&quot;:6,&quot;335551620&quot;:6,&quot;335559739&quot;:0,&quot;335559740&quot;:360}\">\u00a0<\/span><\/li><li><span data-contrast=\"auto\">Effettuare attivit\u00e0 ricadenti nei Servizi Sociali Professionali favorendo il funzionamento della rete dei servizi integrati, in un\u2019ottica di avvicinamento, trasparenza e fiducia nei rapporti tra il cittadino e i servizi.<\/span><span data-ccp-props=\"{&quot;134245417&quot;:false,&quot;201341983&quot;:0,&quot;335551550&quot;:6,&quot;335551620&quot;:6,&quot;335559739&quot;:0,&quot;335559740&quot;:360}\">\u00a0<\/span><\/li><li><span data-contrast=\"auto\">Effettuare attivit\u00e0 di volontariato, in quanto il principio su cui si basa la fondazione della Cooperativa Atena, \u00e8 tra gli altri la volont\u00e0 di perseguire attivit\u00e0 di solidariet\u00e0 e di giustizia sociale, rendendo disponibile la propria professionalit\u00e0, passione civile ed educativa alle persone in difficolt\u00e0, disagiate e\/o discriminate.<\/span><span data-ccp-props=\"{&quot;134245417&quot;:false,&quot;201341983&quot;:0,&quot;335551550&quot;:6,&quot;335551620&quot;:6,&quot;335559739&quot;:0,&quot;335559740&quot;:360}\">\u00a0<\/span><\/li><\/ol>\t\t\t\t\t\t\t\t<\/div>\n\t\t\t\t<\/div>\n\t\t\t\t\t<\/div>\n\t\t\t\t<\/div>\n\t\t<div class=\"elementor-element elementor-element-4114e2b e-flex e-con-boxed wpr-particle-no wpr-jarallax-no wpr-parallax-no wpr-sticky-section-no wpr-column-slider-no wpr-equal-height-no e-con e-parent\" data-id=\"4114e2b\" data-element_type=\"container\" data-e-type=\"container\" data-settings=\"{&quot;_ha_eqh_enable&quot;:false}\">\n\t\t\t\t\t<div class=\"e-con-inner\">\n\t\t<div class=\"elementor-element elementor-element-69fd478 e-con-full e-flex wpr-particle-no wpr-jarallax-no wpr-parallax-no wpr-sticky-section-no wpr-column-slider-no wpr-equal-height-no e-con e-child\" data-id=\"69fd478\" data-element_type=\"container\" data-e-type=\"container\" data-settings=\"{&quot;_ha_eqh_enable&quot;:false}\">\n\t\t\t\t<div class=\"elementor-element elementor-element-38f4a47 elementor-invisible elementor-widget elementor-widget-image\" data-id=\"38f4a47\" data-element_type=\"widget\" data-e-type=\"widget\" data-settings=\"{&quot;_animation&quot;:&quot;fadeInLeft&quot;}\" data-widget_type=\"image.default\">\n\t\t\t\t<div class=\"elementor-widget-container\">\n\t\t\t\t\t\t\t\t\t\t\t\t\t\t\t<img decoding=\"async\" width=\"1017\" height=\"533\" src=\"https:\/\/www.cooperativasocialeatena.it\/wp-content\/uploads\/2023\/11\/Terzo-Settore.jpg\" class=\"attachment-full size-full wp-image-371\" alt=\"\" srcset=\"https:\/\/www.cooperativasocialeatena.it\/wp-content\/uploads\/2023\/11\/Terzo-Settore.jpg 1017w, https:\/\/www.cooperativasocialeatena.it\/wp-content\/uploads\/2023\/11\/Terzo-Settore-300x157.jpg 300w, https:\/\/www.cooperativasocialeatena.it\/wp-content\/uploads\/2023\/11\/Terzo-Settore-768x403.jpg 768w\" sizes=\"(max-width: 1017px) 100vw, 1017px\" \/>\t\t\t\t\t\t\t\t\t\t\t\t\t\t\t<\/div>\n\t\t\t\t<\/div>\n\t\t\t\t<\/div>\n\t\t<div class=\"elementor-element elementor-element-18376a5 e-con-full e-flex wpr-particle-no wpr-jarallax-no wpr-parallax-no wpr-sticky-section-no wpr-column-slider-no wpr-equal-height-no e-con e-child\" data-id=\"18376a5\" data-element_type=\"container\" data-e-type=\"container\" data-settings=\"{&quot;_ha_eqh_enable&quot;:false}\">\n\t\t\t\t<div class=\"elementor-element elementor-element-6184e61 elementor-invisible elementor-widget elementor-widget-text-editor\" data-id=\"6184e61\" data-element_type=\"widget\" data-e-type=\"widget\" data-settings=\"{&quot;_animation&quot;:&quot;fadeInRight&quot;}\" data-widget_type=\"text-editor.default\">\n\t\t\t\t<div class=\"elementor-widget-container\">\n\t\t\t\t\t\t\t\t\t<p>La promozione dei diritti e della dignit\u00e0 delle persone, la partecipazione e la cittadinanza attiva, la legalit\u00e0 e la giustizia sociale sono i principi che hanno ispirato l\u2019istituzione di questa nuova entit\u00e0, in un&#8217;ottica di accoglienza, trasparenza, ascolto e solidariet\u00e0. Infatti a partire dall&#8217;analisi dei bisogni, Atena intende costruire progetti e servizi rivolti a minori, giovani, adulti, famiglie, comunit\u00e0, coinvolgendo attivamente i destinatari e favorendone lo sviluppo delle competenze e l&#8217;autodeterminazione, per la promozione del benessere individuale e collettivo. Nello specifico Atena intende realizzare servizi socio-educativi e assistenziali territoriali e domiciliari, progetti giovani (centri di aggregazione, animazione di strada), servizi di doposcuola, servizi di supporto alle donne in difficolt\u00e0, percorsi di peer education e di prevenzione nelle scuole medie e superiori, laboratori scolastici ed extrascolastici, centri estivi, percorsi di formazione, borse lavoro giovani, laboratori rivolti a giovani e adulti sui temi della legalit\u00e0, del lavoro, dell&#8217;animazione e del volontariato.\u00a0<\/p>\t\t\t\t\t\t\t\t<\/div>\n\t\t\t\t<\/div>\n\t\t\t\t<\/div>\n\t\t\t\t\t<\/div>\n\t\t\t\t<\/div>\n\t\t<div class=\"elementor-element elementor-element-0994001 e-flex e-con-boxed wpr-particle-no wpr-jarallax-no wpr-parallax-no wpr-sticky-section-no wpr-column-slider-no wpr-equal-height-no elementor-invisible e-con e-parent\" data-id=\"0994001\" data-element_type=\"container\" data-e-type=\"container\" data-settings=\"{&quot;animation&quot;:&quot;fadeInRight&quot;,&quot;_ha_eqh_enable&quot;:false}\">\n\t\t\t\t\t<div class=\"e-con-inner\">\n\t\t\t\t<div class=\"elementor-element elementor-element-d5eed3d elementor-widget elementor-widget-text-editor\" data-id=\"d5eed3d\" data-element_type=\"widget\" data-e-type=\"widget\" data-widget_type=\"text-editor.default\">\n\t\t\t\t<div class=\"elementor-widget-container\">\n\t\t\t\t\t\t\t\t\t<p><span data-contrast=\"auto\">Atena vuole essere una cooperativa che, sulla base dei principi e valori che l&#8217;hanno ispirata, vuole farsi portavoce della difesa dei diritti delle persone pi\u00f9 fragili contribuendo alla definizione delle politiche sociali dei territori.<\/span><span data-ccp-props=\"{&quot;201341983&quot;:0,&quot;335551550&quot;:6,&quot;335551620&quot;:6,&quot;335559738&quot;:150,&quot;335559739&quot;:0,&quot;335559740&quot;:360}\">\u00a0<\/span><br \/><br \/><span data-contrast=\"auto\">Vuole essere una realt\u00e0 in movimento capace di\u202f<\/span><b><span data-contrast=\"auto\">leggere i nuovi bisogni\u202f<\/span><\/b><span data-contrast=\"auto\">delle persone attualizzando le risposte alle situazioni di disagio,\u202f<\/span><b><span data-contrast=\"auto\">sperimentando\u202f<\/span><\/b><span data-contrast=\"auto\">nuovi settori o servizi, operando per il miglioramento della vita sociale nelle comunit\u00e0 territoriali impegnandosi a proporre\u202f<\/span><b><span data-contrast=\"auto\">modelli d&#8217;intervento innovativi\u202f<\/span><\/b><span data-contrast=\"auto\">che promuovano l&#8217;autonomia, l&#8217;autodeterminazione delle persone, dei gruppi, delle comunit\u00e0 in un&#8217;ottica di inclusione sociale.<\/span><span data-ccp-props=\"{&quot;201341983&quot;:0,&quot;335551550&quot;:6,&quot;335551620&quot;:6,&quot;335559738&quot;:150,&quot;335559739&quot;:0,&quot;335559740&quot;:360}\">\u00a0<\/span><br \/><br \/><span data-contrast=\"auto\">Atena ha quale obiettivo la difesa del<\/span><b><span data-contrast=\"auto\">\u202fwelfare dei diritti\u202f<\/span><\/b><span data-contrast=\"auto\">e vuole essere riconosciuta come soggetto che offre servizi di qualit\u00e0, come un punto di riferimento culturale nel sociale, luogo di azione e pensiero, che mantiene alto il valore della riflessione e della formazione permanente.<\/span><span data-ccp-props=\"{&quot;201341983&quot;:0,&quot;335551550&quot;:6,&quot;335551620&quot;:6,&quot;335559738&quot;:150,&quot;335559739&quot;:0,&quot;335559740&quot;:360}\">\u00a0<\/span><br \/><br \/><span data-contrast=\"auto\">Atena desidera contraddistinguersi per l&#8217;<\/span><b><span data-contrast=\"auto\">attenzione e il rispetto delle condizioni dei lavoratori e il loro benessere all&#8217;interno dell&#8217;organizzazione<\/span><\/b><span data-contrast=\"auto\">, l&#8217;aumento della\u202f<\/span><b><span data-contrast=\"auto\">partecipazione\u202f<\/span><\/b><span data-contrast=\"auto\">e dell&#8217;<\/span><b><span data-contrast=\"auto\">appartenenza\u202f<\/span><\/b><span data-contrast=\"auto\">della base sociale alla vita della cooperativa. Un&#8217;impresa sociale che propone un modello organizzativo innovativo che favorisce la responsabilizzazione e l&#8217;autoimpreditorialit\u00e0 di ciascuno.<\/span><span data-ccp-props=\"{&quot;201341983&quot;:0,&quot;335551550&quot;:6,&quot;335551620&quot;:6,&quot;335559738&quot;:150,&quot;335559739&quot;:0,&quot;335559740&quot;:360}\">\u00a0<\/span><\/p>\t\t\t\t\t\t\t\t<\/div>\n\t\t\t\t<\/div>\n\t\t\t\t\t<\/div>\n\t\t\t\t<\/div>\n\t\t<div class=\"elementor-element elementor-element-375d551 e-flex e-con-boxed wpr-particle-no wpr-jarallax-no wpr-parallax-no wpr-sticky-section-no wpr-column-slider-no wpr-equal-height-no elementor-invisible e-con e-parent\" data-id=\"375d551\" data-element_type=\"container\" data-e-type=\"container\" data-settings=\"{&quot;animation&quot;:&quot;fadeInRight&quot;,&quot;_ha_eqh_enable&quot;:false}\">\n\t\t\t\t\t<div class=\"e-con-inner\">\n\t\t\t\t<div class=\"elementor-element elementor-element-71ae528 elementor-widget elementor-widget-menu-anchor\" data-id=\"71ae528\" data-element_type=\"widget\" data-e-type=\"widget\" data-widget_type=\"menu-anchor.default\">\n\t\t\t\t<div class=\"elementor-widget-container\">\n\t\t\t\t\t\t\t<div class=\"elementor-menu-anchor\" id=\"realta\"><\/div>\n\t\t\t\t\t\t<\/div>\n\t\t\t\t<\/div>\n\t\t\t\t<div class=\"elementor-element elementor-element-e82e6d1 elementor-widget elementor-widget-heading\" data-id=\"e82e6d1\" data-element_type=\"widget\" data-e-type=\"widget\" data-widget_type=\"heading.default\">\n\t\t\t\t<div class=\"elementor-widget-container\">\n\t\t\t\t\t<h2 class=\"elementor-heading-title elementor-size-default\">    REALTA\u2019 E IMPEGNI DELLA COOPERATIVA <\/h2>\t\t\t\t<\/div>\n\t\t\t\t<\/div>\n\t\t\t\t<div class=\"elementor-element elementor-element-b2013cc elementor-widget elementor-widget-heading\" data-id=\"b2013cc\" data-element_type=\"widget\" data-e-type=\"widget\" data-widget_type=\"heading.default\">\n\t\t\t\t<div class=\"elementor-widget-container\">\n\t\t\t\t\t<h3 class=\"elementor-heading-title elementor-size-default\">Principi Fondamentali<\/h3>\t\t\t\t<\/div>\n\t\t\t\t<\/div>\n\t\t\t\t<div class=\"elementor-element elementor-element-613b286 elementor-widget elementor-widget-text-editor\" data-id=\"613b286\" data-element_type=\"widget\" data-e-type=\"widget\" data-widget_type=\"text-editor.default\">\n\t\t\t\t<div class=\"elementor-widget-container\">\n\t\t\t\t\t\t\t\t\t<h3 style=\"text-align: center;\">I servizi che la Cooperativa Sociale Atena fornisce ai propri utenti si ispirano ai seguenti principi fondamentali:<\/h3>\t\t\t\t\t\t\t\t<\/div>\n\t\t\t\t<\/div>\n\t\t\t\t\t<\/div>\n\t\t\t\t<\/div>\n\t\t<div class=\"elementor-element elementor-element-9270c73 e-flex e-con-boxed wpr-particle-no wpr-jarallax-no wpr-parallax-no wpr-sticky-section-no wpr-column-slider-no wpr-equal-height-no elementor-invisible e-con e-parent\" data-id=\"9270c73\" data-element_type=\"container\" data-e-type=\"container\" data-settings=\"{&quot;animation&quot;:&quot;fadeInRight&quot;,&quot;_ha_eqh_enable&quot;:false}\">\n\t\t\t\t\t<div class=\"e-con-inner\">\n\t\t<div class=\"elementor-element elementor-element-fb30709 e-con-full e-flex wpr-particle-no wpr-jarallax-no wpr-parallax-no wpr-sticky-section-no wpr-column-slider-no wpr-equal-height-no e-con e-child\" data-id=\"fb30709\" data-element_type=\"container\" data-e-type=\"container\" data-settings=\"{&quot;_ha_eqh_enable&quot;:false}\">\n\t\t\t\t<div class=\"elementor-element elementor-element-28bc846 elementor-position-top elementor-widget elementor-widget-image-box\" data-id=\"28bc846\" data-element_type=\"widget\" data-e-type=\"widget\" data-widget_type=\"image-box.default\">\n\t\t\t\t<div class=\"elementor-widget-container\">\n\t\t\t\t\t<div class=\"elementor-image-box-wrapper\"><figure class=\"elementor-image-box-img\"><img decoding=\"async\" width=\"322\" height=\"157\" src=\"https:\/\/www.cooperativasocialeatena.it\/wp-content\/uploads\/2023\/12\/download.jpg\" class=\"attachment-full size-full wp-image-447\" alt=\"\" srcset=\"https:\/\/www.cooperativasocialeatena.it\/wp-content\/uploads\/2023\/12\/download.jpg 322w, https:\/\/www.cooperativasocialeatena.it\/wp-content\/uploads\/2023\/12\/download-300x146.jpg 300w\" sizes=\"(max-width: 322px) 100vw, 322px\" \/><\/figure><div class=\"elementor-image-box-content\"><h3 class=\"elementor-image-box-title\">Eguaglianza:<\/h3><p class=\"elementor-image-box-description\">la pari dignit\u00e0 degli utenti trova il suo fondamento nell\u2019art.\u201d3\u201d della Costituzione Italiana. Questo significa che i servizi vanno resi alla cittadinanza secondo regole uguali per tutti, senza discriminazioni di sesso, razza, lingua, religione, opinioni politiche e di condizioni personali o sociali o altro ancora. Non solo, nell\u2019erogazione dei servizi al pubblico va salvaguardato nella sostanza il diritto alla uniformit\u00e0 alle prestazioni, commisurata alle esigenze degli utenti ed in particolare di quelli pi\u00f9 deboli. <\/p><\/div><\/div>\t\t\t\t<\/div>\n\t\t\t\t<\/div>\n\t\t\t\t<\/div>\n\t\t<div class=\"elementor-element elementor-element-0f1dfb2 e-con-full e-flex wpr-particle-no wpr-jarallax-no wpr-parallax-no wpr-sticky-section-no wpr-column-slider-no wpr-equal-height-no e-con e-child\" data-id=\"0f1dfb2\" data-element_type=\"container\" data-e-type=\"container\" data-settings=\"{&quot;_ha_eqh_enable&quot;:false}\">\n\t\t\t\t<div class=\"elementor-element elementor-element-bcebebd elementor-position-top elementor-widget elementor-widget-image-box\" data-id=\"bcebebd\" data-element_type=\"widget\" data-e-type=\"widget\" data-widget_type=\"image-box.default\">\n\t\t\t\t<div class=\"elementor-widget-container\">\n\t\t\t\t\t<div class=\"elementor-image-box-wrapper\"><figure class=\"elementor-image-box-img\"><img loading=\"lazy\" decoding=\"async\" width=\"322\" height=\"157\" src=\"https:\/\/www.cooperativasocialeatena.it\/wp-content\/uploads\/2023\/12\/team-386673-1280_ai1-e1701428241267.jpg\" class=\"attachment-full size-full wp-image-449\" alt=\"\" srcset=\"https:\/\/www.cooperativasocialeatena.it\/wp-content\/uploads\/2023\/12\/team-386673-1280_ai1-e1701428241267.jpg 322w, https:\/\/www.cooperativasocialeatena.it\/wp-content\/uploads\/2023\/12\/team-386673-1280_ai1-e1701428241267-300x146.jpg 300w\" sizes=\"(max-width: 322px) 100vw, 322px\" \/><\/figure><div class=\"elementor-image-box-content\"><h3 class=\"elementor-image-box-title\">Imparzialit\u00e0:<\/h3><p class=\"elementor-image-box-description\">gli operatori sono tenuti a tenere atteggiamenti di obiettivit\u00e0 e trattamenti uniformi nei confronti degli utenti. <\/p><\/div><\/div>\t\t\t\t<\/div>\n\t\t\t\t<\/div>\n\t\t\t\t<\/div>\n\t\t<div class=\"elementor-element elementor-element-deaac45 e-con-full e-flex wpr-particle-no wpr-jarallax-no wpr-parallax-no wpr-sticky-section-no wpr-column-slider-no wpr-equal-height-no e-con e-child\" data-id=\"deaac45\" data-element_type=\"container\" data-e-type=\"container\" data-settings=\"{&quot;_ha_eqh_enable&quot;:false}\">\n\t\t\t\t<div class=\"elementor-element elementor-element-4493723 elementor-position-top elementor-widget elementor-widget-image-box\" data-id=\"4493723\" data-element_type=\"widget\" data-e-type=\"widget\" data-widget_type=\"image-box.default\">\n\t\t\t\t<div class=\"elementor-widget-container\">\n\t\t\t\t\t<div class=\"elementor-image-box-wrapper\"><figure class=\"elementor-image-box-img\"><img loading=\"lazy\" decoding=\"async\" width=\"322\" height=\"152\" src=\"https:\/\/www.cooperativasocialeatena.it\/wp-content\/uploads\/2023\/12\/principi-di-continuita-e-resilienza-e1701428943304.jpg\" class=\"attachment-full size-full wp-image-453\" alt=\"\" srcset=\"https:\/\/www.cooperativasocialeatena.it\/wp-content\/uploads\/2023\/12\/principi-di-continuita-e-resilienza-e1701428943304.jpg 322w, https:\/\/www.cooperativasocialeatena.it\/wp-content\/uploads\/2023\/12\/principi-di-continuita-e-resilienza-e1701428943304-300x142.jpg 300w\" sizes=\"(max-width: 322px) 100vw, 322px\" \/><\/figure><div class=\"elementor-image-box-content\"><h3 class=\"elementor-image-box-title\">Continuit\u00e0: <\/h3><p class=\"elementor-image-box-description\">\u2019erogazione dei servizi deve essere regolare e continua. Eventuali interruzioni sono espressamente disciplinate dalla legge (come ad esempio la normativa sullo sciopero nei servizi pubblici essenziali) e rientrano negli aspetti organizzativi del servizio, ed in queste occasioni sono adottate misure volte ad arrecare agli utenti il minor disagio possibile. <\/p><\/div><\/div>\t\t\t\t<\/div>\n\t\t\t\t<\/div>\n\t\t\t\t<\/div>\n\t\t<div class=\"elementor-element elementor-element-5f1eea3 e-con-full e-flex wpr-particle-no wpr-jarallax-no wpr-parallax-no wpr-sticky-section-no wpr-column-slider-no wpr-equal-height-no e-con e-child\" data-id=\"5f1eea3\" data-element_type=\"container\" data-e-type=\"container\" data-settings=\"{&quot;_ha_eqh_enable&quot;:false}\">\n\t\t\t\t<div class=\"elementor-element elementor-element-2de4614 elementor-position-top elementor-widget elementor-widget-image-box\" data-id=\"2de4614\" data-element_type=\"widget\" data-e-type=\"widget\" data-widget_type=\"image-box.default\">\n\t\t\t\t<div class=\"elementor-widget-container\">\n\t\t\t\t\t<div class=\"elementor-image-box-wrapper\"><figure class=\"elementor-image-box-img\"><img loading=\"lazy\" decoding=\"async\" width=\"1600\" height=\"900\" src=\"https:\/\/www.cooperativasocialeatena.it\/wp-content\/uploads\/2023\/12\/liberta-si-scelta.jpeg\" class=\"attachment-full size-full wp-image-457\" alt=\"\" srcset=\"https:\/\/www.cooperativasocialeatena.it\/wp-content\/uploads\/2023\/12\/liberta-si-scelta.jpeg 1600w, https:\/\/www.cooperativasocialeatena.it\/wp-content\/uploads\/2023\/12\/liberta-si-scelta-300x169.jpeg 300w, https:\/\/www.cooperativasocialeatena.it\/wp-content\/uploads\/2023\/12\/liberta-si-scelta-1024x576.jpeg 1024w, https:\/\/www.cooperativasocialeatena.it\/wp-content\/uploads\/2023\/12\/liberta-si-scelta-768x432.jpeg 768w, https:\/\/www.cooperativasocialeatena.it\/wp-content\/uploads\/2023\/12\/liberta-si-scelta-1536x864.jpeg 1536w\" sizes=\"(max-width: 1600px) 100vw, 1600px\" \/><\/figure><div class=\"elementor-image-box-content\"><h3 class=\"elementor-image-box-title\">Diritto di scelta: <\/h3><p class=\"elementor-image-box-description\">\u00e8 una manifestazione del diritto pi\u00f9 ampio di libert\u00e0 personale, che in ambito assistenziale si traduce \u2013 ogniqualvolta \u00e8 consentito dalla legislazione vigente \u2013 nel diritto alla libera scelta della ditta accreditata a fornire a domicilio le prestazioni previste. <\/p><\/div><\/div>\t\t\t\t<\/div>\n\t\t\t\t<\/div>\n\t\t\t\t<\/div>\n\t\t<div class=\"elementor-element elementor-element-1c6e4b7 e-con-full e-flex wpr-particle-no wpr-jarallax-no wpr-parallax-no wpr-sticky-section-no wpr-column-slider-no wpr-equal-height-no e-con e-child\" data-id=\"1c6e4b7\" data-element_type=\"container\" data-e-type=\"container\" data-settings=\"{&quot;_ha_eqh_enable&quot;:false}\">\n\t\t\t\t<div class=\"elementor-element elementor-element-8016fcc elementor-position-top elementor-widget elementor-widget-image-box\" data-id=\"8016fcc\" data-element_type=\"widget\" data-e-type=\"widget\" data-widget_type=\"image-box.default\">\n\t\t\t\t<div class=\"elementor-widget-container\">\n\t\t\t\t\t<div class=\"elementor-image-box-wrapper\"><figure class=\"elementor-image-box-img\"><img loading=\"lazy\" decoding=\"async\" width=\"352\" height=\"152\" src=\"https:\/\/www.cooperativasocialeatena.it\/wp-content\/uploads\/2023\/12\/democrazia-e1701429333955.jpg\" class=\"attachment-full size-full wp-image-459\" alt=\"\" srcset=\"https:\/\/www.cooperativasocialeatena.it\/wp-content\/uploads\/2023\/12\/democrazia-e1701429333955.jpg 352w, https:\/\/www.cooperativasocialeatena.it\/wp-content\/uploads\/2023\/12\/democrazia-e1701429333955-300x130.jpg 300w\" sizes=\"(max-width: 352px) 100vw, 352px\" \/><\/figure><div class=\"elementor-image-box-content\"><h3 class=\"elementor-image-box-title\">Partecipazione:<\/h3><p class=\"elementor-image-box-description\">nell\u2019erogazione dei servizi sanitari ed assistenziali devono essere sempre garantiti il diritto alla corretta informazione, la possibilit\u00e0 di formulare suggerimenti per il miglioramento dei servizi, nonch\u00e8 la tutela dell\u2019utente nel caso di prestazioni tecnicamente o professionalmente inadeguate.<\/p><\/div><\/div>\t\t\t\t<\/div>\n\t\t\t\t<\/div>\n\t\t\t\t<\/div>\n\t\t<div class=\"elementor-element elementor-element-359521f e-con-full e-flex wpr-particle-no wpr-jarallax-no wpr-parallax-no wpr-sticky-section-no wpr-column-slider-no wpr-equal-height-no e-con e-child\" data-id=\"359521f\" data-element_type=\"container\" data-e-type=\"container\" data-settings=\"{&quot;_ha_eqh_enable&quot;:false}\">\n\t\t\t\t<div class=\"elementor-element elementor-element-84665bf elementor-position-top elementor-widget elementor-widget-image-box\" data-id=\"84665bf\" data-element_type=\"widget\" data-e-type=\"widget\" data-widget_type=\"image-box.default\">\n\t\t\t\t<div class=\"elementor-widget-container\">\n\t\t\t\t\t<div class=\"elementor-image-box-wrapper\"><figure class=\"elementor-image-box-img\"><img loading=\"lazy\" decoding=\"async\" width=\"1200\" height=\"630\" src=\"https:\/\/www.cooperativasocialeatena.it\/wp-content\/uploads\/2023\/12\/efficacia-efficienza-avvocato.png\" class=\"attachment-full size-full wp-image-463\" alt=\"\" srcset=\"https:\/\/www.cooperativasocialeatena.it\/wp-content\/uploads\/2023\/12\/efficacia-efficienza-avvocato.png 1200w, https:\/\/www.cooperativasocialeatena.it\/wp-content\/uploads\/2023\/12\/efficacia-efficienza-avvocato-300x158.png 300w, https:\/\/www.cooperativasocialeatena.it\/wp-content\/uploads\/2023\/12\/efficacia-efficienza-avvocato-1024x538.png 1024w, https:\/\/www.cooperativasocialeatena.it\/wp-content\/uploads\/2023\/12\/efficacia-efficienza-avvocato-768x403.png 768w\" sizes=\"(max-width: 1200px) 100vw, 1200px\" \/><\/figure><div class=\"elementor-image-box-content\"><h3 class=\"elementor-image-box-title\">Efficacia ed efficienza: <\/h3><p class=\"elementor-image-box-description\">sono le caratteristiche essenziali della prestazione cui tende la Cooperativa Sociale Atena e si esprimono nello sforzo costante di garantire una sempre maggiore qualit\u00e0 delle prestazioni rese e, pi\u00f9 in generale, delle azioni volte alla promozione della salute della comunit\u00e0, evitando nel contempo sprechi di risorsa di qualsiasi genere.<\/p><\/div><\/div>\t\t\t\t<\/div>\n\t\t\t\t<\/div>\n\t\t\t\t<\/div>\n\t\t\t\t\t<\/div>\n\t\t\t\t<\/div>\n\t\t<div class=\"elementor-element elementor-element-cfdd5db e-flex e-con-boxed wpr-particle-no wpr-jarallax-no wpr-parallax-no wpr-sticky-section-no wpr-column-slider-no wpr-equal-height-no e-con e-parent\" data-id=\"cfdd5db\" data-element_type=\"container\" data-e-type=\"container\" data-settings=\"{&quot;_ha_eqh_enable&quot;:false}\">\n\t\t\t\t\t<div class=\"e-con-inner\">\n\t\t\t\t<div class=\"elementor-element elementor-element-176bddb elementor-widget elementor-widget-menu-anchor\" data-id=\"176bddb\" data-element_type=\"widget\" data-e-type=\"widget\" data-widget_type=\"menu-anchor.default\">\n\t\t\t\t<div class=\"elementor-widget-container\">\n\t\t\t\t\t\t\t<div class=\"elementor-menu-anchor\" id=\"organizzazione\"><\/div>\n\t\t\t\t\t\t<\/div>\n\t\t\t\t<\/div>\n\t\t\t\t<div class=\"elementor-element elementor-element-35ac43a elementor-invisible elementor-widget elementor-widget-heading\" data-id=\"35ac43a\" data-element_type=\"widget\" data-e-type=\"widget\" data-settings=\"{&quot;_animation&quot;:&quot;fadeInUp&quot;}\" data-widget_type=\"heading.default\">\n\t\t\t\t<div class=\"elementor-widget-container\">\n\t\t\t\t\t<h2 class=\"elementor-heading-title elementor-size-default\">ORGANIZZAZIONE DELLA COOPERATIVA<\/h2>\t\t\t\t<\/div>\n\t\t\t\t<\/div>\n\t\t\t\t\t<\/div>\n\t\t\t\t<\/div>\n\t\t<div class=\"elementor-element elementor-element-28193c2 e-flex e-con-boxed wpr-particle-no wpr-jarallax-no wpr-parallax-no wpr-sticky-section-no wpr-column-slider-no wpr-equal-height-no e-con e-parent\" data-id=\"28193c2\" data-element_type=\"container\" data-e-type=\"container\" data-settings=\"{&quot;_ha_eqh_enable&quot;:false}\">\n\t\t\t\t\t<div class=\"e-con-inner\">\n\t\t<div class=\"elementor-element elementor-element-4af9da8 e-con-full e-flex wpr-particle-no wpr-jarallax-no wpr-parallax-no wpr-sticky-section-no wpr-column-slider-no wpr-equal-height-no e-con e-child\" data-id=\"4af9da8\" data-element_type=\"container\" data-e-type=\"container\" data-settings=\"{&quot;_ha_eqh_enable&quot;:false}\">\n\t\t\t\t<div class=\"elementor-element elementor-element-38ee55b elementor-invisible elementor-widget elementor-widget-image\" data-id=\"38ee55b\" data-element_type=\"widget\" data-e-type=\"widget\" data-settings=\"{&quot;_animation&quot;:&quot;fadeInLeft&quot;}\" data-widget_type=\"image.default\">\n\t\t\t\t<div class=\"elementor-widget-container\">\n\t\t\t\t\t\t\t\t\t\t\t\t\t\t\t<img loading=\"lazy\" decoding=\"async\" width=\"640\" height=\"452\" src=\"https:\/\/www.cooperativasocialeatena.it\/wp-content\/uploads\/2023\/12\/silhouettes-439150_640.jpg\" class=\"attachment-large size-large wp-image-472\" alt=\"\" srcset=\"https:\/\/www.cooperativasocialeatena.it\/wp-content\/uploads\/2023\/12\/silhouettes-439150_640.jpg 640w, https:\/\/www.cooperativasocialeatena.it\/wp-content\/uploads\/2023\/12\/silhouettes-439150_640-300x212.jpg 300w\" sizes=\"(max-width: 640px) 100vw, 640px\" \/>\t\t\t\t\t\t\t\t\t\t\t\t\t\t\t<\/div>\n\t\t\t\t<\/div>\n\t\t\t\t<\/div>\n\t\t<div class=\"elementor-element elementor-element-5b9e6c7 e-con-full e-flex wpr-particle-no wpr-jarallax-no wpr-parallax-no wpr-sticky-section-no wpr-column-slider-no wpr-equal-height-no e-con e-child\" data-id=\"5b9e6c7\" data-element_type=\"container\" data-e-type=\"container\" data-settings=\"{&quot;_ha_eqh_enable&quot;:false}\">\n\t\t\t\t<div class=\"elementor-element elementor-element-7c8e290 elementor-invisible elementor-widget elementor-widget-text-editor\" data-id=\"7c8e290\" data-element_type=\"widget\" data-e-type=\"widget\" data-settings=\"{&quot;_animation&quot;:&quot;fadeInRight&quot;}\" data-widget_type=\"text-editor.default\">\n\t\t\t\t<div class=\"elementor-widget-container\">\n\t\t\t\t\t\t\t\t\t<p>Gli organi della Cooperativa Atena sono l\u2019Assemblea dei soci, il Consiglio di Amministrazione, il Presidente del C.d.A.<br \/>L\u2019Assemblea \u00e8 organo sovrano dell\u2019organizzazione, si riunisce in seduta ordinaria almeno una volta l\u2019anno, per l\u2019approvazione del bilancio consuntivo. Le Riunioni dei Soci sono incontri preparatori ai momenti deliberativi veri e propri. Le riunioni dei soci rappresentano degli spazi di discussione e approfondimento.<br \/>Il Presidente ha la rappresentanza della Cooperativa Sociale Atena di fronte a terzi e in giudizio. Convoca e conduce le riunioni dell\u2019Assemblea dei soci e del Consiglio di Amministrazione. E\u2019 eletto dall\u2019Assemblea dei soci.<br \/>Il Consiglio di Amministrazione \u00e8 composto dal Presidente e Legale rappresentante, dal Vice Presidente da un consigliere eletti dall\u2019Assemblea dei soci. Ha il compito di tradurre in strategie operative la mission e il progetto dell\u2019organizzazione. Elabora le strategie da proporre all\u2019approvazione dell\u2019Assemblea, delibera su convenzioni con enti e associazioni, partecipazione a gare ed appalti, su ingressi e recessioni dei soci, ecc.<\/p>\t\t\t\t\t\t\t\t<\/div>\n\t\t\t\t<\/div>\n\t\t\t\t<\/div>\n\t\t\t\t\t<\/div>\n\t\t\t\t<\/div>\n\t\t<div class=\"elementor-element elementor-element-77122dc e-flex e-con-boxed wpr-particle-no wpr-jarallax-no wpr-parallax-no wpr-sticky-section-no wpr-column-slider-no wpr-equal-height-no e-con e-parent\" data-id=\"77122dc\" data-element_type=\"container\" data-e-type=\"container\" data-settings=\"{&quot;_ha_eqh_enable&quot;:false}\">\n\t\t\t\t\t<div class=\"e-con-inner\">\n\t\t\t\t<div class=\"elementor-element elementor-element-94a6d92 elementor-widget elementor-widget-text-editor\" data-id=\"94a6d92\" data-element_type=\"widget\" data-e-type=\"widget\" data-widget_type=\"text-editor.default\">\n\t\t\t\t<div class=\"elementor-widget-container\">\n\t\t\t\t\t\t\t\t\t<p>Tutti i soci della Cooperativa Sociale Atena rappresentano il cuore della Cooperativa. Alla formazione specialistica e alla necessaria esperienza con i destinatari dei servizi, affiancano passione, competenza e aggiornamento continuo.<br \/>Il personale impiegato, sia nell\u2019area amministrativa sia in quella progettuale, \u00e8 caratterizzato da elevate competenze professionali e personali tali da aver garantito fino ad oggi la gestione ottimale dei diversi servizi predisposti e, soprattutto, l\u2019offerta di servizio ad alto valore aggiunto.<br \/>L\u2019organizzazione dei servizi \u00e8 improntata a criteri di economicit\u00e0 di gestione, di responsabilit\u00e0, di efficacia, di efficienza e di trasparenza dell\u2019azione amministrativa.<\/p>\t\t\t\t\t\t\t\t<\/div>\n\t\t\t\t<\/div>\n\t\t\t\t\t<\/div>\n\t\t\t\t<\/div>\n\t\t<div class=\"elementor-element elementor-element-2a74c27 e-flex e-con-boxed wpr-particle-no wpr-jarallax-no wpr-parallax-no wpr-sticky-section-no wpr-column-slider-no wpr-equal-height-no e-con e-parent\" data-id=\"2a74c27\" data-element_type=\"container\" data-e-type=\"container\" data-settings=\"{&quot;_ha_eqh_enable&quot;:false}\">\n\t\t\t\t\t<div class=\"e-con-inner\">\n\t\t\t\t<div class=\"elementor-element elementor-element-aaf3c5c elementor-widget elementor-widget-menu-anchor\" data-id=\"aaf3c5c\" data-element_type=\"widget\" data-e-type=\"widget\" data-widget_type=\"menu-anchor.default\">\n\t\t\t\t<div class=\"elementor-widget-container\">\n\t\t\t\t\t\t\t<div class=\"elementor-menu-anchor\" id=\"qualita\"><\/div>\n\t\t\t\t\t\t<\/div>\n\t\t\t\t<\/div>\n\t\t\t\t<div class=\"elementor-element elementor-element-bc00c41 elementor-invisible elementor-widget elementor-widget-heading\" data-id=\"bc00c41\" data-element_type=\"widget\" data-e-type=\"widget\" data-settings=\"{&quot;_animation&quot;:&quot;fadeInDown&quot;}\" data-widget_type=\"heading.default\">\n\t\t\t\t<div class=\"elementor-widget-container\">\n\t\t\t\t\t<h2 class=\"elementor-heading-title elementor-size-default\">QUALIT\u00c0 E SICUREZZA<\/h2>\t\t\t\t<\/div>\n\t\t\t\t<\/div>\n\t\t\t\t\t<\/div>\n\t\t\t\t<\/div>\n\t\t<div class=\"elementor-element elementor-element-00f912f e-flex e-con-boxed wpr-particle-no wpr-jarallax-no wpr-parallax-no wpr-sticky-section-no wpr-column-slider-no wpr-equal-height-no e-con e-parent\" data-id=\"00f912f\" data-element_type=\"container\" data-e-type=\"container\" data-settings=\"{&quot;_ha_eqh_enable&quot;:false}\">\n\t\t\t\t\t<div class=\"e-con-inner\">\n\t\t<div class=\"elementor-element elementor-element-b291e0c e-con-full e-flex wpr-particle-no wpr-jarallax-no wpr-parallax-no wpr-sticky-section-no wpr-column-slider-no wpr-equal-height-no e-con e-child\" data-id=\"b291e0c\" data-element_type=\"container\" data-e-type=\"container\" data-settings=\"{&quot;_ha_eqh_enable&quot;:false}\">\n\t\t\t\t<div class=\"elementor-element elementor-element-0d4fd87 elementor-widget elementor-widget-text-editor\" data-id=\"0d4fd87\" data-element_type=\"widget\" data-e-type=\"widget\" data-widget_type=\"text-editor.default\">\n\t\t\t\t<div class=\"elementor-widget-container\">\n\t\t\t\t\t\t\t\t\t<h3>Suggerimenti e reclami<\/h3><p>Nel caso si vogliano fare delle segnalazioni o reclami sul funzionamento del servizio, i destinatari dell\u2019intervento e\/o i familiari possono rivolgersi al referenti della Cooperativa. I reclami o le segnalazioni possono essere verbali, telefonici o scritti, attraverso un apposito modulo.<\/p><p>La Cooperativa si impegna a rispondere al reclamo o alla segnalazione entro 30 giorni.<\/p><p>\u00a0<\/p>\t\t\t\t\t\t\t\t<\/div>\n\t\t\t\t<\/div>\n\t\t\t\t<\/div>\n\t\t<div class=\"elementor-element elementor-element-26dd712 e-con-full e-flex wpr-particle-no wpr-jarallax-no wpr-parallax-no wpr-sticky-section-no wpr-column-slider-no wpr-equal-height-no e-con e-child\" data-id=\"26dd712\" data-element_type=\"container\" data-e-type=\"container\" data-settings=\"{&quot;_ha_eqh_enable&quot;:false}\">\n\t\t\t\t<div class=\"elementor-element elementor-element-0ee5c57 elementor-widget elementor-widget-image\" data-id=\"0ee5c57\" data-element_type=\"widget\" data-e-type=\"widget\" data-widget_type=\"image.default\">\n\t\t\t\t<div class=\"elementor-widget-container\">\n\t\t\t\t\t\t\t\t\t\t\t\t\t\t\t<img loading=\"lazy\" decoding=\"async\" width=\"690\" height=\"414\" src=\"https:\/\/www.cooperativasocialeatena.it\/wp-content\/uploads\/2023\/12\/Modulo-suggerimenti-e-reclami_reference-1024x614.jpg\" class=\"attachment-large size-large wp-image-486\" alt=\"\" srcset=\"https:\/\/www.cooperativasocialeatena.it\/wp-content\/uploads\/2023\/12\/Modulo-suggerimenti-e-reclami_reference-1024x614.jpg 1024w, https:\/\/www.cooperativasocialeatena.it\/wp-content\/uploads\/2023\/12\/Modulo-suggerimenti-e-reclami_reference-300x180.jpg 300w, https:\/\/www.cooperativasocialeatena.it\/wp-content\/uploads\/2023\/12\/Modulo-suggerimenti-e-reclami_reference-768x461.jpg 768w, https:\/\/www.cooperativasocialeatena.it\/wp-content\/uploads\/2023\/12\/Modulo-suggerimenti-e-reclami_reference.jpg 1170w\" sizes=\"(max-width: 690px) 100vw, 690px\" \/>\t\t\t\t\t\t\t\t\t\t\t\t\t\t\t<\/div>\n\t\t\t\t<\/div>\n\t\t\t\t<\/div>\n\t\t<div class=\"elementor-element elementor-element-4204f9a e-con-full e-flex wpr-particle-no wpr-jarallax-no wpr-parallax-no wpr-sticky-section-no wpr-column-slider-no wpr-equal-height-no e-con e-child\" data-id=\"4204f9a\" data-element_type=\"container\" data-e-type=\"container\" data-settings=\"{&quot;_ha_eqh_enable&quot;:false}\">\n\t\t\t\t<div class=\"elementor-element elementor-element-9fb751c elementor-widget elementor-widget-image\" data-id=\"9fb751c\" data-element_type=\"widget\" data-e-type=\"widget\" data-widget_type=\"image.default\">\n\t\t\t\t<div class=\"elementor-widget-container\">\n\t\t\t\t\t\t\t\t\t\t\t\t\t\t\t<img loading=\"lazy\" decoding=\"async\" width=\"600\" height=\"446\" src=\"https:\/\/www.cooperativasocialeatena.it\/wp-content\/uploads\/2023\/12\/unnamed.png\" class=\"attachment-large size-large wp-image-487\" alt=\"\" srcset=\"https:\/\/www.cooperativasocialeatena.it\/wp-content\/uploads\/2023\/12\/unnamed.png 600w, https:\/\/www.cooperativasocialeatena.it\/wp-content\/uploads\/2023\/12\/unnamed-300x223.png 300w\" sizes=\"(max-width: 600px) 100vw, 600px\" \/>\t\t\t\t\t\t\t\t\t\t\t\t\t\t\t<\/div>\n\t\t\t\t<\/div>\n\t\t\t\t<\/div>\n\t\t<div class=\"elementor-element elementor-element-873ce3c e-con-full e-flex wpr-particle-no wpr-jarallax-no wpr-parallax-no wpr-sticky-section-no wpr-column-slider-no wpr-equal-height-no e-con e-child\" data-id=\"873ce3c\" data-element_type=\"container\" data-e-type=\"container\" data-settings=\"{&quot;_ha_eqh_enable&quot;:false}\">\n\t\t\t\t<div class=\"elementor-element elementor-element-52038be elementor-widget elementor-widget-text-editor\" data-id=\"52038be\" data-element_type=\"widget\" data-e-type=\"widget\" data-widget_type=\"text-editor.default\">\n\t\t\t\t<div class=\"elementor-widget-container\">\n\t\t\t\t\t\t\t\t\t<h3>Sicurezza<\/h3><p>Per gli operatori \u00e8 stato adottato integralmente quanto previsto dalla D. Lgs. 81\/2008 in materia di sicurezza. Tutti gli operatori sono forniti di materiale idoneo e di protezione previsto per la mansione ricoperta. Per ogni persona in carico al servizio e per le loro famiglie, viene garantito il rispetto della privacy (Regolamento GDPR 2016\/79). Tutti gli operatori hanno l\u2019obbligo del segreto professionale. Tutti gli operatori sono in possesso di qualifica specifica e usufruiscono di un piano formativo e di aggiornamento periodico, definito secondo priorit\u00e0 ed esigenze del servizio. Tutto il personale \u00e8 munito di tesserino di riconoscimento, indicante nome, cognome e ruolo ed \u00e8 tenuto all\u2019applicazione delle procedure e dei protocolli previsti.<\/p>\t\t\t\t\t\t\t\t<\/div>\n\t\t\t\t<\/div>\n\t\t\t\t<\/div>\n\t\t\t\t\t<\/div>\n\t\t\t\t<\/div>\n\t\t<div class=\"elementor-element elementor-element-c23e765 e-flex e-con-boxed wpr-particle-no wpr-jarallax-no wpr-parallax-no wpr-sticky-section-no wpr-column-slider-no wpr-equal-height-no e-con e-parent\" data-id=\"c23e765\" data-element_type=\"container\" data-e-type=\"container\" data-settings=\"{&quot;_ha_eqh_enable&quot;:false}\">\n\t\t\t\t\t<div class=\"e-con-inner\">\n\t\t\t\t<div class=\"elementor-element elementor-element-5a62353 elementor-widget elementor-widget-text-editor\" data-id=\"5a62353\" data-element_type=\"widget\" data-e-type=\"widget\" data-widget_type=\"text-editor.default\">\n\t\t\t\t<div class=\"elementor-widget-container\">\n\t\t\t\t\t\t\t\t\t<h3><strong>Soddisfazione<\/strong><\/h3><p>La Cooperativa verifica, periodicamente, il grado di soddisfazione dei destinatari dell\u2019intervento e\/o delle loro famiglie, con strumenti ritenuti idonei a tale scopo (questionari di soddisfazione, analisi verbale di equipe, colloqui ecc..). La Cooperativa verifica periodicamente il grado di soddisfazione dei committenti con strumenti ritenuti idonei a tale scopo (questionari di soddisfazione, verbali incontri, colloqui ecc..). Viene rilevata infine anche la soddisfazione degli operatori attraverso strumenti ritenuti idonei.<\/p>\t\t\t\t\t\t\t\t<\/div>\n\t\t\t\t<\/div>\n\t\t\t\t\t<\/div>\n\t\t\t\t<\/div>\n\t\t<div class=\"elementor-element elementor-element-dc1b33f e-flex e-con-boxed wpr-particle-no wpr-jarallax-no wpr-parallax-no wpr-sticky-section-no wpr-column-slider-no wpr-equal-height-no e-con e-parent\" data-id=\"dc1b33f\" data-element_type=\"container\" data-e-type=\"container\" data-settings=\"{&quot;_ha_eqh_enable&quot;:false}\">\n\t\t\t\t\t<div class=\"e-con-inner\">\n\t\t\t\t<div class=\"elementor-element elementor-element-48b7a33 elementor-widget elementor-widget-menu-anchor\" data-id=\"48b7a33\" data-element_type=\"widget\" data-e-type=\"widget\" data-widget_type=\"menu-anchor.default\">\n\t\t\t\t<div class=\"elementor-widget-container\">\n\t\t\t\t\t\t\t<div class=\"elementor-menu-anchor\" id=\"carta\"><\/div>\n\t\t\t\t\t\t<\/div>\n\t\t\t\t<\/div>\n\t\t\t\t\t<\/div>\n\t\t\t\t<\/div>\n\t\t<div class=\"elementor-element elementor-element-62fcbc0 e-flex e-con-boxed wpr-particle-no wpr-jarallax-no wpr-parallax-no wpr-sticky-section-no wpr-column-slider-no wpr-equal-height-no e-con e-parent\" data-id=\"62fcbc0\" data-element_type=\"container\" data-e-type=\"container\" data-settings=\"{&quot;_ha_eqh_enable&quot;:false}\">\n\t\t\t\t\t<div class=\"e-con-inner\">\n\t\t<div class=\"elementor-element elementor-element-586e7a3 e-con-full e-flex wpr-particle-no wpr-jarallax-no wpr-parallax-no wpr-sticky-section-no wpr-column-slider-no wpr-equal-height-no e-con e-child\" data-id=\"586e7a3\" data-element_type=\"container\" data-e-type=\"container\" data-settings=\"{&quot;_ha_eqh_enable&quot;:false}\">\n\t\t\t\t<div class=\"elementor-element elementor-element-054def7 elementor-widget elementor-widget-text-editor\" data-id=\"054def7\" data-element_type=\"widget\" data-e-type=\"widget\" data-widget_type=\"text-editor.default\">\n\t\t\t\t<div class=\"elementor-widget-container\">\n\t\t\t\t\t\t\t\t\t<h3>Carta dei servizi<\/h3><p>La carta dei servizi \u00e8 uno strumento di comunicazione e miglioramento della qualit\u00e0 del servizio: da un lato infatti garantisce ai destinatari trasparenza e chiarezza sui livelli di qualit\u00e0 che caratterizzano l\u2019assistenza domiciliare, dall\u2019altro costituisce un importante strumento di valutazione del servizio stesso. La cooperativa si impegna al rispetto delle indicazioni contenute nella carta stessa e alla sua applicazione. Periodicamente verr\u00e0 effettuata una verifica del rispetto degli standard espressi e valutata la presenza di eventuali scostamenti attraverso eventuali segnalazioni o reclami ricevuti, la soddisfazione di utenti, familiari ed operatori, nonch\u00e9 i colloqui di verifica con gli enti. La carta dei servizi, verr\u00e0 sottoposta ad una verifica periodica ed ha validit\u00e0 di 3 anni.<\/p>\t\t\t\t\t\t\t\t<\/div>\n\t\t\t\t<\/div>\n\t\t\t\t<\/div>\n\t\t<div class=\"elementor-element elementor-element-7cbd088 e-con-full e-flex wpr-particle-no wpr-jarallax-no wpr-parallax-no wpr-sticky-section-no wpr-column-slider-no wpr-equal-height-no e-con e-child\" data-id=\"7cbd088\" data-element_type=\"container\" data-e-type=\"container\" data-settings=\"{&quot;_ha_eqh_enable&quot;:false}\">\n\t\t\t\t<div class=\"elementor-element elementor-element-340dae9 elementor-widget elementor-widget-ha-pdf-view happy-addon ha-pdf-view\" data-id=\"340dae9\" data-element_type=\"widget\" data-e-type=\"widget\" data-widget_type=\"ha-pdf-view.default\">\n\t\t\t\t<div class=\"elementor-widget-container\">\n\t\t\t\t\t        <div class=\"pdf_viewer_container\">\n            <div class=\"pdf_viewer_options viewer-340dae9\" data-pdf-settings=\"{&quot;unique_id&quot;:&quot;viewer-340dae9&quot;,&quot;pdf_url&quot;:&quot;https:\\\/\\\/www.cooperativasocialeatena.it\\\/wp-content\\\/uploads\\\/2023\\\/12\\\/CARTA-DEI-SERVIZI-GENERALE-ATENA.pdf&quot;,&quot;file_type&quot;:&quot;upload_file&quot;,&quot;page_number&quot;:&quot;1&quot;,&quot;width&quot;:&quot;100%&quot;,&quot;height&quot;:&quot;600px&quot;}\">\n\t\t\t\t<span class=\"ha-title-flex\">\n\t\t\t\t\t<span class=\"pdf-icon\">\n\t\t\t\t\t\t<i aria-hidden=\"true\" class=\"fas fa-file-pdf\"><\/i>\t\t\t\t\t<\/span>\n\t\t\t\t\t<h2 class=\"ha-pdf-title\">Carta dei servizi<\/h2>\t\t\t\t<\/span>\n\t\t\t\t                <div class=\"pdf-button\">\n                <a href=\"https:\/\/www.cooperativasocialeatena.it\/wp-content\/uploads\/2023\/12\/CARTA-DEI-SERVIZI-GENERALE-ATENA.pdf\" class=\"ha-btn\" download title=\"Carta dei servizi\">Download<\/a>                <\/div>\n            <\/div>\n\n\t\t\t<div>\n\t\t\t\t<div id=\"viewer-340dae9\"><\/div>\n\t\t\t<\/div>\n\n        <\/div>\n        \t\t\t\t<\/div>\n\t\t\t\t<\/div>\n\t\t\t\t<\/div>\n\t\t\t\t\t<\/div>\n\t\t\t\t<\/div>\n\t\t<div class=\"elementor-element elementor-element-909059e e-flex e-con-boxed wpr-particle-no wpr-jarallax-no wpr-parallax-no wpr-sticky-section-no wpr-column-slider-no wpr-equal-height-no e-con e-parent\" data-id=\"909059e\" data-element_type=\"container\" data-e-type=\"container\" data-settings=\"{&quot;_ha_eqh_enable&quot;:false}\">\n\t\t\t\t\t<div class=\"e-con-inner\">\n\t\t<div class=\"elementor-element elementor-element-8c02080 e-flex e-con-boxed wpr-particle-no wpr-jarallax-no wpr-parallax-no wpr-sticky-section-no wpr-column-slider-no wpr-equal-height-no e-con e-child\" data-id=\"8c02080\" data-element_type=\"container\" data-e-type=\"container\" data-settings=\"{&quot;_ha_eqh_enable&quot;:false}\">\n\t\t\t\t\t<div class=\"e-con-inner\">\n\t\t\t\t<div class=\"elementor-element elementor-element-261ff56 pp-buttons-halign-center pp-buttons-valign-middle pp-buttons-stack-none elementor-widget elementor-widget-pp-buttons\" data-id=\"261ff56\" data-element_type=\"widget\" data-e-type=\"widget\" data-widget_type=\"pp-buttons.default\">\n\t\t\t\t<div class=\"elementor-widget-container\">\n\t\t\t\t\t\t\t<div class=\"pp-buttons-group\">\n\t\t\t\t\t\t\t\t\t\t\t<a href=\"#presentazione\" class=\"pp-button elementor-button elementor-size-xs elementor-repeater-item-6e4149f \" data-tooltip=\"{&quot;show_tooltip&quot;:&quot;yes&quot;,&quot;id&quot;:&quot;261ff56-6e4149f&quot;,&quot;position&quot;:&quot;top&quot;,&quot;position_mobile&quot;:&quot;top&quot;,&quot;position_tablet&quot;:&quot;top&quot;}\" data-tooltip-content=\"#pp-tooltip-content-261ff56-6e4149f\">\n\t\t\t\t\t<div class=\"pp-button-content-wrapper\">\n\t\t\t\t\t\t<span class=\"pp-button-content-inner pp-icon-before\">\n\t\t\t\t\t\t\t\t\t\t\t\t\t\t\t\t\t<span class=\"pp-button-icon pp-icon\">\n\t\t\t\t\t\t\t\t\t\t\t<i aria-hidden=\"true\" class=\"hm hm-tb-post-info\"><\/i>\t\t\t\t\t\t\t\t\t\t<\/span>\n\t\t\t\t\t\t\t\t\t\t\n\t\t\t\t\t\t\t\t<span class=\"pp-button-title\">\n\t\t\t\t\t\t\t\t\tPRESENTAZIONE\t\t\t\t\t\t\t\t<\/span>\n\t\t\t\t\t\t\t\t\t\t\t\t\t<\/span>\n\t\t\t\t\t<\/div>\n\t\t\t\t<\/a>\n\t\t\t\t\t\t\t\t\t<div class=\"pp-tooltip-container\">\n\t\t\t\t\t\t<div class=\"pp-tooltip-content pp-tooltip-content-261ff56\" id=\"pp-tooltip-content-261ff56-6e4149f\">\n\t\t\t\t\t\t\tPRESENTAZIONE E PRINCIPI FONDAMENTALI\t\t\t\t\t\t<\/div>\n\t\t\t\t\t<\/div>\n\t\t\t\t\t\t\t\t\t\t\t\t\t\t\t\t<a href=\"#realta\" class=\"pp-button elementor-button elementor-size-xs elementor-repeater-item-7d0832b \" data-tooltip=\"{&quot;show_tooltip&quot;:&quot;yes&quot;,&quot;id&quot;:&quot;261ff56-7d0832b&quot;,&quot;position&quot;:&quot;top&quot;,&quot;position_mobile&quot;:&quot;top&quot;,&quot;position_tablet&quot;:&quot;top&quot;}\" data-tooltip-content=\"#pp-tooltip-content-261ff56-7d0832b\">\n\t\t\t\t\t<div class=\"pp-button-content-wrapper\">\n\t\t\t\t\t\t<span class=\"pp-button-content-inner pp-icon-before\">\n\t\t\t\t\t\t\t\t\t\t\t\t\t\t\t\t\t<span class=\"pp-button-icon pp-icon\">\n\t\t\t\t\t\t\t\t\t\t\t<svg aria-hidden=\"true\" class=\"e-font-icon-svg e-far-heart\" viewBox=\"0 0 512 512\" xmlns=\"http:\/\/www.w3.org\/2000\/svg\"><path d=\"M458.4 64.3C400.6 15.7 311.3 23 256 79.3 200.7 23 111.4 15.6 53.6 64.3-21.6 127.6-10.6 230.8 43 285.5l175.4 178.7c10 10.2 23.4 15.9 37.6 15.9 14.3 0 27.6-5.6 37.6-15.8L469 285.6c53.5-54.7 64.7-157.9-10.6-221.3zm-23.6 187.5L259.4 430.5c-2.4 2.4-4.4 2.4-6.8 0L77.2 251.8c-36.5-37.2-43.9-107.6 7.3-150.7 38.9-32.7 98.9-27.8 136.5 10.5l35 35.7 35-35.7c37.8-38.5 97.8-43.2 136.5-10.6 51.1 43.1 43.5 113.9 7.3 150.8z\"><\/path><\/svg>\t\t\t\t\t\t\t\t\t\t<\/span>\n\t\t\t\t\t\t\t\t\t\t\n\t\t\t\t\t\t\t\t<span class=\"pp-button-title\">\n\t\t\t\t\t\t\t\t\tPRINCIPI\t\t\t\t\t\t\t\t<\/span>\n\t\t\t\t\t\t\t\t\t\t\t\t\t<\/span>\n\t\t\t\t\t<\/div>\n\t\t\t\t<\/a>\n\t\t\t\t\t\t\t\t\t<div class=\"pp-tooltip-container\">\n\t\t\t\t\t\t<div class=\"pp-tooltip-content pp-tooltip-content-261ff56\" id=\"pp-tooltip-content-261ff56-7d0832b\">\n\t\t\t\t\t\t\tREALTA\u2019 E IMPEGNI DELLA COOPERATIVA \t\t\t\t\t\t<\/div>\n\t\t\t\t\t<\/div>\n\t\t\t\t\t\t\t\t\t\t\t\t\t\t\t\t<a href=\"#organizzazione\" class=\"pp-button elementor-button elementor-size-xs elementor-repeater-item-f7fa669 \" data-tooltip=\"{&quot;show_tooltip&quot;:&quot;yes&quot;,&quot;id&quot;:&quot;261ff56-f7fa669&quot;,&quot;position&quot;:&quot;top&quot;,&quot;position_mobile&quot;:&quot;top&quot;,&quot;position_tablet&quot;:&quot;top&quot;}\" data-tooltip-content=\"#pp-tooltip-content-261ff56-f7fa669\">\n\t\t\t\t\t<div class=\"pp-button-content-wrapper\">\n\t\t\t\t\t\t<span class=\"pp-button-content-inner pp-icon-before\">\n\t\t\t\t\t\t\t\t\t\t\t\t\t\t\t\t\t<span class=\"pp-button-icon pp-icon\">\n\t\t\t\t\t\t\t\t\t\t\t<i aria-hidden=\"true\" class=\"hm hm-step-flow\"><\/i>\t\t\t\t\t\t\t\t\t\t<\/span>\n\t\t\t\t\t\t\t\t\t\t\n\t\t\t\t\t\t\t\t<span class=\"pp-button-title\">\n\t\t\t\t\t\t\t\t\tORGANIZZAZIONE\t\t\t\t\t\t\t\t<\/span>\n\t\t\t\t\t\t\t\t\t\t\t\t\t<\/span>\n\t\t\t\t\t<\/div>\n\t\t\t\t<\/a>\n\t\t\t\t\t\t\t\t\t<div class=\"pp-tooltip-container\">\n\t\t\t\t\t\t<div class=\"pp-tooltip-content pp-tooltip-content-261ff56\" id=\"pp-tooltip-content-261ff56-f7fa669\">\n\t\t\t\t\t\t\tORGANIZZAZIONE DELLA COOPERATIVA\t\t\t\t\t\t<\/div>\n\t\t\t\t\t<\/div>\n\t\t\t\t\t\t\t\t\t\t\t\t\t\t\t\t<a href=\"#qualita\" class=\"pp-button elementor-button elementor-size-xs elementor-repeater-item-f902b67 \" data-tooltip=\"{&quot;show_tooltip&quot;:&quot;yes&quot;,&quot;id&quot;:&quot;261ff56-f902b67&quot;,&quot;position&quot;:&quot;top&quot;,&quot;position_mobile&quot;:&quot;top&quot;,&quot;position_tablet&quot;:&quot;top&quot;}\" data-tooltip-content=\"#pp-tooltip-content-261ff56-f902b67\">\n\t\t\t\t\t<div class=\"pp-button-content-wrapper\">\n\t\t\t\t\t\t<span class=\"pp-button-content-inner pp-icon-before\">\n\t\t\t\t\t\t\t\t\t\t\t\t\t\t\t\t\t<span class=\"pp-button-icon pp-icon\">\n\t\t\t\t\t\t\t\t\t\t\t<svg aria-hidden=\"true\" class=\"e-font-icon-svg e-fas-check\" viewBox=\"0 0 512 512\" xmlns=\"http:\/\/www.w3.org\/2000\/svg\"><path d=\"M173.898 439.404l-166.4-166.4c-9.997-9.997-9.997-26.206 0-36.204l36.203-36.204c9.997-9.998 26.207-9.998 36.204 0L192 312.69 432.095 72.596c9.997-9.997 26.207-9.997 36.204 0l36.203 36.204c9.997 9.997 9.997 26.206 0 36.204l-294.4 294.401c-9.998 9.997-26.207 9.997-36.204-.001z\"><\/path><\/svg>\t\t\t\t\t\t\t\t\t\t<\/span>\n\t\t\t\t\t\t\t\t\t\t\n\t\t\t\t\t\t\t\t<span class=\"pp-button-title\">\n\t\t\t\t\t\t\t\t\tQUALIT\u00c0 E SICUREZZA\t\t\t\t\t\t\t\t<\/span>\n\t\t\t\t\t\t\t\t\t\t\t\t\t<\/span>\n\t\t\t\t\t<\/div>\n\t\t\t\t<\/a>\n\t\t\t\t\t\t\t\t\t<div class=\"pp-tooltip-container\">\n\t\t\t\t\t\t<div class=\"pp-tooltip-content pp-tooltip-content-261ff56\" id=\"pp-tooltip-content-261ff56-f902b67\">\n\t\t\t\t\t\t\tQUALIT\u00c0 E SICUREZZA\t\t\t\t\t\t<\/div>\n\t\t\t\t\t<\/div>\n\t\t\t\t\t\t\t\t\t\t\t\t\t\t\t\t<a href=\"#carta\" class=\"pp-button elementor-button elementor-size-xs elementor-repeater-item-139be31 \" data-tooltip=\"{&quot;show_tooltip&quot;:&quot;yes&quot;,&quot;id&quot;:&quot;261ff56-139be31&quot;,&quot;position&quot;:&quot;top&quot;,&quot;position_mobile&quot;:&quot;top&quot;,&quot;position_tablet&quot;:&quot;top&quot;}\" data-tooltip-content=\"#pp-tooltip-content-261ff56-139be31\">\n\t\t\t\t\t<div class=\"pp-button-content-wrapper\">\n\t\t\t\t\t\t<span class=\"pp-button-content-inner pp-icon-before\">\n\t\t\t\t\t\t\t\t\t\t\t\t\t\t\t\t\t<span class=\"pp-button-icon pp-icon\">\n\t\t\t\t\t\t\t\t\t\t\t<svg aria-hidden=\"true\" class=\"e-font-icon-svg e-far-file-pdf\" viewBox=\"0 0 384 512\" xmlns=\"http:\/\/www.w3.org\/2000\/svg\"><path d=\"M369.9 97.9L286 14C277 5 264.8-.1 252.1-.1H48C21.5 0 0 21.5 0 48v416c0 26.5 21.5 48 48 48h288c26.5 0 48-21.5 48-48V131.9c0-12.7-5.1-25-14.1-34zM332.1 128H256V51.9l76.1 76.1zM48 464V48h160v104c0 13.3 10.7 24 24 24h104v288H48zm250.2-143.7c-12.2-12-47-8.7-64.4-6.5-17.2-10.5-28.7-25-36.8-46.3 3.9-16.1 10.1-40.6 5.4-56-4.2-26.2-37.8-23.6-42.6-5.9-4.4 16.1-.4 38.5 7 67.1-10 23.9-24.9 56-35.4 74.4-20 10.3-47 26.2-51 46.2-3.3 15.8 26 55.2 76.1-31.2 22.4-7.4 46.8-16.5 68.4-20.1 18.9 10.2 41 17 55.8 17 25.5 0 28-28.2 17.5-38.7zm-198.1 77.8c5.1-13.7 24.5-29.5 30.4-35-19 30.3-30.4 35.7-30.4 35zm81.6-190.6c7.4 0 6.7 32.1 1.8 40.8-4.4-13.9-4.3-40.8-1.8-40.8zm-24.4 136.6c9.7-16.9 18-37 24.7-54.7 8.3 15.1 18.9 27.2 30.1 35.5-20.8 4.3-38.9 13.1-54.8 19.2zm131.6-5s-5 6-37.3-7.8c35.1-2.6 40.9 5.4 37.3 7.8z\"><\/path><\/svg>\t\t\t\t\t\t\t\t\t\t<\/span>\n\t\t\t\t\t\t\t\t\t\t\n\t\t\t\t\t\t\t\t<span class=\"pp-button-title\">\n\t\t\t\t\t\t\t\t\tCARTA DEI SERVIZI\t\t\t\t\t\t\t\t<\/span>\n\t\t\t\t\t\t\t\t\t\t\t\t\t<\/span>\n\t\t\t\t\t<\/div>\n\t\t\t\t<\/a>\n\t\t\t\t\t\t\t\t\t<div class=\"pp-tooltip-container\">\n\t\t\t\t\t\t<div class=\"pp-tooltip-content pp-tooltip-content-261ff56\" id=\"pp-tooltip-content-261ff56-139be31\">\n\t\t\t\t\t\t\tCarta dei servizi\t\t\t\t\t\t<\/div>\n\t\t\t\t\t<\/div>\n\t\t\t\t\t\t\t\t\t\t<\/div>\t\t\t\t<\/div>\n\t\t\t\t<\/div>\n\t\t\t\t\t<\/div>\n\t\t\t\t<\/div>\n\t\t\t\t\t<\/div>\n\t\t\t\t<\/div>\n\t\t\t\t<\/div>\n\t\t","protected":false},"excerpt":{"rendered":"<p>PRESENTAZIONE PRESENTAZIONE E PRINCIPI FONDAMENTALI PRINCIPI REALTA\u2019 E IMPEGNI DELLA COOPERATIVA ORGANIZZAZIONE ORGANIZZAZIONE DELLA COOPERATIVA QUALIT\u00c0 E SICUREZZA QUALIT\u00c0 E SICUREZZA CARTA DEI SERVIZI Carta dei servizi PRESENTAZIONE E PRINCIPI FONDAMENTALI La Cooperativa Sociale Atena, nata nel 2017, intende perseguire esclusivamente finalit\u00e0 di solidariet\u00e0 sociale, facendosi specifico divieto di svolgere attivit\u00e0 diverse da quelle indicate nella lett. a) dell\u2019art. 10 del D.Lgs 460\/97, ad eccezione di quelle ad esse direttamente connesse ovvero accessorie. Scopo della Cooperativa \u00e8 lo svolgimento di attivit\u00e0 di assistenza sociale, sociosanitaria e sanitaria nei confronti di persone svantaggiate in ragione di condizioni fisiche, psichiche, economiche, sociali o familiari. In particolare La Cooperativa Sociale Atena intende: elaborare e realizzare progetti di prevenzione e di sostegno nell\u2019ambito del disagio giovanile;\u00a0 promuovere attivit\u00e0 educative nei vari contesti sociali dove i ragazzi vivono, promuovere ed effettuare concrete iniziative rivolte a situazioni di particolare rischio e disagio giovanile;\u00a0 Effettuare interventi rivolti a prevenire e contrastare la dispersione scolastica;\u00a0 creare uno spazio di ascolto per le famiglie in difficolt\u00e0;\u00a0 Effettuare interventi diretto al sostegno dei disabili, dei minori diversamente abili e degli anziani non autosufficienti;\u00a0 Sostegno operativo per le famiglie di persone anziane non autosufficiente, in caso di temporaneo impedimento per gli stessi all&#8217;assistenza;\u00a0\u00a0 Realizzare l\u2019assistenza agli anziani non autosufficienti nelle diverse forme richieste dai bisogni collegati alla loro condizione (solitudine, disagio, indigenza).\u00a0 Realizzare attivit\u00e0 di Segretariato Sociale, il quale rientra tra i livelli essenziali e prioritari di assistenza sociale, in quanto \u00e8 un servizio trasversale che facilita e\/o sostiene il raccordo organizzativo gli interventi e dei servizi sociali e sociosanitari.\u00a0\u00a0 Effettuare attivit\u00e0 ricadenti nei Servizi Sociali Professionali favorendo il funzionamento della rete dei servizi integrati, in un\u2019ottica di avvicinamento, trasparenza e fiducia nei rapporti tra il cittadino e i servizi.\u00a0 Effettuare attivit\u00e0 di volontariato, in quanto il principio su cui si basa la fondazione della Cooperativa Atena, \u00e8 tra gli altri la volont\u00e0 di perseguire attivit\u00e0 di solidariet\u00e0 e di giustizia sociale, rendendo disponibile la propria professionalit\u00e0, passione civile ed educativa alle persone in difficolt\u00e0, disagiate e\/o discriminate.\u00a0 La promozione dei diritti e della dignit\u00e0 delle persone, la partecipazione e la cittadinanza attiva, la legalit\u00e0 e la giustizia sociale sono i principi che hanno ispirato l\u2019istituzione di questa nuova entit\u00e0, in un&#8217;ottica di accoglienza, trasparenza, ascolto e solidariet\u00e0. Infatti a partire dall&#8217;analisi dei bisogni, Atena intende costruire progetti e servizi rivolti a minori, giovani, adulti, famiglie, comunit\u00e0, coinvolgendo attivamente i destinatari e favorendone lo sviluppo delle competenze e l&#8217;autodeterminazione, per la promozione del benessere individuale e collettivo. Nello specifico Atena intende realizzare servizi socio-educativi e assistenziali territoriali e domiciliari, progetti giovani (centri di aggregazione, animazione di strada), servizi di doposcuola, servizi di supporto alle donne in difficolt\u00e0, percorsi di peer education e di prevenzione nelle scuole medie e superiori, laboratori scolastici ed extrascolastici, centri estivi, percorsi di formazione, borse lavoro giovani, laboratori rivolti a giovani e adulti sui temi della legalit\u00e0, del lavoro, dell&#8217;animazione e del volontariato.\u00a0 Atena vuole essere una cooperativa che, sulla base dei principi e valori che l&#8217;hanno ispirata, vuole farsi portavoce della difesa dei diritti delle persone pi\u00f9 fragili contribuendo alla definizione delle politiche sociali dei territori.\u00a0 Vuole essere una realt\u00e0 in movimento capace di\u202fleggere i nuovi bisogni\u202fdelle persone attualizzando le risposte alle situazioni di disagio,\u202fsperimentando\u202fnuovi settori o servizi, operando per il miglioramento della vita sociale nelle comunit\u00e0 territoriali impegnandosi a proporre\u202fmodelli d&#8217;intervento innovativi\u202fche promuovano l&#8217;autonomia, l&#8217;autodeterminazione delle persone, dei gruppi, delle comunit\u00e0 in un&#8217;ottica di inclusione sociale.\u00a0 Atena ha quale obiettivo la difesa del\u202fwelfare dei diritti\u202fe vuole essere riconosciuta come soggetto che offre servizi di qualit\u00e0, come un punto di riferimento culturale nel sociale, luogo di azione e pensiero, che mantiene alto il valore della riflessione e della formazione permanente.\u00a0 Atena desidera contraddistinguersi per l&#8217;attenzione e il rispetto delle condizioni dei lavoratori e il loro benessere all&#8217;interno dell&#8217;organizzazione, l&#8217;aumento della\u202fpartecipazione\u202fe dell&#8217;appartenenza\u202fdella base sociale alla vita della cooperativa. Un&#8217;impresa sociale che propone un modello organizzativo innovativo che favorisce la responsabilizzazione e l&#8217;autoimpreditorialit\u00e0 di ciascuno.\u00a0 REALTA\u2019 E IMPEGNI DELLA COOPERATIVA Principi Fondamentali I servizi che la Cooperativa Sociale Atena fornisce ai propri utenti si ispirano ai seguenti principi fondamentali: Eguaglianza: la pari dignit\u00e0 degli utenti trova il suo fondamento nell\u2019art.\u201d3\u201d della Costituzione Italiana. Questo significa che i servizi vanno resi alla cittadinanza secondo regole uguali per tutti, senza discriminazioni di sesso, razza, lingua, religione, opinioni politiche e di condizioni personali o sociali o altro ancora. Non solo, nell\u2019erogazione dei servizi al pubblico va salvaguardato nella sostanza il diritto alla uniformit\u00e0 alle prestazioni, commisurata alle esigenze degli utenti ed in particolare di quelli pi\u00f9 deboli. Imparzialit\u00e0: gli operatori sono tenuti a tenere atteggiamenti di obiettivit\u00e0 e trattamenti uniformi nei confronti degli utenti. Continuit\u00e0: \u2019erogazione dei servizi deve essere regolare e continua. Eventuali interruzioni sono espressamente disciplinate dalla legge (come ad esempio la normativa sullo sciopero nei servizi pubblici essenziali) e rientrano negli aspetti organizzativi del servizio, ed in queste occasioni sono adottate misure volte ad arrecare agli utenti il minor disagio possibile. Diritto di scelta: \u00e8 una manifestazione del diritto pi\u00f9 ampio di libert\u00e0 personale, che in ambito assistenziale si traduce \u2013 ogniqualvolta \u00e8 consentito dalla legislazione vigente \u2013 nel diritto alla libera scelta della ditta accreditata a fornire a domicilio le prestazioni previste. Partecipazione: nell\u2019erogazione dei servizi sanitari ed assistenziali devono essere sempre garantiti il diritto alla corretta informazione, la possibilit\u00e0 di formulare suggerimenti per il miglioramento dei servizi, nonch\u00e8 la tutela dell\u2019utente nel caso di prestazioni tecnicamente o professionalmente inadeguate. Efficacia ed efficienza: sono le caratteristiche essenziali della prestazione cui tende la Cooperativa Sociale Atena e si esprimono nello sforzo costante di garantire una sempre maggiore qualit\u00e0 delle prestazioni rese e, pi\u00f9 in generale, delle azioni volte alla promozione della salute della comunit\u00e0, evitando nel contempo sprechi di risorsa di qualsiasi genere. ORGANIZZAZIONE DELLA COOPERATIVA Gli organi della Cooperativa Atena sono l\u2019Assemblea dei soci, il Consiglio di Amministrazione, il Presidente del C.d.A.L\u2019Assemblea \u00e8 organo sovrano dell\u2019organizzazione, si riunisce in seduta ordinaria almeno una volta l\u2019anno, per l\u2019approvazione del bilancio consuntivo. Le Riunioni dei Soci sono incontri<br \/><a class=\"moretag\" href=\"https:\/\/www.cooperativasocialeatena.it\/index.php\/chi-siamo\/\">+ Read More<\/a><\/p>\n","protected":false},"author":1,"featured_media":0,"parent":0,"menu_order":1,"comment_status":"closed","ping_status":"closed","template":"templates\/elementor.php","meta":{"footnotes":""},"class_list":["post-303","page","type-page","status-publish","hentry"],"jetpack-related-posts":[],"jetpack_sharing_enabled":true,"_links":{"self":[{"href":"https:\/\/www.cooperativasocialeatena.it\/index.php\/wp-json\/wp\/v2\/pages\/303","targetHints":{"allow":["GET"]}}],"collection":[{"href":"https:\/\/www.cooperativasocialeatena.it\/index.php\/wp-json\/wp\/v2\/pages"}],"about":[{"href":"https:\/\/www.cooperativasocialeatena.it\/index.php\/wp-json\/wp\/v2\/types\/page"}],"author":[{"embeddable":true,"href":"https:\/\/www.cooperativasocialeatena.it\/index.php\/wp-json\/wp\/v2\/users\/1"}],"replies":[{"embeddable":true,"href":"https:\/\/www.cooperativasocialeatena.it\/index.php\/wp-json\/wp\/v2\/comments?post=303"}],"version-history":[{"count":137,"href":"https:\/\/www.cooperativasocialeatena.it\/index.php\/wp-json\/wp\/v2\/pages\/303\/revisions"}],"predecessor-version":[{"id":538,"href":"https:\/\/www.cooperativasocialeatena.it\/index.php\/wp-json\/wp\/v2\/pages\/303\/revisions\/538"}],"wp:attachment":[{"href":"https:\/\/www.cooperativasocialeatena.it\/index.php\/wp-json\/wp\/v2\/media?parent=303"}],"curies":[{"name":"wp","href":"https:\/\/api.w.org\/{rel}","templated":true}]}}