{"id":539,"date":"2023-12-01T13:50:05","date_gmt":"2023-12-01T13:50:05","guid":{"rendered":"https:\/\/www.cooperativasocialeatena.it\/?page_id=539"},"modified":"2023-12-06T15:59:08","modified_gmt":"2023-12-06T15:59:08","slug":"area-anziani","status":"publish","type":"page","link":"https:\/\/www.cooperativasocialeatena.it\/index.php\/servizi\/area-anziani\/","title":{"rendered":"AREA ANZIANI"},"content":{"rendered":"\t\t<div data-elementor-type=\"wp-page\" data-elementor-id=\"539\" class=\"elementor elementor-539\" data-elementor-settings=\"{&quot;ha_cmc_init_switcher&quot;:&quot;no&quot;}\">\n\t\t\t\t<div class=\"elementor-element elementor-element-046d648 e-con-full e-flex wpr-particle-no wpr-jarallax-no wpr-parallax-no wpr-sticky-section-no wpr-column-slider-no wpr-equal-height-no e-con e-parent\" data-id=\"046d648\" data-element_type=\"container\" data-e-type=\"container\" data-settings=\"{&quot;background_background&quot;:&quot;classic&quot;,&quot;_ha_eqh_enable&quot;:false}\">\n\t\t\t\t<\/div>\n\t\t<div class=\"elementor-element elementor-element-b209957 e-con-full e-flex wpr-particle-no wpr-jarallax-no wpr-parallax-no wpr-sticky-section-no wpr-column-slider-no wpr-equal-height-no e-con e-parent\" data-id=\"b209957\" data-element_type=\"container\" data-e-type=\"container\" data-settings=\"{&quot;_ha_eqh_enable&quot;:false}\">\n\t\t\t\t<div class=\"elementor-element elementor-element-5140a0b elementor-invisible elementor-widget elementor-widget-heading\" data-id=\"5140a0b\" data-element_type=\"widget\" data-e-type=\"widget\" data-settings=\"{&quot;_animation&quot;:&quot;fadeIn&quot;}\" data-widget_type=\"heading.default\">\n\t\t\t\t<div class=\"elementor-widget-container\">\n\t\t\t\t\t<h1 class=\"elementor-heading-title elementor-size-xxl\">Area Anziani<\/h1>\t\t\t\t<\/div>\n\t\t\t\t<\/div>\n\t\t\t\t<\/div>\n\t\t<div class=\"elementor-element elementor-element-9256bac e-con-full e-flex wpr-particle-no wpr-jarallax-no wpr-parallax-no wpr-sticky-section-no wpr-column-slider-no wpr-equal-height-no e-con e-parent\" data-id=\"9256bac\" data-element_type=\"container\" data-e-type=\"container\" data-settings=\"{&quot;background_background&quot;:&quot;classic&quot;,&quot;_ha_eqh_enable&quot;:false}\">\n\t\t\t\t<\/div>\n\t\t\t\t<section class=\"elementor-section elementor-top-section elementor-element elementor-element-c180b64 elementor-section-full_width elementor-section-height-default elementor-section-height-default wpr-particle-no wpr-jarallax-no wpr-parallax-no wpr-sticky-section-no wpr-column-slider-no wpr-equal-height-no elementor-invisible\" data-id=\"c180b64\" data-element_type=\"section\" data-e-type=\"section\" data-settings=\"{&quot;animation&quot;:&quot;fadeInLeft&quot;,&quot;_ha_eqh_enable&quot;:false}\">\n\t\t\t\t\t\t<div class=\"elementor-container elementor-column-gap-default\">\n\t\t\t\t\t<div class=\"elementor-column elementor-col-100 elementor-top-column elementor-element elementor-element-1facd15\" data-id=\"1facd15\" data-element_type=\"column\" data-e-type=\"column\">\n\t\t\t<div class=\"elementor-widget-wrap elementor-element-populated\">\n\t\t\t\t\t\t<section class=\"elementor-section elementor-inner-section elementor-element elementor-element-46158b3 donate-seators animated-slow elementor-section-boxed elementor-section-height-default elementor-section-height-default wpr-particle-no wpr-jarallax-no wpr-parallax-no wpr-sticky-section-no wpr-column-slider-no wpr-equal-height-no elementor-invisible\" data-id=\"46158b3\" data-element_type=\"section\" data-e-type=\"section\" data-settings=\"{&quot;animation&quot;:&quot;zoomIn&quot;,&quot;_ha_eqh_enable&quot;:false}\">\n\t\t\t\t\t\t<div class=\"elementor-container elementor-column-gap-default\">\n\t\t\t\t\t<div class=\"elementor-column elementor-col-20 elementor-inner-column elementor-element elementor-element-2045493\" data-id=\"2045493\" data-element_type=\"column\" data-e-type=\"column\">\n\t\t\t<div class=\"elementor-widget-wrap elementor-element-populated\">\n\t\t\t\t\t\t<div class=\"elementor-element elementor-element-8f4e5dd elementor-position-top ha-has-bg-overlay elementor-widget elementor-widget-image-box\" data-id=\"8f4e5dd\" data-element_type=\"widget\" data-e-type=\"widget\" data-widget_type=\"image-box.default\">\n\t\t\t\t<div class=\"elementor-widget-container\">\n\t\t\t\t\t<div class=\"elementor-image-box-wrapper\"><figure class=\"elementor-image-box-img\"><a href=\"#adomiciliare\" tabindex=\"-1\"><img fetchpriority=\"high\" decoding=\"async\" width=\"1000\" height=\"667\" src=\"https:\/\/www.cooperativasocialeatena.it\/wp-content\/uploads\/2023\/12\/Assistenza-domiciliare-peranziani.jpg\" class=\"attachment-full size-full wp-image-716\" alt=\"\" srcset=\"https:\/\/www.cooperativasocialeatena.it\/wp-content\/uploads\/2023\/12\/Assistenza-domiciliare-peranziani.jpg 1000w, https:\/\/www.cooperativasocialeatena.it\/wp-content\/uploads\/2023\/12\/Assistenza-domiciliare-peranziani-300x200.jpg 300w, https:\/\/www.cooperativasocialeatena.it\/wp-content\/uploads\/2023\/12\/Assistenza-domiciliare-peranziani-768x512.jpg 768w\" sizes=\"(max-width: 1000px) 100vw, 1000px\" \/><\/a><\/figure><div class=\"elementor-image-box-content\"><h3 class=\"elementor-image-box-title\"><a href=\"#adomiciliare\">Assistenza Domiciliare agli Anziani<\/a><\/h3><\/div><\/div>\t\t\t\t<\/div>\n\t\t\t\t<\/div>\n\t\t\t\t\t<\/div>\n\t\t<\/div>\n\t\t\t\t<div class=\"elementor-column elementor-col-20 elementor-inner-column elementor-element elementor-element-f97186a\" data-id=\"f97186a\" data-element_type=\"column\" data-e-type=\"column\">\n\t\t\t<div class=\"elementor-widget-wrap elementor-element-populated\">\n\t\t\t\t\t\t<div class=\"elementor-element elementor-element-5175ee4 elementor-position-top ha-has-bg-overlay elementor-widget elementor-widget-image-box\" data-id=\"5175ee4\" data-element_type=\"widget\" data-e-type=\"widget\" data-widget_type=\"image-box.default\">\n\t\t\t\t<div class=\"elementor-widget-container\">\n\t\t\t\t\t<div class=\"elementor-image-box-wrapper\"><figure class=\"elementor-image-box-img\"><a href=\"#cdiurni\" tabindex=\"-1\"><img decoding=\"async\" width=\"730\" height=\"486\" src=\"https:\/\/www.cooperativasocialeatena.it\/wp-content\/uploads\/2023\/12\/cdiurni.jpg\" class=\"attachment-full size-full wp-image-729\" alt=\"\" srcset=\"https:\/\/www.cooperativasocialeatena.it\/wp-content\/uploads\/2023\/12\/cdiurni.jpg 730w, https:\/\/www.cooperativasocialeatena.it\/wp-content\/uploads\/2023\/12\/cdiurni-300x200.jpg 300w\" sizes=\"(max-width: 730px) 100vw, 730px\" \/><\/a><\/figure><div class=\"elementor-image-box-content\"><h3 class=\"elementor-image-box-title\"><a href=\"#cdiurni\">Inserimento in Centri Diurni<\/a><\/h3><\/div><\/div>\t\t\t\t<\/div>\n\t\t\t\t<\/div>\n\t\t\t\t\t<\/div>\n\t\t<\/div>\n\t\t\t\t<div class=\"elementor-column elementor-col-20 elementor-inner-column elementor-element elementor-element-4c48b7c\" data-id=\"4c48b7c\" data-element_type=\"column\" data-e-type=\"column\">\n\t\t\t<div class=\"elementor-widget-wrap elementor-element-populated\">\n\t\t\t\t\t\t<div class=\"elementor-element elementor-element-045f463 elementor-position-top ha-has-bg-overlay elementor-widget elementor-widget-image-box\" data-id=\"045f463\" data-element_type=\"widget\" data-e-type=\"widget\" data-widget_type=\"image-box.default\">\n\t\t\t\t<div class=\"elementor-widget-container\">\n\t\t\t\t\t<div class=\"elementor-image-box-wrapper\"><figure class=\"elementor-image-box-img\"><a href=\"#sresidenziali\" tabindex=\"-1\"><img decoding=\"async\" width=\"1920\" height=\"1280\" src=\"https:\/\/www.cooperativasocialeatena.it\/wp-content\/uploads\/2023\/12\/strutture-residenziali.jpeg\" class=\"attachment-full size-full wp-image-740\" alt=\"\" srcset=\"https:\/\/www.cooperativasocialeatena.it\/wp-content\/uploads\/2023\/12\/strutture-residenziali.jpeg 1920w, https:\/\/www.cooperativasocialeatena.it\/wp-content\/uploads\/2023\/12\/strutture-residenziali-300x200.jpeg 300w, https:\/\/www.cooperativasocialeatena.it\/wp-content\/uploads\/2023\/12\/strutture-residenziali-1024x683.jpeg 1024w, https:\/\/www.cooperativasocialeatena.it\/wp-content\/uploads\/2023\/12\/strutture-residenziali-768x512.jpeg 768w, https:\/\/www.cooperativasocialeatena.it\/wp-content\/uploads\/2023\/12\/strutture-residenziali-1536x1024.jpeg 1536w\" sizes=\"(max-width: 1920px) 100vw, 1920px\" \/><\/a><\/figure><div class=\"elementor-image-box-content\"><h3 class=\"elementor-image-box-title\"><a href=\"#sresidenziali\">Inserimento in strutture residenziali<\/a><\/h3><\/div><\/div>\t\t\t\t<\/div>\n\t\t\t\t<\/div>\n\t\t\t\t\t<\/div>\n\t\t<\/div>\n\t\t\t\t<div class=\"elementor-column elementor-col-20 elementor-inner-column elementor-element elementor-element-c58d9b1\" data-id=\"c58d9b1\" data-element_type=\"column\" data-e-type=\"column\">\n\t\t\t<div class=\"elementor-widget-wrap elementor-element-populated\">\n\t\t\t\t\t\t<div class=\"elementor-element elementor-element-58516d3 elementor-position-top ha-has-bg-overlay elementor-widget elementor-widget-image-box\" data-id=\"58516d3\" data-element_type=\"widget\" data-e-type=\"widget\" data-widget_type=\"image-box.default\">\n\t\t\t\t<div class=\"elementor-widget-container\">\n\t\t\t\t\t<div class=\"elementor-image-box-wrapper\"><figure class=\"elementor-image-box-img\"><a href=\"#adi\" tabindex=\"-1\"><img loading=\"lazy\" decoding=\"async\" width=\"2046\" height=\"1364\" src=\"https:\/\/www.cooperativasocialeatena.it\/wp-content\/uploads\/2023\/12\/ADI.jpg\" class=\"attachment-full size-full wp-image-733\" alt=\"\" srcset=\"https:\/\/www.cooperativasocialeatena.it\/wp-content\/uploads\/2023\/12\/ADI.jpg 2046w, https:\/\/www.cooperativasocialeatena.it\/wp-content\/uploads\/2023\/12\/ADI-300x200.jpg 300w, https:\/\/www.cooperativasocialeatena.it\/wp-content\/uploads\/2023\/12\/ADI-1024x683.jpg 1024w, https:\/\/www.cooperativasocialeatena.it\/wp-content\/uploads\/2023\/12\/ADI-768x512.jpg 768w, https:\/\/www.cooperativasocialeatena.it\/wp-content\/uploads\/2023\/12\/ADI-1536x1024.jpg 1536w\" sizes=\"(max-width: 2046px) 100vw, 2046px\" \/><\/a><\/figure><div class=\"elementor-image-box-content\"><h3 class=\"elementor-image-box-title\"><a href=\"#adi\">Assistenza domiciliare socio-assistenziale integrata con servizi sanitari (ADI)<\/a><\/h3><\/div><\/div>\t\t\t\t<\/div>\n\t\t\t\t<\/div>\n\t\t\t\t\t<\/div>\n\t\t<\/div>\n\t\t\t\t<div class=\"elementor-column elementor-col-20 elementor-inner-column elementor-element elementor-element-2288f13\" data-id=\"2288f13\" data-element_type=\"column\" data-e-type=\"column\">\n\t\t\t<div class=\"elementor-widget-wrap elementor-element-populated\">\n\t\t\t\t\t\t<div class=\"elementor-element elementor-element-5726f39 elementor-position-top ha-has-bg-overlay elementor-widget elementor-widget-image-box\" data-id=\"5726f39\" data-element_type=\"widget\" data-e-type=\"widget\" data-widget_type=\"image-box.default\">\n\t\t\t\t<div class=\"elementor-widget-container\">\n\t\t\t\t\t<div class=\"elementor-image-box-wrapper\"><figure class=\"elementor-image-box-img\"><a href=\"#ads\" tabindex=\"-1\"><img loading=\"lazy\" decoding=\"async\" width=\"1024\" height=\"683\" src=\"https:\/\/www.cooperativasocialeatena.it\/wp-content\/uploads\/2023\/12\/shutterstock_1910306026-1-1024x683-1.jpg\" class=\"attachment-full size-full wp-image-744\" alt=\"\" srcset=\"https:\/\/www.cooperativasocialeatena.it\/wp-content\/uploads\/2023\/12\/shutterstock_1910306026-1-1024x683-1.jpg 1024w, https:\/\/www.cooperativasocialeatena.it\/wp-content\/uploads\/2023\/12\/shutterstock_1910306026-1-1024x683-1-300x200.jpg 300w, https:\/\/www.cooperativasocialeatena.it\/wp-content\/uploads\/2023\/12\/shutterstock_1910306026-1-1024x683-1-768x512.jpg 768w\" sizes=\"(max-width: 1024px) 100vw, 1024px\" \/><\/a><\/figure><div class=\"elementor-image-box-content\"><h3 class=\"elementor-image-box-title\"><a href=\"#ads\">Assistenza domiciliare socio-assistenziale (A.D.S.)<\/a><\/h3><\/div><\/div>\t\t\t\t<\/div>\n\t\t\t\t<\/div>\n\t\t\t\t\t<\/div>\n\t\t<\/div>\n\t\t\t\t\t<\/div>\n\t\t<\/section>\n\t\t\t\t\t<\/div>\n\t\t<\/div>\n\t\t\t\t\t<\/div>\n\t\t<\/section>\n\t\t\t\t<section class=\"elementor-section elementor-top-section elementor-element elementor-element-5046f05 elementor-section-full_width elementor-section-height-default elementor-section-height-default wpr-particle-no wpr-jarallax-no wpr-parallax-no wpr-sticky-section-no wpr-column-slider-no wpr-equal-height-no elementor-invisible\" data-id=\"5046f05\" data-element_type=\"section\" data-e-type=\"section\" data-settings=\"{&quot;animation&quot;:&quot;fadeInRight&quot;,&quot;_ha_eqh_enable&quot;:false}\">\n\t\t\t\t\t\t<div class=\"elementor-container elementor-column-gap-default\">\n\t\t\t\t\t<div class=\"elementor-column elementor-col-100 elementor-top-column elementor-element elementor-element-e4abeb3\" data-id=\"e4abeb3\" data-element_type=\"column\" data-e-type=\"column\">\n\t\t\t<div class=\"elementor-widget-wrap elementor-element-populated\">\n\t\t\t\t\t\t<section class=\"elementor-section elementor-inner-section elementor-element elementor-element-023cad6 donate-seators animated-slow elementor-section-boxed elementor-section-height-default elementor-section-height-default wpr-particle-no wpr-jarallax-no wpr-parallax-no wpr-sticky-section-no wpr-column-slider-no wpr-equal-height-no elementor-invisible\" data-id=\"023cad6\" data-element_type=\"section\" data-e-type=\"section\" data-settings=\"{&quot;animation&quot;:&quot;zoomIn&quot;,&quot;_ha_eqh_enable&quot;:false}\">\n\t\t\t\t\t\t<div class=\"elementor-container elementor-column-gap-default\">\n\t\t\t\t\t<div class=\"elementor-column elementor-col-20 elementor-inner-column elementor-element elementor-element-857c46c\" data-id=\"857c46c\" data-element_type=\"column\" data-e-type=\"column\">\n\t\t\t<div class=\"elementor-widget-wrap elementor-element-populated\">\n\t\t\t\t\t\t<div class=\"elementor-element elementor-element-5e9a35b elementor-position-top ha-has-bg-overlay elementor-widget elementor-widget-image-box\" data-id=\"5e9a35b\" data-element_type=\"widget\" data-e-type=\"widget\" data-widget_type=\"image-box.default\">\n\t\t\t\t<div class=\"elementor-widget-container\">\n\t\t\t\t\t<div class=\"elementor-image-box-wrapper\"><figure class=\"elementor-image-box-img\"><a href=\"#RSA\" tabindex=\"-1\"><img loading=\"lazy\" decoding=\"async\" width=\"1024\" height=\"768\" src=\"https:\/\/www.cooperativasocialeatena.it\/wp-content\/uploads\/2023\/12\/Le-tipologie-di-residenze-per-anziani.jpg\" class=\"attachment-full size-full wp-image-748\" alt=\"\" srcset=\"https:\/\/www.cooperativasocialeatena.it\/wp-content\/uploads\/2023\/12\/Le-tipologie-di-residenze-per-anziani.jpg 1024w, https:\/\/www.cooperativasocialeatena.it\/wp-content\/uploads\/2023\/12\/Le-tipologie-di-residenze-per-anziani-300x225.jpg 300w, https:\/\/www.cooperativasocialeatena.it\/wp-content\/uploads\/2023\/12\/Le-tipologie-di-residenze-per-anziani-768x576.jpg 768w\" sizes=\"(max-width: 1024px) 100vw, 1024px\" \/><\/a><\/figure><div class=\"elementor-image-box-content\"><h3 class=\"elementor-image-box-title\"><a href=\"#RSA\">Servizio Residenze per Anziani (R.S.A.)<\/a><\/h3><\/div><\/div>\t\t\t\t<\/div>\n\t\t\t\t<\/div>\n\t\t\t\t\t<\/div>\n\t\t<\/div>\n\t\t\t\t<div class=\"elementor-column elementor-col-20 elementor-inner-column elementor-element elementor-element-f0d8925\" data-id=\"f0d8925\" data-element_type=\"column\" data-e-type=\"column\">\n\t\t\t<div class=\"elementor-widget-wrap elementor-element-populated\">\n\t\t\t\t\t\t<div class=\"elementor-element elementor-element-48974dc elementor-position-top ha-has-bg-overlay elementor-widget elementor-widget-image-box\" data-id=\"48974dc\" data-element_type=\"widget\" data-e-type=\"widget\" data-widget_type=\"image-box.default\">\n\t\t\t\t<div class=\"elementor-widget-container\">\n\t\t\t\t\t<div class=\"elementor-image-box-wrapper\"><figure class=\"elementor-image-box-img\"><a href=\"#CSC\" tabindex=\"-1\"><img loading=\"lazy\" decoding=\"async\" width=\"700\" height=\"500\" src=\"https:\/\/www.cooperativasocialeatena.it\/wp-content\/uploads\/2023\/12\/gruppo-di-anziani-che-giocano-a-scacchi.jpg\" class=\"attachment-full size-full wp-image-752\" alt=\"\" srcset=\"https:\/\/www.cooperativasocialeatena.it\/wp-content\/uploads\/2023\/12\/gruppo-di-anziani-che-giocano-a-scacchi.jpg 700w, https:\/\/www.cooperativasocialeatena.it\/wp-content\/uploads\/2023\/12\/gruppo-di-anziani-che-giocano-a-scacchi-300x214.jpg 300w\" sizes=\"(max-width: 700px) 100vw, 700px\" \/><\/a><\/figure><div class=\"elementor-image-box-content\"><h3 class=\"elementor-image-box-title\"><a href=\"#CSC\">Centri Sociali e Culturali<\/a><\/h3><\/div><\/div>\t\t\t\t<\/div>\n\t\t\t\t<\/div>\n\t\t\t\t\t<\/div>\n\t\t<\/div>\n\t\t\t\t<div class=\"elementor-column elementor-col-20 elementor-inner-column elementor-element elementor-element-8c0df06\" data-id=\"8c0df06\" data-element_type=\"column\" data-e-type=\"column\">\n\t\t\t<div class=\"elementor-widget-wrap elementor-element-populated\">\n\t\t\t\t\t\t<div class=\"elementor-element elementor-element-361e5de elementor-position-top ha-has-bg-overlay elementor-widget elementor-widget-image-box\" data-id=\"361e5de\" data-element_type=\"widget\" data-e-type=\"widget\" data-widget_type=\"image-box.default\">\n\t\t\t\t<div class=\"elementor-widget-container\">\n\t\t\t\t\t<div class=\"elementor-image-box-wrapper\"><figure class=\"elementor-image-box-img\"><a href=\"#PUA\" tabindex=\"-1\"><img loading=\"lazy\" decoding=\"async\" width=\"1920\" height=\"1280\" src=\"https:\/\/www.cooperativasocialeatena.it\/wp-content\/uploads\/2023\/12\/adulti_anziani_hands-2906458_1920.jpg\" class=\"attachment-full size-full wp-image-764\" alt=\"\" srcset=\"https:\/\/www.cooperativasocialeatena.it\/wp-content\/uploads\/2023\/12\/adulti_anziani_hands-2906458_1920.jpg 1920w, https:\/\/www.cooperativasocialeatena.it\/wp-content\/uploads\/2023\/12\/adulti_anziani_hands-2906458_1920-300x200.jpg 300w, https:\/\/www.cooperativasocialeatena.it\/wp-content\/uploads\/2023\/12\/adulti_anziani_hands-2906458_1920-1024x683.jpg 1024w, https:\/\/www.cooperativasocialeatena.it\/wp-content\/uploads\/2023\/12\/adulti_anziani_hands-2906458_1920-768x512.jpg 768w, https:\/\/www.cooperativasocialeatena.it\/wp-content\/uploads\/2023\/12\/adulti_anziani_hands-2906458_1920-1536x1024.jpg 1536w\" sizes=\"(max-width: 1920px) 100vw, 1920px\" \/><\/a><\/figure><div class=\"elementor-image-box-content\"><h3 class=\"elementor-image-box-title\"><a href=\"#PUA\">Porta Unica di Accesso (P.U.A)<\/a><\/h3><\/div><\/div>\t\t\t\t<\/div>\n\t\t\t\t<\/div>\n\t\t\t\t\t<\/div>\n\t\t<\/div>\n\t\t\t\t<div class=\"elementor-column elementor-col-20 elementor-inner-column elementor-element elementor-element-ea8228a\" data-id=\"ea8228a\" data-element_type=\"column\" data-e-type=\"column\">\n\t\t\t<div class=\"elementor-widget-wrap elementor-element-populated\">\n\t\t\t\t\t\t<div class=\"elementor-element elementor-element-dd74c80 elementor-position-top ha-has-bg-overlay elementor-widget elementor-widget-image-box\" data-id=\"dd74c80\" data-element_type=\"widget\" data-e-type=\"widget\" data-widget_type=\"image-box.default\">\n\t\t\t\t<div class=\"elementor-widget-container\">\n\t\t\t\t\t<div class=\"elementor-image-box-wrapper\"><figure class=\"elementor-image-box-img\"><a href=\"#TTS\" tabindex=\"-1\"><img loading=\"lazy\" decoding=\"async\" width=\"900\" height=\"600\" src=\"https:\/\/www.cooperativasocialeatena.it\/wp-content\/uploads\/2023\/12\/telemedicina-anziani.jpg\" class=\"attachment-full size-full wp-image-760\" alt=\"\" srcset=\"https:\/\/www.cooperativasocialeatena.it\/wp-content\/uploads\/2023\/12\/telemedicina-anziani.jpg 900w, https:\/\/www.cooperativasocialeatena.it\/wp-content\/uploads\/2023\/12\/telemedicina-anziani-300x200.jpg 300w, https:\/\/www.cooperativasocialeatena.it\/wp-content\/uploads\/2023\/12\/telemedicina-anziani-768x512.jpg 768w\" sizes=\"(max-width: 900px) 100vw, 900px\" \/><\/a><\/figure><div class=\"elementor-image-box-content\"><h3 class=\"elementor-image-box-title\"><a href=\"#TTS\">Teleassistenza e Telesoccorso<\/a><\/h3><\/div><\/div>\t\t\t\t<\/div>\n\t\t\t\t<\/div>\n\t\t\t\t\t<\/div>\n\t\t<\/div>\n\t\t\t\t<div class=\"elementor-column elementor-col-20 elementor-inner-column elementor-element elementor-element-573332c\" data-id=\"573332c\" data-element_type=\"column\" data-e-type=\"column\">\n\t\t\t<div class=\"elementor-widget-wrap elementor-element-populated\">\n\t\t\t\t\t\t<div class=\"elementor-element elementor-element-9b5c7e2 elementor-position-top ha-has-bg-overlay elementor-widget elementor-widget-image-box\" data-id=\"9b5c7e2\" data-element_type=\"widget\" data-e-type=\"widget\" data-widget_type=\"image-box.default\">\n\t\t\t\t<div class=\"elementor-widget-container\">\n\t\t\t\t\t<div class=\"elementor-image-box-wrapper\"><figure class=\"elementor-image-box-img\"><a href=\"#VANZ\" tabindex=\"-1\"><img loading=\"lazy\" decoding=\"async\" width=\"1280\" height=\"853\" src=\"https:\/\/www.cooperativasocialeatena.it\/wp-content\/uploads\/2023\/12\/vacanze-per-anziani.webp\" class=\"attachment-full size-full wp-image-768\" alt=\"\" srcset=\"https:\/\/www.cooperativasocialeatena.it\/wp-content\/uploads\/2023\/12\/vacanze-per-anziani.webp 1280w, https:\/\/www.cooperativasocialeatena.it\/wp-content\/uploads\/2023\/12\/vacanze-per-anziani-300x200.webp 300w, https:\/\/www.cooperativasocialeatena.it\/wp-content\/uploads\/2023\/12\/vacanze-per-anziani-1024x682.webp 1024w, https:\/\/www.cooperativasocialeatena.it\/wp-content\/uploads\/2023\/12\/vacanze-per-anziani-768x512.webp 768w\" sizes=\"(max-width: 1280px) 100vw, 1280px\" \/><\/a><\/figure><div class=\"elementor-image-box-content\"><h3 class=\"elementor-image-box-title\"><a href=\"#VANZ\">Vacanze Anziani<\/a><\/h3><\/div><\/div>\t\t\t\t<\/div>\n\t\t\t\t<\/div>\n\t\t\t\t\t<\/div>\n\t\t<\/div>\n\t\t\t\t\t<\/div>\n\t\t<\/section>\n\t\t\t\t\t<\/div>\n\t\t<\/div>\n\t\t\t\t\t<\/div>\n\t\t<\/section>\n\t\t<div class=\"elementor-element elementor-element-1b44122 e-flex e-con-boxed wpr-particle-no wpr-jarallax-no wpr-parallax-no wpr-sticky-section-no wpr-column-slider-no wpr-equal-height-no elementor-invisible e-con e-parent\" data-id=\"1b44122\" data-element_type=\"container\" data-e-type=\"container\" data-settings=\"{&quot;animation&quot;:&quot;fadeInLeft&quot;,&quot;_ha_eqh_enable&quot;:false}\">\n\t\t\t\t\t<div class=\"e-con-inner\">\n\t\t<div class=\"elementor-element elementor-element-46ae955 e-con-full e-flex wpr-particle-no wpr-jarallax-no wpr-parallax-no wpr-sticky-section-no wpr-column-slider-no wpr-equal-height-no e-con e-child\" data-id=\"46ae955\" data-element_type=\"container\" data-e-type=\"container\" data-settings=\"{&quot;_ha_eqh_enable&quot;:false}\">\n\t\t\t\t<div class=\"elementor-element elementor-element-bd6b940 elementor-widget elementor-widget-menu-anchor\" data-id=\"bd6b940\" data-element_type=\"widget\" data-e-type=\"widget\" data-widget_type=\"menu-anchor.default\">\n\t\t\t\t<div class=\"elementor-widget-container\">\n\t\t\t\t\t\t\t<div class=\"elementor-menu-anchor\" id=\"adomiciliare\"><\/div>\n\t\t\t\t\t\t<\/div>\n\t\t\t\t<\/div>\n\t\t\t\t<div class=\"elementor-element elementor-element-bb124e2 elementor-widget elementor-widget-heading\" data-id=\"bb124e2\" data-element_type=\"widget\" data-e-type=\"widget\" data-widget_type=\"heading.default\">\n\t\t\t\t<div class=\"elementor-widget-container\">\n\t\t\t\t\t<h2 class=\"elementor-heading-title elementor-size-default\">Assistenza Domiciliare agli Anziani<\/h2>\t\t\t\t<\/div>\n\t\t\t\t<\/div>\n\t\t\t\t<\/div>\n\t\t<div class=\"elementor-element elementor-element-4645b83 e-con-full e-flex wpr-particle-no wpr-jarallax-no wpr-parallax-no wpr-sticky-section-no wpr-column-slider-no wpr-equal-height-no e-con e-child\" data-id=\"4645b83\" data-element_type=\"container\" data-e-type=\"container\" data-settings=\"{&quot;_ha_eqh_enable&quot;:false}\">\n\t\t\t\t<div class=\"elementor-element elementor-element-5cc4205 elementor-widget elementor-widget-image\" data-id=\"5cc4205\" data-element_type=\"widget\" data-e-type=\"widget\" data-widget_type=\"image.default\">\n\t\t\t\t<div class=\"elementor-widget-container\">\n\t\t\t\t\t\t\t\t\t\t\t\t\t\t\t<img fetchpriority=\"high\" decoding=\"async\" width=\"1000\" height=\"667\" src=\"https:\/\/www.cooperativasocialeatena.it\/wp-content\/uploads\/2023\/12\/Assistenza-domiciliare-peranziani.jpg\" class=\"attachment-full size-full wp-image-716\" alt=\"\" srcset=\"https:\/\/www.cooperativasocialeatena.it\/wp-content\/uploads\/2023\/12\/Assistenza-domiciliare-peranziani.jpg 1000w, https:\/\/www.cooperativasocialeatena.it\/wp-content\/uploads\/2023\/12\/Assistenza-domiciliare-peranziani-300x200.jpg 300w, https:\/\/www.cooperativasocialeatena.it\/wp-content\/uploads\/2023\/12\/Assistenza-domiciliare-peranziani-768x512.jpg 768w\" sizes=\"(max-width: 1000px) 100vw, 1000px\" \/>\t\t\t\t\t\t\t\t\t\t\t\t\t\t\t<\/div>\n\t\t\t\t<\/div>\n\t\t\t\t<\/div>\n\t\t<div class=\"elementor-element elementor-element-5c0994b e-con-full e-flex wpr-particle-no wpr-jarallax-no wpr-parallax-no wpr-sticky-section-no wpr-column-slider-no wpr-equal-height-no e-con e-child\" data-id=\"5c0994b\" data-element_type=\"container\" data-e-type=\"container\" data-settings=\"{&quot;_ha_eqh_enable&quot;:false}\">\n\t\t\t\t<div class=\"elementor-element elementor-element-01063fe elementor-widget elementor-widget-text-editor\" data-id=\"01063fe\" data-element_type=\"widget\" data-e-type=\"widget\" data-widget_type=\"text-editor.default\">\n\t\t\t\t<div class=\"elementor-widget-container\">\n\t\t\t\t\t\t\t\t\t<p>Per assistenza domiciliare si intende un complesso di interventi e prestazioni di carattere socio-assistenziale, anche temporanei, erogati prevalentemente presso l&#8217;abitazione dell&#8217;utente.<\/p><p>La finalit\u00e0 del servizio \u00e8 quella di:<\/p><ul><li>favorire la permanenza dell\u2019anziano presso il proprio domicilio;<\/li><li>supportare l\u2019 anziano in relazione alle difficolt\u00e0 insite nella sua condizione;<\/li><li>sostenere il recupero e l\u2019 acquisizione possibile delle capacit\u00e0 di vita quotidiana dell\u2019anziano;<\/li><li>favorire l\u2019 integrazione sociale e familiare;<\/li><li>sostenere le potenzialit\u00e0 di cura della famiglia;<\/li><li>supportare l\u2019utente nello svolgimento delle pratiche amministrative;<\/li><li>favorire le relazioni interpersonali e la comunicazione;<\/li><li>prevenire e rimuovere le situazioni di disagio, solitudine ed emarginazione.<\/li><\/ul><p>L\u2019assistenza domiciliare consiste in:<\/p><p><strong>Aiuto per il governo della casa e cura della persona:<\/strong><\/p><p>Riordino del letto e della casa; &#8211; Pulizia dei servizi e dei vani dell&#8217;alloggio ad uso dell&#8217;utente; &#8211; Cambio della biancheria; &#8211; Preparazione pasti; &#8211; Aiuto per la spesa; &#8211; Attivit\u00e0 di assistenza alla cura della persona; &#8211; Prestazione igienico-sanitarie di semplice attuazione.<\/p><p><strong>Segretariato Sociale:<\/strong><\/p><p>Informazione sui diritti, pratiche e servizi, con svolgimento di piccole commissioni; &#8211; Svolgimento di pratiche amministrative; &#8211; Accompagnamento dell&#8217;utente per visite mediche o altre necessit\u00e0, quando questi non sia in grado di recarsi da solo o quando non si hanno altre risorse; &#8211; Partecipazione agli interventi di socializzazione e\/o recupero a favore della persona; &#8211; Rapporti con strutture sanitarie, sociali, ricreative del territorio<\/p>\t\t\t\t\t\t\t\t<\/div>\n\t\t\t\t<\/div>\n\t\t\t\t<\/div>\n\t\t<div class=\"elementor-element elementor-element-c16a569 e-con-full e-flex wpr-particle-no wpr-jarallax-no wpr-parallax-no wpr-sticky-section-no wpr-column-slider-no wpr-equal-height-no e-con e-child\" data-id=\"c16a569\" data-element_type=\"container\" data-e-type=\"container\" data-settings=\"{&quot;_ha_eqh_enable&quot;:false}\">\n\t\t\t\t<div class=\"elementor-element elementor-element-ed6949a elementor-widget elementor-widget-heading\" data-id=\"ed6949a\" data-element_type=\"widget\" data-e-type=\"widget\" data-widget_type=\"heading.default\">\n\t\t\t\t<div class=\"elementor-widget-container\">\n\t\t\t\t\t<h3 class=\"elementor-heading-title elementor-size-default\">Destinatari: Cittadini ultrasessantacinquenni<\/h3>\t\t\t\t<\/div>\n\t\t\t\t<\/div>\n\t\t\t\t<\/div>\n\t\t\t\t\t<\/div>\n\t\t\t\t<\/div>\n\t\t<div class=\"elementor-element elementor-element-1fea6f6 e-flex e-con-boxed wpr-particle-no wpr-jarallax-no wpr-parallax-no wpr-sticky-section-no wpr-column-slider-no wpr-equal-height-no e-con e-parent\" data-id=\"1fea6f6\" data-element_type=\"container\" data-e-type=\"container\" data-settings=\"{&quot;_ha_eqh_enable&quot;:false}\">\n\t\t\t\t\t<div class=\"e-con-inner\">\n\t\t\t\t<div class=\"elementor-element elementor-element-729d679 elementor-widget-divider--view-line elementor-widget elementor-widget-divider\" data-id=\"729d679\" data-element_type=\"widget\" data-e-type=\"widget\" data-widget_type=\"divider.default\">\n\t\t\t\t<div class=\"elementor-widget-container\">\n\t\t\t\t\t\t\t<div class=\"elementor-divider\">\n\t\t\t<span class=\"elementor-divider-separator\">\n\t\t\t\t\t\t<\/span>\n\t\t<\/div>\n\t\t\t\t\t\t<\/div>\n\t\t\t\t<\/div>\n\t\t\t\t\t<\/div>\n\t\t\t\t<\/div>\n\t\t<div class=\"elementor-element elementor-element-09ab75e e-flex e-con-boxed wpr-particle-no wpr-jarallax-no wpr-parallax-no wpr-sticky-section-no wpr-column-slider-no wpr-equal-height-no elementor-invisible e-con e-parent\" data-id=\"09ab75e\" data-element_type=\"container\" data-e-type=\"container\" data-settings=\"{&quot;animation&quot;:&quot;fadeInRight&quot;,&quot;_ha_eqh_enable&quot;:false}\">\n\t\t\t\t\t<div class=\"e-con-inner\">\n\t\t<div class=\"elementor-element elementor-element-08e2182 e-con-full e-flex wpr-particle-no wpr-jarallax-no wpr-parallax-no wpr-sticky-section-no wpr-column-slider-no wpr-equal-height-no e-con e-child\" data-id=\"08e2182\" data-element_type=\"container\" data-e-type=\"container\" data-settings=\"{&quot;_ha_eqh_enable&quot;:false}\">\n\t\t\t\t<div class=\"elementor-element elementor-element-728696e elementor-widget elementor-widget-menu-anchor\" data-id=\"728696e\" data-element_type=\"widget\" data-e-type=\"widget\" data-widget_type=\"menu-anchor.default\">\n\t\t\t\t<div class=\"elementor-widget-container\">\n\t\t\t\t\t\t\t<div class=\"elementor-menu-anchor\" id=\"cdiurni\"><\/div>\n\t\t\t\t\t\t<\/div>\n\t\t\t\t<\/div>\n\t\t\t\t<div class=\"elementor-element elementor-element-9a6e9dc elementor-widget elementor-widget-heading\" data-id=\"9a6e9dc\" data-element_type=\"widget\" data-e-type=\"widget\" data-widget_type=\"heading.default\">\n\t\t\t\t<div class=\"elementor-widget-container\">\n\t\t\t\t\t<h2 class=\"elementor-heading-title elementor-size-default\">Inserimento in Centri Diurni<\/h2>\t\t\t\t<\/div>\n\t\t\t\t<\/div>\n\t\t\t\t<\/div>\n\t\t<div class=\"elementor-element elementor-element-fde6e42 e-con-full e-flex wpr-particle-no wpr-jarallax-no wpr-parallax-no wpr-sticky-section-no wpr-column-slider-no wpr-equal-height-no e-con e-child\" data-id=\"fde6e42\" data-element_type=\"container\" data-e-type=\"container\" data-settings=\"{&quot;_ha_eqh_enable&quot;:false}\">\n\t\t\t\t<div class=\"elementor-element elementor-element-7e43c7e elementor-widget elementor-widget-text-editor\" data-id=\"7e43c7e\" data-element_type=\"widget\" data-e-type=\"widget\" data-widget_type=\"text-editor.default\">\n\t\t\t\t<div class=\"elementor-widget-container\">\n\t\t\t\t\t\t\t\t\t<p>Il\u00a0Centro Diurno \u00e8\u00a0un servizio semiresidenziale a carattere diurno, destinato ad anziani con diverso grado di non autosufficienza e ha le seguenti finalit\u00e0:<br \/>1. offrire un sostegno e un aiuto all&#8217;anziano e alla sua famiglia;<br \/>2. mantenere e\/o recuperare\u00a0abilit\u00e0 e competenze relative all\u2019autonomia, alla relazione interpersonale e alla\u00a0socializzazione;<br \/>3. assicurare interventi di carattere\u00a0socio-assistenziale.<\/p><p>Offre servizi quali: assistenza alla persona, attivit\u00e0 infermieristica, attivit\u00e0 riabilitativa, attivit\u00e0 culturali e ricreative, pranzo, trasporto<\/p>\t\t\t\t\t\t\t\t<\/div>\n\t\t\t\t<\/div>\n\t\t\t\t<\/div>\n\t\t<div class=\"elementor-element elementor-element-348ab0e e-con-full e-flex wpr-particle-no wpr-jarallax-no wpr-parallax-no wpr-sticky-section-no wpr-column-slider-no wpr-equal-height-no e-con e-child\" data-id=\"348ab0e\" data-element_type=\"container\" data-e-type=\"container\" data-settings=\"{&quot;_ha_eqh_enable&quot;:false}\">\n\t\t\t\t<div class=\"elementor-element elementor-element-30fcf5c elementor-widget elementor-widget-image\" data-id=\"30fcf5c\" data-element_type=\"widget\" data-e-type=\"widget\" data-widget_type=\"image.default\">\n\t\t\t\t<div class=\"elementor-widget-container\">\n\t\t\t\t\t\t\t\t\t\t\t\t\t\t\t<img decoding=\"async\" width=\"730\" height=\"486\" src=\"https:\/\/www.cooperativasocialeatena.it\/wp-content\/uploads\/2023\/12\/cdiurni.jpg\" class=\"attachment-full size-full wp-image-729\" alt=\"\" srcset=\"https:\/\/www.cooperativasocialeatena.it\/wp-content\/uploads\/2023\/12\/cdiurni.jpg 730w, https:\/\/www.cooperativasocialeatena.it\/wp-content\/uploads\/2023\/12\/cdiurni-300x200.jpg 300w\" sizes=\"(max-width: 730px) 100vw, 730px\" \/>\t\t\t\t\t\t\t\t\t\t\t\t\t\t\t<\/div>\n\t\t\t\t<\/div>\n\t\t\t\t<\/div>\n\t\t<div class=\"elementor-element elementor-element-2a5772c e-con-full e-flex wpr-particle-no wpr-jarallax-no wpr-parallax-no wpr-sticky-section-no wpr-column-slider-no wpr-equal-height-no e-con e-child\" data-id=\"2a5772c\" data-element_type=\"container\" data-e-type=\"container\" data-settings=\"{&quot;_ha_eqh_enable&quot;:false}\">\n\t\t\t\t<div class=\"elementor-element elementor-element-4216ce2 elementor-widget elementor-widget-heading\" data-id=\"4216ce2\" data-element_type=\"widget\" data-e-type=\"widget\" data-widget_type=\"heading.default\">\n\t\t\t\t<div class=\"elementor-widget-container\">\n\t\t\t\t\t<h3 class=\"elementor-heading-title elementor-size-default\">Destinatari: Cittadini anziani parzialmente autosufficienti o non autosufficienti<\/h3>\t\t\t\t<\/div>\n\t\t\t\t<\/div>\n\t\t\t\t<\/div>\n\t\t\t\t\t<\/div>\n\t\t\t\t<\/div>\n\t\t<div class=\"elementor-element elementor-element-29fed66 e-flex e-con-boxed wpr-particle-no wpr-jarallax-no wpr-parallax-no wpr-sticky-section-no wpr-column-slider-no wpr-equal-height-no e-con e-parent\" data-id=\"29fed66\" data-element_type=\"container\" data-e-type=\"container\" data-settings=\"{&quot;_ha_eqh_enable&quot;:false}\">\n\t\t\t\t\t<div class=\"e-con-inner\">\n\t\t\t\t<div class=\"elementor-element elementor-element-db553a7 elementor-widget-divider--view-line elementor-widget elementor-widget-divider\" data-id=\"db553a7\" data-element_type=\"widget\" data-e-type=\"widget\" data-widget_type=\"divider.default\">\n\t\t\t\t<div class=\"elementor-widget-container\">\n\t\t\t\t\t\t\t<div class=\"elementor-divider\">\n\t\t\t<span class=\"elementor-divider-separator\">\n\t\t\t\t\t\t<\/span>\n\t\t<\/div>\n\t\t\t\t\t\t<\/div>\n\t\t\t\t<\/div>\n\t\t\t\t\t<\/div>\n\t\t\t\t<\/div>\n\t\t<div class=\"elementor-element elementor-element-1c781075 e-flex e-con-boxed wpr-particle-no wpr-jarallax-no wpr-parallax-no wpr-sticky-section-no wpr-column-slider-no wpr-equal-height-no elementor-invisible e-con e-parent\" data-id=\"1c781075\" data-element_type=\"container\" data-e-type=\"container\" data-settings=\"{&quot;animation&quot;:&quot;fadeInLeft&quot;,&quot;_ha_eqh_enable&quot;:false}\">\n\t\t\t\t\t<div class=\"e-con-inner\">\n\t\t<div class=\"elementor-element elementor-element-50241fe7 e-con-full e-flex wpr-particle-no wpr-jarallax-no wpr-parallax-no wpr-sticky-section-no wpr-column-slider-no wpr-equal-height-no e-con e-child\" data-id=\"50241fe7\" data-element_type=\"container\" data-e-type=\"container\" data-settings=\"{&quot;_ha_eqh_enable&quot;:false}\">\n\t\t\t\t<div class=\"elementor-element elementor-element-5913fb67 elementor-widget elementor-widget-menu-anchor\" data-id=\"5913fb67\" data-element_type=\"widget\" data-e-type=\"widget\" data-widget_type=\"menu-anchor.default\">\n\t\t\t\t<div class=\"elementor-widget-container\">\n\t\t\t\t\t\t\t<div class=\"elementor-menu-anchor\" id=\"sresidenziali\"><\/div>\n\t\t\t\t\t\t<\/div>\n\t\t\t\t<\/div>\n\t\t\t\t<div class=\"elementor-element elementor-element-4f0043c elementor-widget elementor-widget-heading\" data-id=\"4f0043c\" data-element_type=\"widget\" data-e-type=\"widget\" data-widget_type=\"heading.default\">\n\t\t\t\t<div class=\"elementor-widget-container\">\n\t\t\t\t\t<h2 class=\"elementor-heading-title elementor-size-default\">Inserimento in strutture residenziali<\/h2>\t\t\t\t<\/div>\n\t\t\t\t<\/div>\n\t\t\t\t<\/div>\n\t\t<div class=\"elementor-element elementor-element-16ca1cf7 e-con-full e-flex wpr-particle-no wpr-jarallax-no wpr-parallax-no wpr-sticky-section-no wpr-column-slider-no wpr-equal-height-no e-con e-child\" data-id=\"16ca1cf7\" data-element_type=\"container\" data-e-type=\"container\" data-settings=\"{&quot;_ha_eqh_enable&quot;:false}\">\n\t\t\t\t<div class=\"elementor-element elementor-element-637c03f2 elementor-widget elementor-widget-image\" data-id=\"637c03f2\" data-element_type=\"widget\" data-e-type=\"widget\" data-widget_type=\"image.default\">\n\t\t\t\t<div class=\"elementor-widget-container\">\n\t\t\t\t\t\t\t\t\t\t\t\t\t\t\t<img loading=\"lazy\" decoding=\"async\" width=\"690\" height=\"460\" src=\"https:\/\/www.cooperativasocialeatena.it\/wp-content\/uploads\/2023\/12\/strutture-residenziali-1024x683.jpeg\" class=\"attachment-large size-large wp-image-740\" alt=\"\" srcset=\"https:\/\/www.cooperativasocialeatena.it\/wp-content\/uploads\/2023\/12\/strutture-residenziali-1024x683.jpeg 1024w, https:\/\/www.cooperativasocialeatena.it\/wp-content\/uploads\/2023\/12\/strutture-residenziali-300x200.jpeg 300w, https:\/\/www.cooperativasocialeatena.it\/wp-content\/uploads\/2023\/12\/strutture-residenziali-768x512.jpeg 768w, https:\/\/www.cooperativasocialeatena.it\/wp-content\/uploads\/2023\/12\/strutture-residenziali-1536x1024.jpeg 1536w, https:\/\/www.cooperativasocialeatena.it\/wp-content\/uploads\/2023\/12\/strutture-residenziali.jpeg 1920w\" sizes=\"(max-width: 690px) 100vw, 690px\" \/>\t\t\t\t\t\t\t\t\t\t\t\t\t\t\t<\/div>\n\t\t\t\t<\/div>\n\t\t\t\t<\/div>\n\t\t<div class=\"elementor-element elementor-element-e358f97 e-con-full e-flex wpr-particle-no wpr-jarallax-no wpr-parallax-no wpr-sticky-section-no wpr-column-slider-no wpr-equal-height-no e-con e-child\" data-id=\"e358f97\" data-element_type=\"container\" data-e-type=\"container\" data-settings=\"{&quot;_ha_eqh_enable&quot;:false}\">\n\t\t\t\t<div class=\"elementor-element elementor-element-2a097cdf elementor-widget elementor-widget-text-editor\" data-id=\"2a097cdf\" data-element_type=\"widget\" data-e-type=\"widget\" data-widget_type=\"text-editor.default\">\n\t\t\t\t<div class=\"elementor-widget-container\">\n\t\t\t\t\t\t\t\t\t<p>L&#8217;inserimento di anziani in strutture residenziali si attua qualora non sia pi\u00f9 possibile garantire la\u00a0permanenza della persona nell\u2019 ambiente socio \u2013 familiare di appartenenza, sulla base di un programma sociale individualizzato.<\/p><p>il servizio permette all\u2019anziano autosufficiente e non, di inserirsi in via temporanea o in via definitiva in strutture residenziali, che permetta di continuare una vita protetta con la fornitura di adeguati servizi di natura socio-assistenziale e socio-sanitaria. All\u2019interno della struttura sono rispettate le abitudini e la cultura degli ospiti e sono incentivati i rapporti di socializzazione e di contatto tra gli ospiti, e tra loro e la rete parentale.<\/p>\t\t\t\t\t\t\t\t<\/div>\n\t\t\t\t<\/div>\n\t\t\t\t<\/div>\n\t\t<div class=\"elementor-element elementor-element-2f42fcab e-con-full e-flex wpr-particle-no wpr-jarallax-no wpr-parallax-no wpr-sticky-section-no wpr-column-slider-no wpr-equal-height-no e-con e-child\" data-id=\"2f42fcab\" data-element_type=\"container\" data-e-type=\"container\" data-settings=\"{&quot;_ha_eqh_enable&quot;:false}\">\n\t\t\t\t<div class=\"elementor-element elementor-element-560fa8e4 elementor-widget elementor-widget-heading\" data-id=\"560fa8e4\" data-element_type=\"widget\" data-e-type=\"widget\" data-widget_type=\"heading.default\">\n\t\t\t\t<div class=\"elementor-widget-container\">\n\t\t\t\t\t<h3 class=\"elementor-heading-title elementor-size-default\">Destinatari: Cittadini ultra 65 enni, parzialmente autosufficienti e non<\/h3>\t\t\t\t<\/div>\n\t\t\t\t<\/div>\n\t\t\t\t<\/div>\n\t\t\t\t\t<\/div>\n\t\t\t\t<\/div>\n\t\t<div class=\"elementor-element elementor-element-4741179 e-flex e-con-boxed wpr-particle-no wpr-jarallax-no wpr-parallax-no wpr-sticky-section-no wpr-column-slider-no wpr-equal-height-no e-con e-parent\" data-id=\"4741179\" data-element_type=\"container\" data-e-type=\"container\" data-settings=\"{&quot;_ha_eqh_enable&quot;:false}\">\n\t\t\t\t\t<div class=\"e-con-inner\">\n\t\t\t\t<div class=\"elementor-element elementor-element-c768f39 elementor-widget-divider--view-line elementor-widget elementor-widget-divider\" data-id=\"c768f39\" data-element_type=\"widget\" data-e-type=\"widget\" data-widget_type=\"divider.default\">\n\t\t\t\t<div class=\"elementor-widget-container\">\n\t\t\t\t\t\t\t<div class=\"elementor-divider\">\n\t\t\t<span class=\"elementor-divider-separator\">\n\t\t\t\t\t\t<\/span>\n\t\t<\/div>\n\t\t\t\t\t\t<\/div>\n\t\t\t\t<\/div>\n\t\t\t\t\t<\/div>\n\t\t\t\t<\/div>\n\t\t<div class=\"elementor-element elementor-element-340b8c65 e-flex e-con-boxed wpr-particle-no wpr-jarallax-no wpr-parallax-no wpr-sticky-section-no wpr-column-slider-no wpr-equal-height-no elementor-invisible e-con e-parent\" data-id=\"340b8c65\" data-element_type=\"container\" data-e-type=\"container\" data-settings=\"{&quot;animation&quot;:&quot;fadeInRight&quot;,&quot;_ha_eqh_enable&quot;:false}\">\n\t\t\t\t\t<div class=\"e-con-inner\">\n\t\t<div class=\"elementor-element elementor-element-21781904 e-con-full e-flex wpr-particle-no wpr-jarallax-no wpr-parallax-no wpr-sticky-section-no wpr-column-slider-no wpr-equal-height-no e-con e-child\" data-id=\"21781904\" data-element_type=\"container\" data-e-type=\"container\" data-settings=\"{&quot;_ha_eqh_enable&quot;:false}\">\n\t\t\t\t<div class=\"elementor-element elementor-element-27a74a90 elementor-widget elementor-widget-menu-anchor\" data-id=\"27a74a90\" data-element_type=\"widget\" data-e-type=\"widget\" data-widget_type=\"menu-anchor.default\">\n\t\t\t\t<div class=\"elementor-widget-container\">\n\t\t\t\t\t\t\t<div class=\"elementor-menu-anchor\" id=\"adi\"><\/div>\n\t\t\t\t\t\t<\/div>\n\t\t\t\t<\/div>\n\t\t\t\t<div class=\"elementor-element elementor-element-73a49c86 elementor-widget elementor-widget-heading\" data-id=\"73a49c86\" data-element_type=\"widget\" data-e-type=\"widget\" data-widget_type=\"heading.default\">\n\t\t\t\t<div class=\"elementor-widget-container\">\n\t\t\t\t\t<h2 class=\"elementor-heading-title elementor-size-default\">Assistenza domiciliare socio-assistenziale integrata con servizi sanitari (ADI)<\/h2>\t\t\t\t<\/div>\n\t\t\t\t<\/div>\n\t\t\t\t<\/div>\n\t\t<div class=\"elementor-element elementor-element-159d626a e-con-full e-flex wpr-particle-no wpr-jarallax-no wpr-parallax-no wpr-sticky-section-no wpr-column-slider-no wpr-equal-height-no e-con e-child\" data-id=\"159d626a\" data-element_type=\"container\" data-e-type=\"container\" data-settings=\"{&quot;_ha_eqh_enable&quot;:false}\">\n\t\t\t\t<div class=\"elementor-element elementor-element-6e0bf6a3 elementor-widget elementor-widget-text-editor\" data-id=\"6e0bf6a3\" data-element_type=\"widget\" data-e-type=\"widget\" data-widget_type=\"text-editor.default\">\n\t\t\t\t<div class=\"elementor-widget-container\">\n\t\t\t\t\t\t\t\t\t<p>Il servizio di Assistenza Domiciliare Integrata (ADI) consiste in interventi, che permettano di favorire la permanenza della persona anziana non autosufficiente nel proprio ambiente di vita, evitando l\u2019istituzionalizzazione e l\u2019ospedalizzazione, consentendo una soddisfacente vita di relazione attraverso un complesso di prestazioni socio-assistenziali e \/o socio sanitarie. \u00c8 rivolto prevalentemente a persone affette da malattie cronico-degenerative invalidanti e\/o progressivo-terminali. Alle attivit\u00e0 socio assistenziali si aggiungono le seguenti prestazioni a carico dell\u2019ASL: medico-specialistiche, infermieristiche, riabilitative e riattivanti, da effettuarsi sotto il controllo medico. Le prestazioni vengono effettuate da operatori OSS o OSA<\/p>\t\t\t\t\t\t\t\t<\/div>\n\t\t\t\t<\/div>\n\t\t\t\t<\/div>\n\t\t<div class=\"elementor-element elementor-element-3a45387c e-con-full e-flex wpr-particle-no wpr-jarallax-no wpr-parallax-no wpr-sticky-section-no wpr-column-slider-no wpr-equal-height-no e-con e-child\" data-id=\"3a45387c\" data-element_type=\"container\" data-e-type=\"container\" data-settings=\"{&quot;_ha_eqh_enable&quot;:false}\">\n\t\t\t\t<div class=\"elementor-element elementor-element-2132021d elementor-widget elementor-widget-image\" data-id=\"2132021d\" data-element_type=\"widget\" data-e-type=\"widget\" data-widget_type=\"image.default\">\n\t\t\t\t<div class=\"elementor-widget-container\">\n\t\t\t\t\t\t\t\t\t\t\t\t\t\t\t<img loading=\"lazy\" decoding=\"async\" width=\"2046\" height=\"1364\" src=\"https:\/\/www.cooperativasocialeatena.it\/wp-content\/uploads\/2023\/12\/ADI.jpg\" class=\"attachment-full size-full wp-image-733\" alt=\"\" srcset=\"https:\/\/www.cooperativasocialeatena.it\/wp-content\/uploads\/2023\/12\/ADI.jpg 2046w, https:\/\/www.cooperativasocialeatena.it\/wp-content\/uploads\/2023\/12\/ADI-300x200.jpg 300w, https:\/\/www.cooperativasocialeatena.it\/wp-content\/uploads\/2023\/12\/ADI-1024x683.jpg 1024w, https:\/\/www.cooperativasocialeatena.it\/wp-content\/uploads\/2023\/12\/ADI-768x512.jpg 768w, https:\/\/www.cooperativasocialeatena.it\/wp-content\/uploads\/2023\/12\/ADI-1536x1024.jpg 1536w\" sizes=\"(max-width: 2046px) 100vw, 2046px\" \/>\t\t\t\t\t\t\t\t\t\t\t\t\t\t\t<\/div>\n\t\t\t\t<\/div>\n\t\t\t\t<\/div>\n\t\t<div class=\"elementor-element elementor-element-5a4e880e e-con-full e-flex wpr-particle-no wpr-jarallax-no wpr-parallax-no wpr-sticky-section-no wpr-column-slider-no wpr-equal-height-no e-con e-child\" data-id=\"5a4e880e\" data-element_type=\"container\" data-e-type=\"container\" data-settings=\"{&quot;_ha_eqh_enable&quot;:false}\">\n\t\t\t\t<div class=\"elementor-element elementor-element-717d39c6 elementor-widget elementor-widget-heading\" data-id=\"717d39c6\" data-element_type=\"widget\" data-e-type=\"widget\" data-widget_type=\"heading.default\">\n\t\t\t\t<div class=\"elementor-widget-container\">\n\t\t\t\t\t<h3 class=\"elementor-heading-title elementor-size-default\">Destinatari: Anziani non autosufficienti e parzialmente autosufficienti<\/h3>\t\t\t\t<\/div>\n\t\t\t\t<\/div>\n\t\t\t\t<\/div>\n\t\t\t\t\t<\/div>\n\t\t\t\t<\/div>\n\t\t<div class=\"elementor-element elementor-element-782a296 e-flex e-con-boxed wpr-particle-no wpr-jarallax-no wpr-parallax-no wpr-sticky-section-no wpr-column-slider-no wpr-equal-height-no e-con e-parent\" data-id=\"782a296\" data-element_type=\"container\" data-e-type=\"container\" data-settings=\"{&quot;_ha_eqh_enable&quot;:false}\">\n\t\t\t\t\t<div class=\"e-con-inner\">\n\t\t\t\t<div class=\"elementor-element elementor-element-4c549af elementor-widget-divider--view-line elementor-widget elementor-widget-divider\" data-id=\"4c549af\" data-element_type=\"widget\" data-e-type=\"widget\" data-widget_type=\"divider.default\">\n\t\t\t\t<div class=\"elementor-widget-container\">\n\t\t\t\t\t\t\t<div class=\"elementor-divider\">\n\t\t\t<span class=\"elementor-divider-separator\">\n\t\t\t\t\t\t<\/span>\n\t\t<\/div>\n\t\t\t\t\t\t<\/div>\n\t\t\t\t<\/div>\n\t\t\t\t\t<\/div>\n\t\t\t\t<\/div>\n\t\t<div class=\"elementor-element elementor-element-720724d e-flex e-con-boxed wpr-particle-no wpr-jarallax-no wpr-parallax-no wpr-sticky-section-no wpr-column-slider-no wpr-equal-height-no elementor-invisible e-con e-parent\" data-id=\"720724d\" data-element_type=\"container\" data-e-type=\"container\" data-settings=\"{&quot;animation&quot;:&quot;fadeInLeft&quot;,&quot;_ha_eqh_enable&quot;:false}\">\n\t\t\t\t\t<div class=\"e-con-inner\">\n\t\t<div class=\"elementor-element elementor-element-765d62b e-con-full e-flex wpr-particle-no wpr-jarallax-no wpr-parallax-no wpr-sticky-section-no wpr-column-slider-no wpr-equal-height-no e-con e-child\" data-id=\"765d62b\" data-element_type=\"container\" data-e-type=\"container\" data-settings=\"{&quot;_ha_eqh_enable&quot;:false}\">\n\t\t\t\t<div class=\"elementor-element elementor-element-5c86b69e elementor-widget elementor-widget-menu-anchor\" data-id=\"5c86b69e\" data-element_type=\"widget\" data-e-type=\"widget\" data-widget_type=\"menu-anchor.default\">\n\t\t\t\t<div class=\"elementor-widget-container\">\n\t\t\t\t\t\t\t<div class=\"elementor-menu-anchor\" id=\"ads\"><\/div>\n\t\t\t\t\t\t<\/div>\n\t\t\t\t<\/div>\n\t\t\t\t<div class=\"elementor-element elementor-element-3f6c8176 elementor-widget elementor-widget-heading\" data-id=\"3f6c8176\" data-element_type=\"widget\" data-e-type=\"widget\" data-widget_type=\"heading.default\">\n\t\t\t\t<div class=\"elementor-widget-container\">\n\t\t\t\t\t<h2 class=\"elementor-heading-title elementor-size-default\">Assistenza domiciliare socio-assistenziale (A.D.S.)<\/h2>\t\t\t\t<\/div>\n\t\t\t\t<\/div>\n\t\t\t\t<\/div>\n\t\t<div class=\"elementor-element elementor-element-5f86e2b2 e-con-full e-flex wpr-particle-no wpr-jarallax-no wpr-parallax-no wpr-sticky-section-no wpr-column-slider-no wpr-equal-height-no e-con e-child\" data-id=\"5f86e2b2\" data-element_type=\"container\" data-e-type=\"container\" data-settings=\"{&quot;_ha_eqh_enable&quot;:false}\">\n\t\t\t\t<div class=\"elementor-element elementor-element-26f9b5ab elementor-widget elementor-widget-image\" data-id=\"26f9b5ab\" data-element_type=\"widget\" data-e-type=\"widget\" data-widget_type=\"image.default\">\n\t\t\t\t<div class=\"elementor-widget-container\">\n\t\t\t\t\t\t\t\t\t\t\t\t\t\t\t<img loading=\"lazy\" decoding=\"async\" width=\"1024\" height=\"683\" src=\"https:\/\/www.cooperativasocialeatena.it\/wp-content\/uploads\/2023\/12\/shutterstock_1910306026-1-1024x683-1.jpg\" class=\"attachment-full size-full wp-image-744\" alt=\"\" srcset=\"https:\/\/www.cooperativasocialeatena.it\/wp-content\/uploads\/2023\/12\/shutterstock_1910306026-1-1024x683-1.jpg 1024w, https:\/\/www.cooperativasocialeatena.it\/wp-content\/uploads\/2023\/12\/shutterstock_1910306026-1-1024x683-1-300x200.jpg 300w, https:\/\/www.cooperativasocialeatena.it\/wp-content\/uploads\/2023\/12\/shutterstock_1910306026-1-1024x683-1-768x512.jpg 768w\" sizes=\"(max-width: 1024px) 100vw, 1024px\" \/>\t\t\t\t\t\t\t\t\t\t\t\t\t\t\t<\/div>\n\t\t\t\t<\/div>\n\t\t\t\t<\/div>\n\t\t<div class=\"elementor-element elementor-element-7394af08 e-con-full e-flex wpr-particle-no wpr-jarallax-no wpr-parallax-no wpr-sticky-section-no wpr-column-slider-no wpr-equal-height-no e-con e-child\" data-id=\"7394af08\" data-element_type=\"container\" data-e-type=\"container\" data-settings=\"{&quot;_ha_eqh_enable&quot;:false}\">\n\t\t\t\t<div class=\"elementor-element elementor-element-3799aac0 elementor-widget elementor-widget-text-editor\" data-id=\"3799aac0\" data-element_type=\"widget\" data-e-type=\"widget\" data-widget_type=\"text-editor.default\">\n\t\t\t\t<div class=\"elementor-widget-container\">\n\t\t\t\t\t\t\t\t\t<p>Il servizio di Assistenza Domiciliare Socio-Assistenziale (ADS) \u00e8 un servizio rivolto a soggetti con limitata autonomia, che vivono da soli con famiglie che non sono in grado di assicurare un buon livello di assistenza per la cura e l\u2019igiene dellapersona e della casa oltre che per il mantenimento delle condizioni di autonomia. La finalit\u00e0 \u00e8 quella di favorire la per permanenza dell\u2019anziano nel suo ambiente abitativo e sociale e di accrescere la sua capacit\u00e0 di autodeterminazione, sia attraverso attivit\u00e0 socializzanti limitando il rischio di emarginazione sociale, sia attraverso prestazioni assistenziali atte a prevenire malattie cronico degenerative. Il servizio ADS comprende prestazioni volte al sostegno di carattere organizzativo per lo svolgimento delle attivit\u00e0 di base della vita quotidiana e di prestazioni volte allo svolgimento delle attivit\u00e0 strumentali<\/p>\t\t\t\t\t\t\t\t<\/div>\n\t\t\t\t<\/div>\n\t\t\t\t<\/div>\n\t\t<div class=\"elementor-element elementor-element-2f430334 e-con-full e-flex wpr-particle-no wpr-jarallax-no wpr-parallax-no wpr-sticky-section-no wpr-column-slider-no wpr-equal-height-no e-con e-child\" data-id=\"2f430334\" data-element_type=\"container\" data-e-type=\"container\" data-settings=\"{&quot;_ha_eqh_enable&quot;:false}\">\n\t\t\t\t<div class=\"elementor-element elementor-element-60f8c608 elementor-widget elementor-widget-heading\" data-id=\"60f8c608\" data-element_type=\"widget\" data-e-type=\"widget\" data-widget_type=\"heading.default\">\n\t\t\t\t<div class=\"elementor-widget-container\">\n\t\t\t\t\t<h3 class=\"elementor-heading-title elementor-size-default\">Destinatari: Anziani non autosufficienti e parzialmente autosufficienti<\/h3>\t\t\t\t<\/div>\n\t\t\t\t<\/div>\n\t\t\t\t<\/div>\n\t\t\t\t\t<\/div>\n\t\t\t\t<\/div>\n\t\t<div class=\"elementor-element elementor-element-6d25b54 e-flex e-con-boxed wpr-particle-no wpr-jarallax-no wpr-parallax-no wpr-sticky-section-no wpr-column-slider-no wpr-equal-height-no e-con e-parent\" data-id=\"6d25b54\" data-element_type=\"container\" data-e-type=\"container\" data-settings=\"{&quot;_ha_eqh_enable&quot;:false}\">\n\t\t\t\t\t<div class=\"e-con-inner\">\n\t\t\t\t<div class=\"elementor-element elementor-element-485bdc0 elementor-widget-divider--view-line elementor-widget elementor-widget-divider\" data-id=\"485bdc0\" data-element_type=\"widget\" data-e-type=\"widget\" data-widget_type=\"divider.default\">\n\t\t\t\t<div class=\"elementor-widget-container\">\n\t\t\t\t\t\t\t<div class=\"elementor-divider\">\n\t\t\t<span class=\"elementor-divider-separator\">\n\t\t\t\t\t\t<\/span>\n\t\t<\/div>\n\t\t\t\t\t\t<\/div>\n\t\t\t\t<\/div>\n\t\t\t\t\t<\/div>\n\t\t\t\t<\/div>\n\t\t<div class=\"elementor-element elementor-element-65d1d273 e-flex e-con-boxed wpr-particle-no wpr-jarallax-no wpr-parallax-no wpr-sticky-section-no wpr-column-slider-no wpr-equal-height-no elementor-invisible e-con e-parent\" data-id=\"65d1d273\" data-element_type=\"container\" data-e-type=\"container\" data-settings=\"{&quot;animation&quot;:&quot;fadeInRight&quot;,&quot;_ha_eqh_enable&quot;:false}\">\n\t\t\t\t\t<div class=\"e-con-inner\">\n\t\t<div class=\"elementor-element elementor-element-3db2b6f6 e-con-full e-flex wpr-particle-no wpr-jarallax-no wpr-parallax-no wpr-sticky-section-no wpr-column-slider-no wpr-equal-height-no e-con e-child\" data-id=\"3db2b6f6\" data-element_type=\"container\" data-e-type=\"container\" data-settings=\"{&quot;_ha_eqh_enable&quot;:false}\">\n\t\t\t\t<div class=\"elementor-element elementor-element-41f3d912 elementor-widget elementor-widget-menu-anchor\" data-id=\"41f3d912\" data-element_type=\"widget\" data-e-type=\"widget\" data-widget_type=\"menu-anchor.default\">\n\t\t\t\t<div class=\"elementor-widget-container\">\n\t\t\t\t\t\t\t<div class=\"elementor-menu-anchor\" id=\"RSA\"><\/div>\n\t\t\t\t\t\t<\/div>\n\t\t\t\t<\/div>\n\t\t\t\t<div class=\"elementor-element elementor-element-4a8dd49 elementor-widget elementor-widget-heading\" data-id=\"4a8dd49\" data-element_type=\"widget\" data-e-type=\"widget\" data-widget_type=\"heading.default\">\n\t\t\t\t<div class=\"elementor-widget-container\">\n\t\t\t\t\t<h2 class=\"elementor-heading-title elementor-size-default\"> Servizio Residenze per Anziani (R.S.A.)<\/h2>\t\t\t\t<\/div>\n\t\t\t\t<\/div>\n\t\t\t\t<\/div>\n\t\t<div class=\"elementor-element elementor-element-13be7f81 e-con-full e-flex wpr-particle-no wpr-jarallax-no wpr-parallax-no wpr-sticky-section-no wpr-column-slider-no wpr-equal-height-no e-con e-child\" data-id=\"13be7f81\" data-element_type=\"container\" data-e-type=\"container\" data-settings=\"{&quot;_ha_eqh_enable&quot;:false}\">\n\t\t\t\t<div class=\"elementor-element elementor-element-50ba7a6d elementor-widget elementor-widget-text-editor\" data-id=\"50ba7a6d\" data-element_type=\"widget\" data-e-type=\"widget\" data-widget_type=\"text-editor.default\">\n\t\t\t\t<div class=\"elementor-widget-container\">\n\t\t\t\t\t\t\t\t\t<div><div>La Residenza Sanitaria Assistenziale (R.S.A.) assicura tutti i servizi prescritti dalle normative nazionali e regionali in ordine alla gestione di residenze sanitarie per anziani. La R.S.A. rappresenta una soluzione di cura e assistenza dell\u2019anziano non autosufficiente quando non pu\u00f2 essere attuata un\u2019assistenza presso il proprio domicilio per cause di tipo sanitario e socio-ambientale.L\u2019obiettivo \u00e8 il raggiungimento e il mantenimento del miglior livello possibile della qualit\u00e0 della vita dell\u2019ospite, in un ambiente residenziale e protetto<\/div><\/div>\t\t\t\t\t\t\t\t<\/div>\n\t\t\t\t<\/div>\n\t\t\t\t<\/div>\n\t\t<div class=\"elementor-element elementor-element-38bade9 e-con-full e-flex wpr-particle-no wpr-jarallax-no wpr-parallax-no wpr-sticky-section-no wpr-column-slider-no wpr-equal-height-no e-con e-child\" data-id=\"38bade9\" data-element_type=\"container\" data-e-type=\"container\" data-settings=\"{&quot;_ha_eqh_enable&quot;:false}\">\n\t\t\t\t<div class=\"elementor-element elementor-element-5a2b0a72 elementor-widget elementor-widget-image\" data-id=\"5a2b0a72\" data-element_type=\"widget\" data-e-type=\"widget\" data-widget_type=\"image.default\">\n\t\t\t\t<div class=\"elementor-widget-container\">\n\t\t\t\t\t\t\t\t\t\t\t\t\t\t\t<img loading=\"lazy\" decoding=\"async\" width=\"690\" height=\"518\" src=\"https:\/\/www.cooperativasocialeatena.it\/wp-content\/uploads\/2023\/12\/Le-tipologie-di-residenze-per-anziani.jpg\" class=\"attachment-large size-large wp-image-748\" alt=\"\" srcset=\"https:\/\/www.cooperativasocialeatena.it\/wp-content\/uploads\/2023\/12\/Le-tipologie-di-residenze-per-anziani.jpg 1024w, https:\/\/www.cooperativasocialeatena.it\/wp-content\/uploads\/2023\/12\/Le-tipologie-di-residenze-per-anziani-300x225.jpg 300w, https:\/\/www.cooperativasocialeatena.it\/wp-content\/uploads\/2023\/12\/Le-tipologie-di-residenze-per-anziani-768x576.jpg 768w\" sizes=\"(max-width: 690px) 100vw, 690px\" \/>\t\t\t\t\t\t\t\t\t\t\t\t\t\t\t<\/div>\n\t\t\t\t<\/div>\n\t\t\t\t<\/div>\n\t\t<div class=\"elementor-element elementor-element-12ff75c7 e-con-full e-flex wpr-particle-no wpr-jarallax-no wpr-parallax-no wpr-sticky-section-no wpr-column-slider-no wpr-equal-height-no e-con e-child\" data-id=\"12ff75c7\" data-element_type=\"container\" data-e-type=\"container\" data-settings=\"{&quot;_ha_eqh_enable&quot;:false}\">\n\t\t\t\t<div class=\"elementor-element elementor-element-79a6e655 elementor-widget elementor-widget-heading\" data-id=\"79a6e655\" data-element_type=\"widget\" data-e-type=\"widget\" data-widget_type=\"heading.default\">\n\t\t\t\t<div class=\"elementor-widget-container\">\n\t\t\t\t\t<h3 class=\"elementor-heading-title elementor-size-default\">Destinatari: Anziani non autosufficienti e parzialmente autosufficienti<\/h3>\t\t\t\t<\/div>\n\t\t\t\t<\/div>\n\t\t\t\t<\/div>\n\t\t\t\t\t<\/div>\n\t\t\t\t<\/div>\n\t\t<div class=\"elementor-element elementor-element-ead4356 e-flex e-con-boxed wpr-particle-no wpr-jarallax-no wpr-parallax-no wpr-sticky-section-no wpr-column-slider-no wpr-equal-height-no e-con e-parent\" data-id=\"ead4356\" data-element_type=\"container\" data-e-type=\"container\" data-settings=\"{&quot;_ha_eqh_enable&quot;:false}\">\n\t\t\t\t\t<div class=\"e-con-inner\">\n\t\t\t\t<div class=\"elementor-element elementor-element-5aa6c87 elementor-widget-divider--view-line elementor-widget elementor-widget-divider\" data-id=\"5aa6c87\" data-element_type=\"widget\" data-e-type=\"widget\" data-widget_type=\"divider.default\">\n\t\t\t\t<div class=\"elementor-widget-container\">\n\t\t\t\t\t\t\t<div class=\"elementor-divider\">\n\t\t\t<span class=\"elementor-divider-separator\">\n\t\t\t\t\t\t<\/span>\n\t\t<\/div>\n\t\t\t\t\t\t<\/div>\n\t\t\t\t<\/div>\n\t\t\t\t\t<\/div>\n\t\t\t\t<\/div>\n\t\t<div class=\"elementor-element elementor-element-39c159a9 e-flex e-con-boxed wpr-particle-no wpr-jarallax-no wpr-parallax-no wpr-sticky-section-no wpr-column-slider-no wpr-equal-height-no elementor-invisible e-con e-parent\" data-id=\"39c159a9\" data-element_type=\"container\" data-e-type=\"container\" data-settings=\"{&quot;animation&quot;:&quot;fadeInLeft&quot;,&quot;_ha_eqh_enable&quot;:false}\">\n\t\t\t\t\t<div class=\"e-con-inner\">\n\t\t<div class=\"elementor-element elementor-element-41f6da63 e-con-full e-flex wpr-particle-no wpr-jarallax-no wpr-parallax-no wpr-sticky-section-no wpr-column-slider-no wpr-equal-height-no e-con e-child\" data-id=\"41f6da63\" data-element_type=\"container\" data-e-type=\"container\" data-settings=\"{&quot;_ha_eqh_enable&quot;:false}\">\n\t\t\t\t<div class=\"elementor-element elementor-element-71e6e4d0 elementor-widget elementor-widget-menu-anchor\" data-id=\"71e6e4d0\" data-element_type=\"widget\" data-e-type=\"widget\" data-widget_type=\"menu-anchor.default\">\n\t\t\t\t<div class=\"elementor-widget-container\">\n\t\t\t\t\t\t\t<div class=\"elementor-menu-anchor\" id=\"CSC\"><\/div>\n\t\t\t\t\t\t<\/div>\n\t\t\t\t<\/div>\n\t\t\t\t<div class=\"elementor-element elementor-element-a26aa60 elementor-widget elementor-widget-heading\" data-id=\"a26aa60\" data-element_type=\"widget\" data-e-type=\"widget\" data-widget_type=\"heading.default\">\n\t\t\t\t<div class=\"elementor-widget-container\">\n\t\t\t\t\t<h2 class=\"elementor-heading-title elementor-size-default\">Centri Sociali e Culturali<\/h2>\t\t\t\t<\/div>\n\t\t\t\t<\/div>\n\t\t\t\t<\/div>\n\t\t<div class=\"elementor-element elementor-element-7265585d e-con-full e-flex wpr-particle-no wpr-jarallax-no wpr-parallax-no wpr-sticky-section-no wpr-column-slider-no wpr-equal-height-no e-con e-child\" data-id=\"7265585d\" data-element_type=\"container\" data-e-type=\"container\" data-settings=\"{&quot;_ha_eqh_enable&quot;:false}\">\n\t\t\t\t<div class=\"elementor-element elementor-element-128818cc elementor-widget elementor-widget-image\" data-id=\"128818cc\" data-element_type=\"widget\" data-e-type=\"widget\" data-widget_type=\"image.default\">\n\t\t\t\t<div class=\"elementor-widget-container\">\n\t\t\t\t\t\t\t\t\t\t\t\t\t\t\t<img loading=\"lazy\" decoding=\"async\" width=\"700\" height=\"500\" src=\"https:\/\/www.cooperativasocialeatena.it\/wp-content\/uploads\/2023\/12\/gruppo-di-anziani-che-giocano-a-scacchi.jpg\" class=\"attachment-full size-full wp-image-752\" alt=\"\" srcset=\"https:\/\/www.cooperativasocialeatena.it\/wp-content\/uploads\/2023\/12\/gruppo-di-anziani-che-giocano-a-scacchi.jpg 700w, https:\/\/www.cooperativasocialeatena.it\/wp-content\/uploads\/2023\/12\/gruppo-di-anziani-che-giocano-a-scacchi-300x214.jpg 300w\" sizes=\"(max-width: 700px) 100vw, 700px\" \/>\t\t\t\t\t\t\t\t\t\t\t\t\t\t\t<\/div>\n\t\t\t\t<\/div>\n\t\t\t\t<\/div>\n\t\t<div class=\"elementor-element elementor-element-67472bd7 e-con-full e-flex wpr-particle-no wpr-jarallax-no wpr-parallax-no wpr-sticky-section-no wpr-column-slider-no wpr-equal-height-no e-con e-child\" data-id=\"67472bd7\" data-element_type=\"container\" data-e-type=\"container\" data-settings=\"{&quot;_ha_eqh_enable&quot;:false}\">\n\t\t\t\t<div class=\"elementor-element elementor-element-7ccdb6f5 elementor-widget elementor-widget-text-editor\" data-id=\"7ccdb6f5\" data-element_type=\"widget\" data-e-type=\"widget\" data-widget_type=\"text-editor.default\">\n\t\t\t\t<div class=\"elementor-widget-container\">\n\t\t\t\t\t\t\t\t\t<p>Sono centri in cui l\u2019anziano svolge attivit\u00e0 di tipo sociale, culturale e del tempo libero, le attivit\u00e0 svolte sono: laboratori artigianali, gite culturali e\/o di svago, attivit\u00e0 ricreative, momenti di confronto e di discussione, animazione, canto, ballo.Generalmente questi centri sono gestiti dagli anziani stessi, e comunque aperti a tutti i cittadini<\/p>\t\t\t\t\t\t\t\t<\/div>\n\t\t\t\t<\/div>\n\t\t\t\t<\/div>\n\t\t<div class=\"elementor-element elementor-element-1bd52c83 e-con-full e-flex wpr-particle-no wpr-jarallax-no wpr-parallax-no wpr-sticky-section-no wpr-column-slider-no wpr-equal-height-no e-con e-child\" data-id=\"1bd52c83\" data-element_type=\"container\" data-e-type=\"container\" data-settings=\"{&quot;_ha_eqh_enable&quot;:false}\">\n\t\t\t\t<div class=\"elementor-element elementor-element-1dfcb6fa elementor-widget elementor-widget-heading\" data-id=\"1dfcb6fa\" data-element_type=\"widget\" data-e-type=\"widget\" data-widget_type=\"heading.default\">\n\t\t\t\t<div class=\"elementor-widget-container\">\n\t\t\t\t\t<h3 class=\"elementor-heading-title elementor-size-default\">Destinatari: Anziani autosufficienti<\/h3>\t\t\t\t<\/div>\n\t\t\t\t<\/div>\n\t\t\t\t<\/div>\n\t\t\t\t\t<\/div>\n\t\t\t\t<\/div>\n\t\t<div class=\"elementor-element elementor-element-5595fcf e-flex e-con-boxed wpr-particle-no wpr-jarallax-no wpr-parallax-no wpr-sticky-section-no wpr-column-slider-no wpr-equal-height-no e-con e-parent\" data-id=\"5595fcf\" data-element_type=\"container\" data-e-type=\"container\" data-settings=\"{&quot;_ha_eqh_enable&quot;:false}\">\n\t\t\t\t\t<div class=\"e-con-inner\">\n\t\t\t\t<div class=\"elementor-element elementor-element-f0035e8 elementor-widget-divider--view-line elementor-widget elementor-widget-divider\" data-id=\"f0035e8\" data-element_type=\"widget\" data-e-type=\"widget\" data-widget_type=\"divider.default\">\n\t\t\t\t<div class=\"elementor-widget-container\">\n\t\t\t\t\t\t\t<div class=\"elementor-divider\">\n\t\t\t<span class=\"elementor-divider-separator\">\n\t\t\t\t\t\t<\/span>\n\t\t<\/div>\n\t\t\t\t\t\t<\/div>\n\t\t\t\t<\/div>\n\t\t\t\t\t<\/div>\n\t\t\t\t<\/div>\n\t\t<div class=\"elementor-element elementor-element-545cd8a1 e-flex e-con-boxed wpr-particle-no wpr-jarallax-no wpr-parallax-no wpr-sticky-section-no wpr-column-slider-no wpr-equal-height-no elementor-invisible e-con e-parent\" data-id=\"545cd8a1\" data-element_type=\"container\" data-e-type=\"container\" data-settings=\"{&quot;animation&quot;:&quot;fadeInRight&quot;,&quot;_ha_eqh_enable&quot;:false}\">\n\t\t\t\t\t<div class=\"e-con-inner\">\n\t\t<div class=\"elementor-element elementor-element-2cd6993c e-con-full e-flex wpr-particle-no wpr-jarallax-no wpr-parallax-no wpr-sticky-section-no wpr-column-slider-no wpr-equal-height-no e-con e-child\" data-id=\"2cd6993c\" data-element_type=\"container\" data-e-type=\"container\" data-settings=\"{&quot;_ha_eqh_enable&quot;:false}\">\n\t\t\t\t<div class=\"elementor-element elementor-element-5d4ab7d7 elementor-widget elementor-widget-menu-anchor\" data-id=\"5d4ab7d7\" data-element_type=\"widget\" data-e-type=\"widget\" data-widget_type=\"menu-anchor.default\">\n\t\t\t\t<div class=\"elementor-widget-container\">\n\t\t\t\t\t\t\t<div class=\"elementor-menu-anchor\" id=\"PUA\"><\/div>\n\t\t\t\t\t\t<\/div>\n\t\t\t\t<\/div>\n\t\t\t\t<div class=\"elementor-element elementor-element-554561ed elementor-widget elementor-widget-heading\" data-id=\"554561ed\" data-element_type=\"widget\" data-e-type=\"widget\" data-widget_type=\"heading.default\">\n\t\t\t\t<div class=\"elementor-widget-container\">\n\t\t\t\t\t<h2 class=\"elementor-heading-title elementor-size-default\">Porta Unica di Accesso (P.U.A)<\/h2>\t\t\t\t<\/div>\n\t\t\t\t<\/div>\n\t\t\t\t<\/div>\n\t\t<div class=\"elementor-element elementor-element-48b88499 e-con-full e-flex wpr-particle-no wpr-jarallax-no wpr-parallax-no wpr-sticky-section-no wpr-column-slider-no wpr-equal-height-no e-con e-child\" data-id=\"48b88499\" data-element_type=\"container\" data-e-type=\"container\" data-settings=\"{&quot;_ha_eqh_enable&quot;:false}\">\n\t\t\t\t<div class=\"elementor-element elementor-element-3827f2d4 elementor-widget elementor-widget-text-editor\" data-id=\"3827f2d4\" data-element_type=\"widget\" data-e-type=\"widget\" data-widget_type=\"text-editor.default\">\n\t\t\t\t<div class=\"elementor-widget-container\">\n\t\t\t\t\t\t\t\t\t<p>Nelle attivit\u00e0 della P.U.A. (Porta Unica di Accesso) rientrano attivit\u00e0 connesse all\u2019istruttoria delle richieste di assistenza socio sanitaria complessa in quanto integrata con i servizi socio-assistenziali d\u2019Ambito e i servizi sanitari dell\u2019ASL.La P.U.A. si rende necessaria al fine di fornire funzioni di accesso, valutazione del fabbisogno e presa in carico degli anziani non autosufficienti.Rappresenta l\u2019anello operativo strategico per il recepimento unitario delle istanze sociali, sanitarie e socio-sanitarie, dall\u2019accoglienza dell\u2019utente fino alla chiusura della sua pratica.La Porta Unica di Accesso:-si occupa di Front office;-si occupa di Funzioni di accoglienza e ascolto del bisogno;-\u00e8 dotata di strumenti idonei per la comunicazione telefonica e informatica;-si occupa della raccolta e dell\u2019archiviazione delle informazioni;-si occupa di back office perl\u2019accompagnamento delle istanze e per il collegamento con i servizi;-ha funzioni di Coordinamento con il Distretto Sanitario e con l\u2019Ambito Sociale;-si integra con i servizi e le risorse del territorio<\/p>\t\t\t\t\t\t\t\t<\/div>\n\t\t\t\t<\/div>\n\t\t\t\t<\/div>\n\t\t<div class=\"elementor-element elementor-element-780ce7fa e-con-full e-flex wpr-particle-no wpr-jarallax-no wpr-parallax-no wpr-sticky-section-no wpr-column-slider-no wpr-equal-height-no e-con e-child\" data-id=\"780ce7fa\" data-element_type=\"container\" data-e-type=\"container\" data-settings=\"{&quot;_ha_eqh_enable&quot;:false}\">\n\t\t\t\t<div class=\"elementor-element elementor-element-2eac4c04 elementor-widget elementor-widget-image\" data-id=\"2eac4c04\" data-element_type=\"widget\" data-e-type=\"widget\" data-widget_type=\"image.default\">\n\t\t\t\t<div class=\"elementor-widget-container\">\n\t\t\t\t\t\t\t\t\t\t\t\t\t\t\t<img loading=\"lazy\" decoding=\"async\" width=\"1920\" height=\"1280\" src=\"https:\/\/www.cooperativasocialeatena.it\/wp-content\/uploads\/2023\/12\/adulti_anziani_hands-2906458_1920.jpg\" class=\"attachment-full size-full wp-image-764\" alt=\"\" srcset=\"https:\/\/www.cooperativasocialeatena.it\/wp-content\/uploads\/2023\/12\/adulti_anziani_hands-2906458_1920.jpg 1920w, https:\/\/www.cooperativasocialeatena.it\/wp-content\/uploads\/2023\/12\/adulti_anziani_hands-2906458_1920-300x200.jpg 300w, https:\/\/www.cooperativasocialeatena.it\/wp-content\/uploads\/2023\/12\/adulti_anziani_hands-2906458_1920-1024x683.jpg 1024w, https:\/\/www.cooperativasocialeatena.it\/wp-content\/uploads\/2023\/12\/adulti_anziani_hands-2906458_1920-768x512.jpg 768w, https:\/\/www.cooperativasocialeatena.it\/wp-content\/uploads\/2023\/12\/adulti_anziani_hands-2906458_1920-1536x1024.jpg 1536w\" sizes=\"(max-width: 1920px) 100vw, 1920px\" \/>\t\t\t\t\t\t\t\t\t\t\t\t\t\t\t<\/div>\n\t\t\t\t<\/div>\n\t\t\t\t<\/div>\n\t\t<div class=\"elementor-element elementor-element-12b8edbf e-con-full e-flex wpr-particle-no wpr-jarallax-no wpr-parallax-no wpr-sticky-section-no wpr-column-slider-no wpr-equal-height-no e-con e-child\" data-id=\"12b8edbf\" data-element_type=\"container\" data-e-type=\"container\" data-settings=\"{&quot;_ha_eqh_enable&quot;:false}\">\n\t\t\t\t<div class=\"elementor-element elementor-element-293f7cb2 elementor-widget elementor-widget-heading\" data-id=\"293f7cb2\" data-element_type=\"widget\" data-e-type=\"widget\" data-widget_type=\"heading.default\">\n\t\t\t\t<div class=\"elementor-widget-container\">\n\t\t\t\t\t<h3 class=\"elementor-heading-title elementor-size-default\">Destinatari: Anziani autosufficienti, non autosufficienti e parzialmente sufficienti<\/h3>\t\t\t\t<\/div>\n\t\t\t\t<\/div>\n\t\t\t\t<\/div>\n\t\t\t\t\t<\/div>\n\t\t\t\t<\/div>\n\t\t<div class=\"elementor-element elementor-element-981b1ec e-flex e-con-boxed wpr-particle-no wpr-jarallax-no wpr-parallax-no wpr-sticky-section-no wpr-column-slider-no wpr-equal-height-no e-con e-parent\" data-id=\"981b1ec\" data-element_type=\"container\" data-e-type=\"container\" data-settings=\"{&quot;_ha_eqh_enable&quot;:false}\">\n\t\t\t\t\t<div class=\"e-con-inner\">\n\t\t\t\t<div class=\"elementor-element elementor-element-acd3dfc elementor-widget-divider--view-line elementor-widget elementor-widget-divider\" data-id=\"acd3dfc\" data-element_type=\"widget\" data-e-type=\"widget\" data-widget_type=\"divider.default\">\n\t\t\t\t<div class=\"elementor-widget-container\">\n\t\t\t\t\t\t\t<div class=\"elementor-divider\">\n\t\t\t<span class=\"elementor-divider-separator\">\n\t\t\t\t\t\t<\/span>\n\t\t<\/div>\n\t\t\t\t\t\t<\/div>\n\t\t\t\t<\/div>\n\t\t\t\t\t<\/div>\n\t\t\t\t<\/div>\n\t\t<div class=\"elementor-element elementor-element-2475006f e-flex e-con-boxed wpr-particle-no wpr-jarallax-no wpr-parallax-no wpr-sticky-section-no wpr-column-slider-no wpr-equal-height-no elementor-invisible e-con e-parent\" data-id=\"2475006f\" data-element_type=\"container\" data-e-type=\"container\" data-settings=\"{&quot;animation&quot;:&quot;fadeInLeft&quot;,&quot;_ha_eqh_enable&quot;:false}\">\n\t\t\t\t\t<div class=\"e-con-inner\">\n\t\t<div class=\"elementor-element elementor-element-17a27455 e-con-full e-flex wpr-particle-no wpr-jarallax-no wpr-parallax-no wpr-sticky-section-no wpr-column-slider-no wpr-equal-height-no e-con e-child\" data-id=\"17a27455\" data-element_type=\"container\" data-e-type=\"container\" data-settings=\"{&quot;_ha_eqh_enable&quot;:false}\">\n\t\t\t\t<div class=\"elementor-element elementor-element-4709d10 elementor-widget elementor-widget-menu-anchor\" data-id=\"4709d10\" data-element_type=\"widget\" data-e-type=\"widget\" data-widget_type=\"menu-anchor.default\">\n\t\t\t\t<div class=\"elementor-widget-container\">\n\t\t\t\t\t\t\t<div class=\"elementor-menu-anchor\" id=\"TTS\"><\/div>\n\t\t\t\t\t\t<\/div>\n\t\t\t\t<\/div>\n\t\t\t\t<div class=\"elementor-element elementor-element-397c48da elementor-widget elementor-widget-heading\" data-id=\"397c48da\" data-element_type=\"widget\" data-e-type=\"widget\" data-widget_type=\"heading.default\">\n\t\t\t\t<div class=\"elementor-widget-container\">\n\t\t\t\t\t<h2 class=\"elementor-heading-title elementor-size-default\">Teleassistenza e Telesoccorso<\/h2>\t\t\t\t<\/div>\n\t\t\t\t<\/div>\n\t\t\t\t<\/div>\n\t\t<div class=\"elementor-element elementor-element-5f769faa e-con-full e-flex wpr-particle-no wpr-jarallax-no wpr-parallax-no wpr-sticky-section-no wpr-column-slider-no wpr-equal-height-no e-con e-child\" data-id=\"5f769faa\" data-element_type=\"container\" data-e-type=\"container\" data-settings=\"{&quot;_ha_eqh_enable&quot;:false}\">\n\t\t\t\t<div class=\"elementor-element elementor-element-405566f elementor-widget elementor-widget-image\" data-id=\"405566f\" data-element_type=\"widget\" data-e-type=\"widget\" data-widget_type=\"image.default\">\n\t\t\t\t<div class=\"elementor-widget-container\">\n\t\t\t\t\t\t\t\t\t\t\t\t\t\t\t<img loading=\"lazy\" decoding=\"async\" width=\"900\" height=\"600\" src=\"https:\/\/www.cooperativasocialeatena.it\/wp-content\/uploads\/2023\/12\/telemedicina-anziani.jpg\" class=\"attachment-full size-full wp-image-760\" alt=\"\" srcset=\"https:\/\/www.cooperativasocialeatena.it\/wp-content\/uploads\/2023\/12\/telemedicina-anziani.jpg 900w, https:\/\/www.cooperativasocialeatena.it\/wp-content\/uploads\/2023\/12\/telemedicina-anziani-300x200.jpg 300w, https:\/\/www.cooperativasocialeatena.it\/wp-content\/uploads\/2023\/12\/telemedicina-anziani-768x512.jpg 768w\" sizes=\"(max-width: 900px) 100vw, 900px\" \/>\t\t\t\t\t\t\t\t\t\t\t\t\t\t\t<\/div>\n\t\t\t\t<\/div>\n\t\t\t\t<\/div>\n\t\t<div class=\"elementor-element elementor-element-223a2e25 e-con-full e-flex wpr-particle-no wpr-jarallax-no wpr-parallax-no wpr-sticky-section-no wpr-column-slider-no wpr-equal-height-no e-con e-child\" data-id=\"223a2e25\" data-element_type=\"container\" data-e-type=\"container\" data-settings=\"{&quot;_ha_eqh_enable&quot;:false}\">\n\t\t\t\t<div class=\"elementor-element elementor-element-4eba120b elementor-widget elementor-widget-text-editor\" data-id=\"4eba120b\" data-element_type=\"widget\" data-e-type=\"widget\" data-widget_type=\"text-editor.default\">\n\t\t\t\t<div class=\"elementor-widget-container\">\n\t\t\t\t\t\t\t\t\t<p>l servizio di teleassistenza e telesoccorso domiciliare, \u00e8 inteso come prestazione sociale agevolata, rivolto a persone in particolari condizioni psicofisiche e di vita familiare, comportanti potenziali situazioni di rischio che necessitano di un monitoraggio realizzabile anche mediante strumenti telematici.Il servizio di teleassistenza \u00e8 un complesso di interventi diversi e complementari volti a garantire l&#8217;autonomia della persona che, dal proprio domicilio, attraverso il collegamento telematico di un dispositivo connesso con un centro di raccolta dei segnali di allarme opportunamente organizzato su 24 h. con la presenza di un operatore,al fine di ricevere servizi necessari a garantire la permanenza nel proprio contesto di vita.La funzione di telesoccorso fronteggia situazioni di emergenza-salute e\/o di emergenza-sicurezza che richiedono un intervento immediato volto al soccorso.La funzione di telecontrollo assicura un\u2019azione di prevenzione socio-sanitaria, di accertamento delle condizioni psico-fisiche degli utenti, di loro sostegno psico-relazionale e di verifica del buon funzionamento delle apparecchiature<\/p>\t\t\t\t\t\t\t\t<\/div>\n\t\t\t\t<\/div>\n\t\t\t\t<\/div>\n\t\t<div class=\"elementor-element elementor-element-18d47807 e-con-full e-flex wpr-particle-no wpr-jarallax-no wpr-parallax-no wpr-sticky-section-no wpr-column-slider-no wpr-equal-height-no e-con e-child\" data-id=\"18d47807\" data-element_type=\"container\" data-e-type=\"container\" data-settings=\"{&quot;_ha_eqh_enable&quot;:false}\">\n\t\t\t\t<div class=\"elementor-element elementor-element-4aa80359 elementor-widget elementor-widget-heading\" data-id=\"4aa80359\" data-element_type=\"widget\" data-e-type=\"widget\" data-widget_type=\"heading.default\">\n\t\t\t\t<div class=\"elementor-widget-container\">\n\t\t\t\t\t<h3 class=\"elementor-heading-title elementor-size-default\">Destinatari: Cittadini anziani a rischio sociale e sanitario privi di un adeguato supporto familiare<\/h3>\t\t\t\t<\/div>\n\t\t\t\t<\/div>\n\t\t\t\t<\/div>\n\t\t\t\t\t<\/div>\n\t\t\t\t<\/div>\n\t\t<div class=\"elementor-element elementor-element-86bcda1 e-flex e-con-boxed wpr-particle-no wpr-jarallax-no wpr-parallax-no wpr-sticky-section-no wpr-column-slider-no wpr-equal-height-no e-con e-parent\" data-id=\"86bcda1\" data-element_type=\"container\" data-e-type=\"container\" data-settings=\"{&quot;_ha_eqh_enable&quot;:false}\">\n\t\t\t\t\t<div class=\"e-con-inner\">\n\t\t\t\t<div class=\"elementor-element elementor-element-2379b70 elementor-widget-divider--view-line elementor-widget elementor-widget-divider\" data-id=\"2379b70\" data-element_type=\"widget\" data-e-type=\"widget\" data-widget_type=\"divider.default\">\n\t\t\t\t<div class=\"elementor-widget-container\">\n\t\t\t\t\t\t\t<div class=\"elementor-divider\">\n\t\t\t<span class=\"elementor-divider-separator\">\n\t\t\t\t\t\t<\/span>\n\t\t<\/div>\n\t\t\t\t\t\t<\/div>\n\t\t\t\t<\/div>\n\t\t\t\t\t<\/div>\n\t\t\t\t<\/div>\n\t\t<div class=\"elementor-element elementor-element-1f40daa0 e-flex e-con-boxed wpr-particle-no wpr-jarallax-no wpr-parallax-no wpr-sticky-section-no wpr-column-slider-no wpr-equal-height-no elementor-invisible e-con e-parent\" data-id=\"1f40daa0\" data-element_type=\"container\" data-e-type=\"container\" data-settings=\"{&quot;animation&quot;:&quot;fadeInRight&quot;,&quot;_ha_eqh_enable&quot;:false}\">\n\t\t\t\t\t<div class=\"e-con-inner\">\n\t\t<div class=\"elementor-element elementor-element-1d6217ef e-con-full e-flex wpr-particle-no wpr-jarallax-no wpr-parallax-no wpr-sticky-section-no wpr-column-slider-no wpr-equal-height-no e-con e-child\" data-id=\"1d6217ef\" data-element_type=\"container\" data-e-type=\"container\" data-settings=\"{&quot;_ha_eqh_enable&quot;:false}\">\n\t\t\t\t<div class=\"elementor-element elementor-element-6c7b12 elementor-widget elementor-widget-menu-anchor\" data-id=\"6c7b12\" data-element_type=\"widget\" data-e-type=\"widget\" data-widget_type=\"menu-anchor.default\">\n\t\t\t\t<div class=\"elementor-widget-container\">\n\t\t\t\t\t\t\t<div class=\"elementor-menu-anchor\" id=\"VANZ\"><\/div>\n\t\t\t\t\t\t<\/div>\n\t\t\t\t<\/div>\n\t\t\t\t<div class=\"elementor-element elementor-element-22cb4f09 elementor-widget elementor-widget-heading\" data-id=\"22cb4f09\" data-element_type=\"widget\" data-e-type=\"widget\" data-widget_type=\"heading.default\">\n\t\t\t\t<div class=\"elementor-widget-container\">\n\t\t\t\t\t<h2 class=\"elementor-heading-title elementor-size-default\">Vacanze Anziani<\/h2>\t\t\t\t<\/div>\n\t\t\t\t<\/div>\n\t\t\t\t<\/div>\n\t\t<div class=\"elementor-element elementor-element-8cca819 e-con-full e-flex wpr-particle-no wpr-jarallax-no wpr-parallax-no wpr-sticky-section-no wpr-column-slider-no wpr-equal-height-no e-con e-child\" data-id=\"8cca819\" data-element_type=\"container\" data-e-type=\"container\" data-settings=\"{&quot;_ha_eqh_enable&quot;:false}\">\n\t\t\t\t<div class=\"elementor-element elementor-element-286c6b90 elementor-widget elementor-widget-text-editor\" data-id=\"286c6b90\" data-element_type=\"widget\" data-e-type=\"widget\" data-widget_type=\"text-editor.default\">\n\t\t\t\t<div class=\"elementor-widget-container\">\n\t\t\t\t\t\t\t\t\t<p>Si tratta di soggiorni al mare ed in montagna da svolgere in determinati periodi dell\u2019anno, vi possono partecipare anziani autosufficienti o anziani non autosufficienti accompagnati da familiari e\/o da personale qualificato<\/p>\t\t\t\t\t\t\t\t<\/div>\n\t\t\t\t<\/div>\n\t\t\t\t<\/div>\n\t\t<div class=\"elementor-element elementor-element-244279ba e-con-full e-flex wpr-particle-no wpr-jarallax-no wpr-parallax-no wpr-sticky-section-no wpr-column-slider-no wpr-equal-height-no e-con e-child\" data-id=\"244279ba\" data-element_type=\"container\" data-e-type=\"container\" data-settings=\"{&quot;_ha_eqh_enable&quot;:false}\">\n\t\t\t\t<div class=\"elementor-element elementor-element-36fac1c1 elementor-widget elementor-widget-image\" data-id=\"36fac1c1\" data-element_type=\"widget\" data-e-type=\"widget\" data-widget_type=\"image.default\">\n\t\t\t\t<div class=\"elementor-widget-container\">\n\t\t\t\t\t\t\t\t\t\t\t\t\t\t\t<img loading=\"lazy\" decoding=\"async\" width=\"1280\" height=\"853\" src=\"https:\/\/www.cooperativasocialeatena.it\/wp-content\/uploads\/2023\/12\/vacanze-per-anziani.webp\" class=\"attachment-full size-full wp-image-768\" alt=\"\" srcset=\"https:\/\/www.cooperativasocialeatena.it\/wp-content\/uploads\/2023\/12\/vacanze-per-anziani.webp 1280w, https:\/\/www.cooperativasocialeatena.it\/wp-content\/uploads\/2023\/12\/vacanze-per-anziani-300x200.webp 300w, https:\/\/www.cooperativasocialeatena.it\/wp-content\/uploads\/2023\/12\/vacanze-per-anziani-1024x682.webp 1024w, https:\/\/www.cooperativasocialeatena.it\/wp-content\/uploads\/2023\/12\/vacanze-per-anziani-768x512.webp 768w\" sizes=\"(max-width: 1280px) 100vw, 1280px\" \/>\t\t\t\t\t\t\t\t\t\t\t\t\t\t\t<\/div>\n\t\t\t\t<\/div>\n\t\t\t\t<\/div>\n\t\t<div class=\"elementor-element elementor-element-71011616 e-con-full e-flex wpr-particle-no wpr-jarallax-no wpr-parallax-no wpr-sticky-section-no wpr-column-slider-no wpr-equal-height-no e-con e-child\" data-id=\"71011616\" data-element_type=\"container\" data-e-type=\"container\" data-settings=\"{&quot;_ha_eqh_enable&quot;:false}\">\n\t\t\t\t<div class=\"elementor-element elementor-element-5a77a368 elementor-widget elementor-widget-heading\" data-id=\"5a77a368\" data-element_type=\"widget\" data-e-type=\"widget\" data-widget_type=\"heading.default\">\n\t\t\t\t<div class=\"elementor-widget-container\">\n\t\t\t\t\t<h3 class=\"elementor-heading-title elementor-size-default\">Destinatari: Cittadini con pi\u00f9 di 65 anni autosufficienti o, altrimenti accompagnati<\/h3>\t\t\t\t<\/div>\n\t\t\t\t<\/div>\n\t\t\t\t<\/div>\n\t\t\t\t\t<\/div>\n\t\t\t\t<\/div>\n\t\t\t\t<\/div>\n\t\t","protected":false},"excerpt":{"rendered":"<p>Area Anziani Assistenza Domiciliare agli Anziani Inserimento in Centri Diurni Inserimento in strutture residenziali Assistenza domiciliare socio-assistenziale integrata con servizi sanitari (ADI) Assistenza domiciliare socio-assistenziale (A.D.S.) Servizio Residenze per Anziani (R.S.A.) Centri Sociali e Culturali Porta Unica di Accesso (P.U.A) Teleassistenza e Telesoccorso Vacanze Anziani Assistenza Domiciliare agli Anziani Per assistenza domiciliare si intende un complesso di interventi e prestazioni di carattere socio-assistenziale, anche temporanei, erogati prevalentemente presso l&#8217;abitazione dell&#8217;utente. La finalit\u00e0 del servizio \u00e8 quella di: favorire la permanenza dell\u2019anziano presso il proprio domicilio; supportare l\u2019 anziano in relazione alle difficolt\u00e0 insite nella sua condizione; sostenere il recupero e l\u2019 acquisizione possibile delle capacit\u00e0 di vita quotidiana dell\u2019anziano; favorire l\u2019 integrazione sociale e familiare; sostenere le potenzialit\u00e0 di cura della famiglia; supportare l\u2019utente nello svolgimento delle pratiche amministrative; favorire le relazioni interpersonali e la comunicazione; prevenire e rimuovere le situazioni di disagio, solitudine ed emarginazione. L\u2019assistenza domiciliare consiste in: Aiuto per il governo della casa e cura della persona: Riordino del letto e della casa; &#8211; Pulizia dei servizi e dei vani dell&#8217;alloggio ad uso dell&#8217;utente; &#8211; Cambio della biancheria; &#8211; Preparazione pasti; &#8211; Aiuto per la spesa; &#8211; Attivit\u00e0 di assistenza alla cura della persona; &#8211; Prestazione igienico-sanitarie di semplice attuazione. Segretariato Sociale: Informazione sui diritti, pratiche e servizi, con svolgimento di piccole commissioni; &#8211; Svolgimento di pratiche amministrative; &#8211; Accompagnamento dell&#8217;utente per visite mediche o altre necessit\u00e0, quando questi non sia in grado di recarsi da solo o quando non si hanno altre risorse; &#8211; Partecipazione agli interventi di socializzazione e\/o recupero a favore della persona; &#8211; Rapporti con strutture sanitarie, sociali, ricreative del territorio Destinatari: Cittadini ultrasessantacinquenni Inserimento in Centri Diurni Il\u00a0Centro Diurno \u00e8\u00a0un servizio semiresidenziale a carattere diurno, destinato ad anziani con diverso grado di non autosufficienza e ha le seguenti finalit\u00e0:1. offrire un sostegno e un aiuto all&#8217;anziano e alla sua famiglia;2. mantenere e\/o recuperare\u00a0abilit\u00e0 e competenze relative all\u2019autonomia, alla relazione interpersonale e alla\u00a0socializzazione;3. assicurare interventi di carattere\u00a0socio-assistenziale. Offre servizi quali: assistenza alla persona, attivit\u00e0 infermieristica, attivit\u00e0 riabilitativa, attivit\u00e0 culturali e ricreative, pranzo, trasporto Destinatari: Cittadini anziani parzialmente autosufficienti o non autosufficienti Inserimento in strutture residenziali L&#8217;inserimento di anziani in strutture residenziali si attua qualora non sia pi\u00f9 possibile garantire la\u00a0permanenza della persona nell\u2019 ambiente socio \u2013 familiare di appartenenza, sulla base di un programma sociale individualizzato. il servizio permette all\u2019anziano autosufficiente e non, di inserirsi in via temporanea o in via definitiva in strutture residenziali, che permetta di continuare una vita protetta con la fornitura di adeguati servizi di natura socio-assistenziale e socio-sanitaria. All\u2019interno della struttura sono rispettate le abitudini e la cultura degli ospiti e sono incentivati i rapporti di socializzazione e di contatto tra gli ospiti, e tra loro e la rete parentale. Destinatari: Cittadini ultra 65 enni, parzialmente autosufficienti e non Assistenza domiciliare socio-assistenziale integrata con servizi sanitari (ADI) Il servizio di Assistenza Domiciliare Integrata (ADI) consiste in interventi, che permettano di favorire la permanenza della persona anziana non autosufficiente nel proprio ambiente di vita, evitando l\u2019istituzionalizzazione e l\u2019ospedalizzazione, consentendo una soddisfacente vita di relazione attraverso un complesso di prestazioni socio-assistenziali e \/o socio sanitarie. \u00c8 rivolto prevalentemente a persone affette da malattie cronico-degenerative invalidanti e\/o progressivo-terminali. Alle attivit\u00e0 socio assistenziali si aggiungono le seguenti prestazioni a carico dell\u2019ASL: medico-specialistiche, infermieristiche, riabilitative e riattivanti, da effettuarsi sotto il controllo medico. Le prestazioni vengono effettuate da operatori OSS o OSA Destinatari: Anziani non autosufficienti e parzialmente autosufficienti Assistenza domiciliare socio-assistenziale (A.D.S.) Il servizio di Assistenza Domiciliare Socio-Assistenziale (ADS) \u00e8 un servizio rivolto a soggetti con limitata autonomia, che vivono da soli con famiglie che non sono in grado di assicurare un buon livello di assistenza per la cura e l\u2019igiene dellapersona e della casa oltre che per il mantenimento delle condizioni di autonomia. La finalit\u00e0 \u00e8 quella di favorire la per permanenza dell\u2019anziano nel suo ambiente abitativo e sociale e di accrescere la sua capacit\u00e0 di autodeterminazione, sia attraverso attivit\u00e0 socializzanti limitando il rischio di emarginazione sociale, sia attraverso prestazioni assistenziali atte a prevenire malattie cronico degenerative. Il servizio ADS comprende prestazioni volte al sostegno di carattere organizzativo per lo svolgimento delle attivit\u00e0 di base della vita quotidiana e di prestazioni volte allo svolgimento delle attivit\u00e0 strumentali Destinatari: Anziani non autosufficienti e parzialmente autosufficienti Servizio Residenze per Anziani (R.S.A.) La Residenza Sanitaria Assistenziale (R.S.A.) assicura tutti i servizi prescritti dalle normative nazionali e regionali in ordine alla gestione di residenze sanitarie per anziani. La R.S.A. rappresenta una soluzione di cura e assistenza dell\u2019anziano non autosufficiente quando non pu\u00f2 essere attuata un\u2019assistenza presso il proprio domicilio per cause di tipo sanitario e socio-ambientale.L\u2019obiettivo \u00e8 il raggiungimento e il mantenimento del miglior livello possibile della qualit\u00e0 della vita dell\u2019ospite, in un ambiente residenziale e protetto Destinatari: Anziani non autosufficienti e parzialmente autosufficienti Centri Sociali e Culturali Sono centri in cui l\u2019anziano svolge attivit\u00e0 di tipo sociale, culturale e del tempo libero, le attivit\u00e0 svolte sono: laboratori artigianali, gite culturali e\/o di svago, attivit\u00e0 ricreative, momenti di confronto e di discussione, animazione, canto, ballo.Generalmente questi centri sono gestiti dagli anziani stessi, e comunque aperti a tutti i cittadini Destinatari: Anziani autosufficienti Porta Unica di Accesso (P.U.A) Nelle attivit\u00e0 della P.U.A. (Porta Unica di Accesso) rientrano attivit\u00e0 connesse all\u2019istruttoria delle richieste di assistenza socio sanitaria complessa in quanto integrata con i servizi socio-assistenziali d\u2019Ambito e i servizi sanitari dell\u2019ASL.La P.U.A. si rende necessaria al fine di fornire funzioni di accesso, valutazione del fabbisogno e presa in carico degli anziani non autosufficienti.Rappresenta l\u2019anello operativo strategico per il recepimento unitario delle istanze sociali, sanitarie e socio-sanitarie, dall\u2019accoglienza dell\u2019utente fino alla chiusura della sua pratica.La Porta Unica di Accesso:-si occupa di Front office;-si occupa di Funzioni di accoglienza e ascolto del bisogno;-\u00e8 dotata di strumenti idonei per la comunicazione telefonica e informatica;-si occupa della raccolta e dell\u2019archiviazione delle informazioni;-si occupa di back office perl\u2019accompagnamento delle istanze e per il collegamento con i servizi;-ha funzioni di Coordinamento con il Distretto Sanitario e con l\u2019Ambito Sociale;-si integra con i servizi e le risorse del territorio Destinatari: Anziani autosufficienti, non<br \/><a class=\"moretag\" href=\"https:\/\/www.cooperativasocialeatena.it\/index.php\/servizi\/area-anziani\/\">+ Read More<\/a><\/p>\n","protected":false},"author":1,"featured_media":0,"parent":258,"menu_order":0,"comment_status":"closed","ping_status":"closed","template":"templates\/elementor.php","meta":{"footnotes":""},"class_list":["post-539","page","type-page","status-publish","hentry"],"jetpack-related-posts":[],"jetpack_sharing_enabled":true,"_links":{"self":[{"href":"https:\/\/www.cooperativasocialeatena.it\/index.php\/wp-json\/wp\/v2\/pages\/539","targetHints":{"allow":["GET"]}}],"collection":[{"href":"https:\/\/www.cooperativasocialeatena.it\/index.php\/wp-json\/wp\/v2\/pages"}],"about":[{"href":"https:\/\/www.cooperativasocialeatena.it\/index.php\/wp-json\/wp\/v2\/types\/page"}],"author":[{"embeddable":true,"href":"https:\/\/www.cooperativasocialeatena.it\/index.php\/wp-json\/wp\/v2\/users\/1"}],"replies":[{"embeddable":true,"href":"https:\/\/www.cooperativasocialeatena.it\/index.php\/wp-json\/wp\/v2\/comments?post=539"}],"version-history":[{"count":172,"href":"https:\/\/www.cooperativasocialeatena.it\/index.php\/wp-json\/wp\/v2\/pages\/539\/revisions"}],"predecessor-version":[{"id":998,"href":"https:\/\/www.cooperativasocialeatena.it\/index.php\/wp-json\/wp\/v2\/pages\/539\/revisions\/998"}],"up":[{"embeddable":true,"href":"https:\/\/www.cooperativasocialeatena.it\/index.php\/wp-json\/wp\/v2\/pages\/258"}],"wp:attachment":[{"href":"https:\/\/www.cooperativasocialeatena.it\/index.php\/wp-json\/wp\/v2\/media?parent=539"}],"curies":[{"name":"wp","href":"https:\/\/api.w.org\/{rel}","templated":true}]}}