{"id":573,"date":"2023-12-01T14:56:44","date_gmt":"2023-12-01T14:56:44","guid":{"rendered":"https:\/\/www.cooperativasocialeatena.it\/?page_id=573"},"modified":"2023-12-06T16:02:31","modified_gmt":"2023-12-06T16:02:31","slug":"area-disabilita","status":"publish","type":"page","link":"https:\/\/www.cooperativasocialeatena.it\/index.php\/servizi\/area-disabilita\/","title":{"rendered":"AREA DISABILIT\u00c0"},"content":{"rendered":"\t\t<div data-elementor-type=\"wp-page\" data-elementor-id=\"573\" class=\"elementor elementor-573\" data-elementor-settings=\"{&quot;ha_cmc_init_switcher&quot;:&quot;no&quot;}\">\n\t\t\t\t<div class=\"elementor-element elementor-element-1aa0a9b2 e-con-full e-flex wpr-particle-no wpr-jarallax-no wpr-parallax-no wpr-sticky-section-no wpr-column-slider-no wpr-equal-height-no e-con e-parent\" data-id=\"1aa0a9b2\" data-element_type=\"container\" data-e-type=\"container\" data-settings=\"{&quot;background_background&quot;:&quot;classic&quot;,&quot;_ha_eqh_enable&quot;:false}\">\n\t\t\t\t<\/div>\n\t\t<div class=\"elementor-element elementor-element-707da081 e-con-full e-flex wpr-particle-no wpr-jarallax-no wpr-parallax-no wpr-sticky-section-no wpr-column-slider-no wpr-equal-height-no e-con e-parent\" data-id=\"707da081\" data-element_type=\"container\" data-e-type=\"container\" data-settings=\"{&quot;_ha_eqh_enable&quot;:false}\">\n\t\t\t\t<div class=\"elementor-element elementor-element-503c4e3d elementor-widget elementor-widget-heading\" data-id=\"503c4e3d\" data-element_type=\"widget\" data-e-type=\"widget\" data-widget_type=\"heading.default\">\n\t\t\t\t<div class=\"elementor-widget-container\">\n\t\t\t\t\t<h1 class=\"elementor-heading-title elementor-size-xxl\">Area Disabilit\u00e0<\/h1>\t\t\t\t<\/div>\n\t\t\t\t<\/div>\n\t\t\t\t<\/div>\n\t\t<div class=\"elementor-element elementor-element-19f96171 e-con-full e-flex wpr-particle-no wpr-jarallax-no wpr-parallax-no wpr-sticky-section-no wpr-column-slider-no wpr-equal-height-no e-con e-parent\" data-id=\"19f96171\" data-element_type=\"container\" data-e-type=\"container\" data-settings=\"{&quot;background_background&quot;:&quot;classic&quot;,&quot;_ha_eqh_enable&quot;:false}\">\n\t\t\t\t<\/div>\n\t\t\t\t<section class=\"elementor-section elementor-top-section elementor-element elementor-element-43e8f89b elementor-section-full_width elementor-section-height-default elementor-section-height-default wpr-particle-no wpr-jarallax-no wpr-parallax-no wpr-sticky-section-no wpr-column-slider-no wpr-equal-height-no\" data-id=\"43e8f89b\" data-element_type=\"section\" data-e-type=\"section\" data-settings=\"{&quot;background_background&quot;:&quot;classic&quot;,&quot;_ha_eqh_enable&quot;:false}\">\n\t\t\t\t\t\t<div class=\"elementor-container elementor-column-gap-default\">\n\t\t\t\t\t<div class=\"elementor-column elementor-col-100 elementor-top-column elementor-element elementor-element-34a73f86\" data-id=\"34a73f86\" data-element_type=\"column\" data-e-type=\"column\">\n\t\t\t<div class=\"elementor-widget-wrap elementor-element-populated\">\n\t\t\t\t\t\t<section class=\"elementor-section elementor-inner-section elementor-element elementor-element-7201a489 donate-seators animated-slow elementor-section-boxed elementor-section-height-default elementor-section-height-default wpr-particle-no wpr-jarallax-no wpr-parallax-no wpr-sticky-section-no wpr-column-slider-no wpr-equal-height-no elementor-invisible\" data-id=\"7201a489\" data-element_type=\"section\" data-e-type=\"section\" data-settings=\"{&quot;animation&quot;:&quot;zoomIn&quot;,&quot;_ha_eqh_enable&quot;:false}\">\n\t\t\t\t\t\t<div class=\"elementor-container elementor-column-gap-default\">\n\t\t\t\t\t<div class=\"elementor-column elementor-col-25 elementor-inner-column elementor-element elementor-element-688991\" data-id=\"688991\" data-element_type=\"column\" data-e-type=\"column\">\n\t\t\t<div class=\"elementor-widget-wrap elementor-element-populated\">\n\t\t\t\t\t\t<div class=\"elementor-element elementor-element-44eb6a34 elementor-position-top ha-has-bg-overlay elementor-widget elementor-widget-image-box\" data-id=\"44eb6a34\" data-element_type=\"widget\" data-e-type=\"widget\" data-widget_type=\"image-box.default\">\n\t\t\t\t<div class=\"elementor-widget-container\">\n\t\t\t\t\t<div class=\"elementor-image-box-wrapper\"><figure class=\"elementor-image-box-img\"><a href=\"#Adom\" tabindex=\"-1\"><img fetchpriority=\"high\" decoding=\"async\" width=\"1024\" height=\"698\" src=\"https:\/\/www.cooperativasocialeatena.it\/wp-content\/uploads\/2023\/12\/saish.jpg\" class=\"attachment-full size-full wp-image-856\" alt=\"\" srcset=\"https:\/\/www.cooperativasocialeatena.it\/wp-content\/uploads\/2023\/12\/saish.jpg 1024w, https:\/\/www.cooperativasocialeatena.it\/wp-content\/uploads\/2023\/12\/saish-300x204.jpg 300w, https:\/\/www.cooperativasocialeatena.it\/wp-content\/uploads\/2023\/12\/saish-768x524.jpg 768w\" sizes=\"(max-width: 1024px) 100vw, 1024px\" \/><\/a><\/figure><div class=\"elementor-image-box-content\"><h3 class=\"elementor-image-box-title\"><a href=\"#Adom\">Assistenza Domiciliare ai Disabili<\/a><\/h3><\/div><\/div>\t\t\t\t<\/div>\n\t\t\t\t<\/div>\n\t\t\t\t\t<\/div>\n\t\t<\/div>\n\t\t\t\t<div class=\"elementor-column elementor-col-25 elementor-inner-column elementor-element elementor-element-385f4b62\" data-id=\"385f4b62\" data-element_type=\"column\" data-e-type=\"column\">\n\t\t\t<div class=\"elementor-widget-wrap elementor-element-populated\">\n\t\t\t\t\t\t<div class=\"elementor-element elementor-element-7b90d6ce elementor-position-top ha-has-bg-overlay elementor-widget elementor-widget-image-box\" data-id=\"7b90d6ce\" data-element_type=\"widget\" data-e-type=\"widget\" data-widget_type=\"image-box.default\">\n\t\t\t\t<div class=\"elementor-widget-container\">\n\t\t\t\t\t<div class=\"elementor-image-box-wrapper\"><figure class=\"elementor-image-box-img\"><a href=\"#Trasporto\" tabindex=\"-1\"><img decoding=\"async\" width=\"1024\" height=\"682\" src=\"https:\/\/www.cooperativasocialeatena.it\/wp-content\/uploads\/2023\/12\/trasporto-disabili-auto-Renault-Grand-Kangoo-Trasporto-Disabili-1024x682-1.jpg\" class=\"attachment-full size-full wp-image-863\" alt=\"\" srcset=\"https:\/\/www.cooperativasocialeatena.it\/wp-content\/uploads\/2023\/12\/trasporto-disabili-auto-Renault-Grand-Kangoo-Trasporto-Disabili-1024x682-1.jpg 1024w, https:\/\/www.cooperativasocialeatena.it\/wp-content\/uploads\/2023\/12\/trasporto-disabili-auto-Renault-Grand-Kangoo-Trasporto-Disabili-1024x682-1-300x200.jpg 300w, https:\/\/www.cooperativasocialeatena.it\/wp-content\/uploads\/2023\/12\/trasporto-disabili-auto-Renault-Grand-Kangoo-Trasporto-Disabili-1024x682-1-768x512.jpg 768w\" sizes=\"(max-width: 1024px) 100vw, 1024px\" \/><\/a><\/figure><div class=\"elementor-image-box-content\"><h3 class=\"elementor-image-box-title\"><a href=\"#Trasporto\">Trasporto per Portatori di Handicap<\/a><\/h3><\/div><\/div>\t\t\t\t<\/div>\n\t\t\t\t<\/div>\n\t\t\t\t\t<\/div>\n\t\t<\/div>\n\t\t\t\t<div class=\"elementor-column elementor-col-25 elementor-inner-column elementor-element elementor-element-34bc61e2\" data-id=\"34bc61e2\" data-element_type=\"column\" data-e-type=\"column\">\n\t\t\t<div class=\"elementor-widget-wrap elementor-element-populated\">\n\t\t\t\t\t\t<div class=\"elementor-element elementor-element-5dfefe19 elementor-position-top ha-has-bg-overlay elementor-widget elementor-widget-image-box\" data-id=\"5dfefe19\" data-element_type=\"widget\" data-e-type=\"widget\" data-widget_type=\"image-box.default\">\n\t\t\t\t<div class=\"elementor-widget-container\">\n\t\t\t\t\t<div class=\"elementor-image-box-wrapper\"><figure class=\"elementor-image-box-img\"><a href=\"#Aiuto\" tabindex=\"-1\"><img decoding=\"async\" width=\"760\" height=\"506\" src=\"https:\/\/www.cooperativasocialeatena.it\/wp-content\/uploads\/2023\/12\/1_n3QUGOGyQcydgyYxvaoG2g.jpg\" class=\"attachment-full size-full wp-image-867\" alt=\"\" srcset=\"https:\/\/www.cooperativasocialeatena.it\/wp-content\/uploads\/2023\/12\/1_n3QUGOGyQcydgyYxvaoG2g.jpg 760w, https:\/\/www.cooperativasocialeatena.it\/wp-content\/uploads\/2023\/12\/1_n3QUGOGyQcydgyYxvaoG2g-300x200.jpg 300w\" sizes=\"(max-width: 760px) 100vw, 760px\" \/><\/a><\/figure><div class=\"elementor-image-box-content\"><h3 class=\"elementor-image-box-title\"><a href=\"#Aiuto\">Aiuto Alla Persona<\/a><\/h3><\/div><\/div>\t\t\t\t<\/div>\n\t\t\t\t<\/div>\n\t\t\t\t\t<\/div>\n\t\t<\/div>\n\t\t\t\t<div class=\"elementor-column elementor-col-25 elementor-inner-column elementor-element elementor-element-4a6ac2cd\" data-id=\"4a6ac2cd\" data-element_type=\"column\" data-e-type=\"column\">\n\t\t\t<div class=\"elementor-widget-wrap elementor-element-populated\">\n\t\t\t\t\t\t<div class=\"elementor-element elementor-element-5a3c4c12 elementor-position-top ha-has-bg-overlay elementor-widget elementor-widget-image-box\" data-id=\"5a3c4c12\" data-element_type=\"widget\" data-e-type=\"widget\" data-widget_type=\"image-box.default\">\n\t\t\t\t<div class=\"elementor-widget-container\">\n\t\t\t\t\t<div class=\"elementor-image-box-wrapper\"><figure class=\"elementor-image-box-img\"><a href=\"#Insstru\" tabindex=\"-1\"><img loading=\"lazy\" decoding=\"async\" width=\"1024\" height=\"683\" src=\"https:\/\/www.cooperativasocialeatena.it\/wp-content\/uploads\/2023\/12\/servizi-disabili-1024x683-1.jpg\" class=\"attachment-full size-full wp-image-871\" alt=\"\" srcset=\"https:\/\/www.cooperativasocialeatena.it\/wp-content\/uploads\/2023\/12\/servizi-disabili-1024x683-1.jpg 1024w, https:\/\/www.cooperativasocialeatena.it\/wp-content\/uploads\/2023\/12\/servizi-disabili-1024x683-1-300x200.jpg 300w, https:\/\/www.cooperativasocialeatena.it\/wp-content\/uploads\/2023\/12\/servizi-disabili-1024x683-1-768x512.jpg 768w\" sizes=\"(max-width: 1024px) 100vw, 1024px\" \/><\/a><\/figure><div class=\"elementor-image-box-content\"><h3 class=\"elementor-image-box-title\"><a href=\"#Insstru\">Inserimento in strutture semi-residenziali per Portatori di Handicap in situazioni di gravit\u00e0<\/a><\/h3><\/div><\/div>\t\t\t\t<\/div>\n\t\t\t\t<\/div>\n\t\t\t\t\t<\/div>\n\t\t<\/div>\n\t\t\t\t\t<\/div>\n\t\t<\/section>\n\t\t\t\t<section class=\"elementor-section elementor-inner-section elementor-element elementor-element-316c609e donate-seators animated-slow elementor-section-boxed elementor-section-height-default elementor-section-height-default wpr-particle-no wpr-jarallax-no wpr-parallax-no wpr-sticky-section-no wpr-column-slider-no wpr-equal-height-no elementor-invisible\" data-id=\"316c609e\" data-element_type=\"section\" data-e-type=\"section\" data-settings=\"{&quot;animation&quot;:&quot;zoomIn&quot;,&quot;_ha_eqh_enable&quot;:false}\">\n\t\t\t\t\t\t<div class=\"elementor-container elementor-column-gap-default\">\n\t\t\t\t\t<div class=\"elementor-column elementor-col-25 elementor-inner-column elementor-element elementor-element-37591b3\" data-id=\"37591b3\" data-element_type=\"column\" data-e-type=\"column\">\n\t\t\t<div class=\"elementor-widget-wrap elementor-element-populated\">\n\t\t\t\t\t\t<div class=\"elementor-element elementor-element-42f3ca49 elementor-position-top ha-has-bg-overlay elementor-widget elementor-widget-image-box\" data-id=\"42f3ca49\" data-element_type=\"widget\" data-e-type=\"widget\" data-widget_type=\"image-box.default\">\n\t\t\t\t<div class=\"elementor-widget-container\">\n\t\t\t\t\t<div class=\"elementor-image-box-wrapper\"><figure class=\"elementor-image-box-img\"><a href=\"#CasaF\" tabindex=\"-1\"><img loading=\"lazy\" decoding=\"async\" width=\"1024\" height=\"768\" src=\"https:\/\/www.cooperativasocialeatena.it\/wp-content\/uploads\/2023\/12\/disabilita-444547.large_.jpg\" class=\"attachment-full size-full wp-image-875\" alt=\"\" srcset=\"https:\/\/www.cooperativasocialeatena.it\/wp-content\/uploads\/2023\/12\/disabilita-444547.large_.jpg 1024w, https:\/\/www.cooperativasocialeatena.it\/wp-content\/uploads\/2023\/12\/disabilita-444547.large_-300x225.jpg 300w, https:\/\/www.cooperativasocialeatena.it\/wp-content\/uploads\/2023\/12\/disabilita-444547.large_-768x576.jpg 768w\" sizes=\"(max-width: 1024px) 100vw, 1024px\" \/><\/a><\/figure><div class=\"elementor-image-box-content\"><h3 class=\"elementor-image-box-title\"><a href=\"#CasaF\">Inserimento in Casa Famiglia per Disabili<\/a><\/h3><\/div><\/div>\t\t\t\t<\/div>\n\t\t\t\t<\/div>\n\t\t\t\t\t<\/div>\n\t\t<\/div>\n\t\t\t\t<div class=\"elementor-column elementor-col-25 elementor-inner-column elementor-element elementor-element-40b9978e\" data-id=\"40b9978e\" data-element_type=\"column\" data-e-type=\"column\">\n\t\t\t<div class=\"elementor-widget-wrap elementor-element-populated\">\n\t\t\t\t\t\t<div class=\"elementor-element elementor-element-3b543105 elementor-position-top ha-has-bg-overlay elementor-widget elementor-widget-image-box\" data-id=\"3b543105\" data-element_type=\"widget\" data-e-type=\"widget\" data-widget_type=\"image-box.default\">\n\t\t\t\t<div class=\"elementor-widget-container\">\n\t\t\t\t\t<div class=\"elementor-image-box-wrapper\"><figure class=\"elementor-image-box-img\"><a href=\"#SSE\" tabindex=\"-1\"><img loading=\"lazy\" decoding=\"async\" width=\"900\" height=\"600\" src=\"https:\/\/www.cooperativasocialeatena.it\/wp-content\/uploads\/2023\/12\/integrazione_assistenza_scolastica-e1619516442928.jpg\" class=\"attachment-full size-full wp-image-882\" alt=\"\" srcset=\"https:\/\/www.cooperativasocialeatena.it\/wp-content\/uploads\/2023\/12\/integrazione_assistenza_scolastica-e1619516442928.jpg 900w, https:\/\/www.cooperativasocialeatena.it\/wp-content\/uploads\/2023\/12\/integrazione_assistenza_scolastica-e1619516442928-300x200.jpg 300w, https:\/\/www.cooperativasocialeatena.it\/wp-content\/uploads\/2023\/12\/integrazione_assistenza_scolastica-e1619516442928-768x512.jpg 768w\" sizes=\"(max-width: 900px) 100vw, 900px\" \/><\/a><\/figure><div class=\"elementor-image-box-content\"><h3 class=\"elementor-image-box-title\"><a href=\"#SSE\">Sostegno socio-educativo, assistenziale, scolastico ed extra-scolastico per portatori di handicap<\/a><\/h3><\/div><\/div>\t\t\t\t<\/div>\n\t\t\t\t<\/div>\n\t\t\t\t\t<\/div>\n\t\t<\/div>\n\t\t\t\t<div class=\"elementor-column elementor-col-25 elementor-inner-column elementor-element elementor-element-48d71f57\" data-id=\"48d71f57\" data-element_type=\"column\" data-e-type=\"column\">\n\t\t\t<div class=\"elementor-widget-wrap elementor-element-populated\">\n\t\t\t\t\t\t<div class=\"elementor-element elementor-element-3b32460f elementor-position-top ha-has-bg-overlay elementor-widget elementor-widget-image-box\" data-id=\"3b32460f\" data-element_type=\"widget\" data-e-type=\"widget\" data-widget_type=\"image-box.default\">\n\t\t\t\t<div class=\"elementor-widget-container\">\n\t\t\t\t\t<div class=\"elementor-image-box-wrapper\"><figure class=\"elementor-image-box-img\"><a href=\"#PUA\" tabindex=\"-1\"><img loading=\"lazy\" decoding=\"async\" width=\"2220\" height=\"1636\" src=\"https:\/\/www.cooperativasocialeatena.it\/wp-content\/uploads\/2023\/12\/porta-unica-daccesso.jpg\" class=\"attachment-full size-full wp-image-886\" alt=\"\" srcset=\"https:\/\/www.cooperativasocialeatena.it\/wp-content\/uploads\/2023\/12\/porta-unica-daccesso.jpg 2220w, https:\/\/www.cooperativasocialeatena.it\/wp-content\/uploads\/2023\/12\/porta-unica-daccesso-300x221.jpg 300w, https:\/\/www.cooperativasocialeatena.it\/wp-content\/uploads\/2023\/12\/porta-unica-daccesso-1024x755.jpg 1024w, https:\/\/www.cooperativasocialeatena.it\/wp-content\/uploads\/2023\/12\/porta-unica-daccesso-768x566.jpg 768w, https:\/\/www.cooperativasocialeatena.it\/wp-content\/uploads\/2023\/12\/porta-unica-daccesso-1536x1132.jpg 1536w, https:\/\/www.cooperativasocialeatena.it\/wp-content\/uploads\/2023\/12\/porta-unica-daccesso-2048x1509.jpg 2048w\" sizes=\"(max-width: 2220px) 100vw, 2220px\" \/><\/a><\/figure><div class=\"elementor-image-box-content\"><h3 class=\"elementor-image-box-title\"><a href=\"#PUA\">Porta Unica di Accesso (P.U.A)<\/a><\/h3><\/div><\/div>\t\t\t\t<\/div>\n\t\t\t\t<\/div>\n\t\t\t\t\t<\/div>\n\t\t<\/div>\n\t\t\t\t<div class=\"elementor-column elementor-col-25 elementor-inner-column elementor-element elementor-element-33319aa\" data-id=\"33319aa\" data-element_type=\"column\" data-e-type=\"column\">\n\t\t\t<div class=\"elementor-widget-wrap elementor-element-populated\">\n\t\t\t\t\t\t<div class=\"elementor-element elementor-element-2da1784 elementor-widget elementor-widget-image\" data-id=\"2da1784\" data-element_type=\"widget\" data-e-type=\"widget\" data-widget_type=\"image.default\">\n\t\t\t\t<div class=\"elementor-widget-container\">\n\t\t\t\t\t\t\t\t\t\t\t\t\t\t\t<img loading=\"lazy\" decoding=\"async\" width=\"690\" height=\"388\" src=\"https:\/\/www.cooperativasocialeatena.it\/wp-content\/uploads\/2023\/12\/servizi-specializzati-di-assistenza-anziani-e-disabili-1024x576.jpg\" class=\"attachment-large size-large wp-image-890\" alt=\"\" srcset=\"https:\/\/www.cooperativasocialeatena.it\/wp-content\/uploads\/2023\/12\/servizi-specializzati-di-assistenza-anziani-e-disabili-1024x576.jpg 1024w, https:\/\/www.cooperativasocialeatena.it\/wp-content\/uploads\/2023\/12\/servizi-specializzati-di-assistenza-anziani-e-disabili-300x169.jpg 300w, https:\/\/www.cooperativasocialeatena.it\/wp-content\/uploads\/2023\/12\/servizi-specializzati-di-assistenza-anziani-e-disabili-768x432.jpg 768w, https:\/\/www.cooperativasocialeatena.it\/wp-content\/uploads\/2023\/12\/servizi-specializzati-di-assistenza-anziani-e-disabili.jpg 1440w\" sizes=\"(max-width: 690px) 100vw, 690px\" \/>\t\t\t\t\t\t\t\t\t\t\t\t\t\t\t<\/div>\n\t\t\t\t<\/div>\n\t\t\t\t\t<\/div>\n\t\t<\/div>\n\t\t\t\t\t<\/div>\n\t\t<\/section>\n\t\t\t\t\t<\/div>\n\t\t<\/div>\n\t\t\t\t\t<\/div>\n\t\t<\/section>\n\t\t<div class=\"elementor-element elementor-element-1b44122 e-flex e-con-boxed wpr-particle-no wpr-jarallax-no wpr-parallax-no wpr-sticky-section-no wpr-column-slider-no wpr-equal-height-no elementor-invisible e-con e-parent\" data-id=\"1b44122\" data-element_type=\"container\" data-e-type=\"container\" data-settings=\"{&quot;animation&quot;:&quot;fadeInLeft&quot;,&quot;_ha_eqh_enable&quot;:false}\">\n\t\t\t\t\t<div class=\"e-con-inner\">\n\t\t<div class=\"elementor-element elementor-element-46ae955 e-con-full e-flex wpr-particle-no wpr-jarallax-no wpr-parallax-no wpr-sticky-section-no wpr-column-slider-no wpr-equal-height-no e-con e-child\" data-id=\"46ae955\" data-element_type=\"container\" data-e-type=\"container\" data-settings=\"{&quot;_ha_eqh_enable&quot;:false}\">\n\t\t\t\t<div class=\"elementor-element elementor-element-bd6b940 elementor-widget elementor-widget-menu-anchor\" data-id=\"bd6b940\" data-element_type=\"widget\" data-e-type=\"widget\" data-widget_type=\"menu-anchor.default\">\n\t\t\t\t<div class=\"elementor-widget-container\">\n\t\t\t\t\t\t\t<div class=\"elementor-menu-anchor\" id=\"Adom\"><\/div>\n\t\t\t\t\t\t<\/div>\n\t\t\t\t<\/div>\n\t\t\t\t<div class=\"elementor-element elementor-element-bb124e2 elementor-widget elementor-widget-heading\" data-id=\"bb124e2\" data-element_type=\"widget\" data-e-type=\"widget\" data-widget_type=\"heading.default\">\n\t\t\t\t<div class=\"elementor-widget-container\">\n\t\t\t\t\t<h2 class=\"elementor-heading-title elementor-size-default\">Assistenza Domiciliare ai Disabili<\/h2>\t\t\t\t<\/div>\n\t\t\t\t<\/div>\n\t\t\t\t<\/div>\n\t\t<div class=\"elementor-element elementor-element-4645b83 e-con-full e-flex wpr-particle-no wpr-jarallax-no wpr-parallax-no wpr-sticky-section-no wpr-column-slider-no wpr-equal-height-no e-con e-child\" data-id=\"4645b83\" data-element_type=\"container\" data-e-type=\"container\" data-settings=\"{&quot;_ha_eqh_enable&quot;:false}\">\n\t\t\t\t<div class=\"elementor-element elementor-element-5cc4205 elementor-widget elementor-widget-image\" data-id=\"5cc4205\" data-element_type=\"widget\" data-e-type=\"widget\" data-widget_type=\"image.default\">\n\t\t\t\t<div class=\"elementor-widget-container\">\n\t\t\t\t\t\t\t\t\t\t\t\t\t\t\t<img loading=\"lazy\" decoding=\"async\" width=\"690\" height=\"470\" src=\"https:\/\/www.cooperativasocialeatena.it\/wp-content\/uploads\/2023\/12\/saish.jpg\" class=\"attachment-large size-large wp-image-856\" alt=\"\" srcset=\"https:\/\/www.cooperativasocialeatena.it\/wp-content\/uploads\/2023\/12\/saish.jpg 1024w, https:\/\/www.cooperativasocialeatena.it\/wp-content\/uploads\/2023\/12\/saish-300x204.jpg 300w, https:\/\/www.cooperativasocialeatena.it\/wp-content\/uploads\/2023\/12\/saish-768x524.jpg 768w\" sizes=\"(max-width: 690px) 100vw, 690px\" \/>\t\t\t\t\t\t\t\t\t\t\t\t\t\t\t<\/div>\n\t\t\t\t<\/div>\n\t\t\t\t<\/div>\n\t\t<div class=\"elementor-element elementor-element-5c0994b e-con-full e-flex wpr-particle-no wpr-jarallax-no wpr-parallax-no wpr-sticky-section-no wpr-column-slider-no wpr-equal-height-no e-con e-child\" data-id=\"5c0994b\" data-element_type=\"container\" data-e-type=\"container\" data-settings=\"{&quot;_ha_eqh_enable&quot;:false}\">\n\t\t\t\t<div class=\"elementor-element elementor-element-01063fe elementor-widget elementor-widget-text-editor\" data-id=\"01063fe\" data-element_type=\"widget\" data-e-type=\"widget\" data-widget_type=\"text-editor.default\">\n\t\t\t\t<div class=\"elementor-widget-container\">\n\t\t\t\t\t\t\t\t\t<p>Per assistenza domiciliare si intende un complesso di interventi e prestazioni di carattere socio-assistenziale, anche temporanei, erogati prevalentemente presso l&#8217;abitazione dell&#8217;utente.<\/p><p>La finalit\u00e0 del servizio \u00e8 quella di:<\/p><ul><li>favorire la permanenza del disabile presso il proprio domicilio;<\/li><li>offrire un sostegno che permetta di ampliare le opportunit\u00e0 di scelta e di accrescere la capacit\u00e0 di autodeterminazione;<\/li><li>supportare l\u2019 utente in relazione alle difficolt\u00e0 insite nella sua condizione;<\/li><li>sostenere il recupero e l\u2019 acquisizione possibile delle capacit\u00e0 di vita quotidiana del disabile;<\/li><li>favorire l\u2019 integrazione sociale e familiare;<\/li><li>sostenere le potenzialit\u00e0 di cura della famiglia;<\/li><li>supportare l\u2019utente nello svolgimento delle pratiche amministrative;<\/li><li>favorire le relazioni interpersonali e la comunicazione;<\/li><li>prevenire e rimuovere le situazioni di disagio, solitudine ed emarginazione.<\/li><\/ul><p>\u00a0<\/p><p><strong>Aiuto per il governo della casa e cura della persona:<\/strong><\/p><p>Riordino del letto e della casa; &#8211; Pulizia dei servizi e dei vani dell&#8217;alloggio ad uso dell&#8217;utente; &#8211; Cambio della biancheria; &#8211; Preparazione pasti; &#8211; Aiuto per la spesa; &#8211; Attivit\u00e0 di assistenza alla cura della persona; &#8211; Prestazione igienico-sanitarie di semplice attuazione.<\/p><p><strong>Segretariato Sociale:<\/strong><\/p><p>Informazione sui diritti, pratiche e servizi, con svolgimento di piccole commissioni; &#8211; Svolgimento di pratiche amministrative; Accompagnamento dell&#8217;utente per visite mediche o altre necessit\u00e0, quando questi non sia in grado di recarsi da solo o quando non si hanno altre risorse; &#8211; Partecipazione agli interventi di socializzazione e\/o recupero a favore della persona; &#8211; Rapporti con strutture sanitarie, sociali, ricreative del territorio<\/p>\t\t\t\t\t\t\t\t<\/div>\n\t\t\t\t<\/div>\n\t\t\t\t<\/div>\n\t\t<div class=\"elementor-element elementor-element-c16a569 e-con-full e-flex wpr-particle-no wpr-jarallax-no wpr-parallax-no wpr-sticky-section-no wpr-column-slider-no wpr-equal-height-no e-con e-child\" data-id=\"c16a569\" data-element_type=\"container\" data-e-type=\"container\" data-settings=\"{&quot;_ha_eqh_enable&quot;:false}\">\n\t\t\t\t<div class=\"elementor-element elementor-element-ed6949a elementor-widget elementor-widget-heading\" data-id=\"ed6949a\" data-element_type=\"widget\" data-e-type=\"widget\" data-widget_type=\"heading.default\">\n\t\t\t\t<div class=\"elementor-widget-container\">\n\t\t\t\t\t<h3 class=\"elementor-heading-title elementor-size-default\">Destinatari: Soggetti portatori di handicap in situazioni di gravit\u00e0<\/h3>\t\t\t\t<\/div>\n\t\t\t\t<\/div>\n\t\t\t\t<\/div>\n\t\t\t\t\t<\/div>\n\t\t\t\t<\/div>\n\t\t<div class=\"elementor-element elementor-element-c7419ac e-flex e-con-boxed wpr-particle-no wpr-jarallax-no wpr-parallax-no wpr-sticky-section-no wpr-column-slider-no wpr-equal-height-no elementor-invisible e-con e-parent\" data-id=\"c7419ac\" data-element_type=\"container\" data-e-type=\"container\" data-settings=\"{&quot;animation&quot;:&quot;fadeInUp&quot;,&quot;_ha_eqh_enable&quot;:false}\">\n\t\t\t\t\t<div class=\"e-con-inner\">\n\t\t\t\t<div class=\"elementor-element elementor-element-a6c3f7f elementor-widget-divider--view-line elementor-widget elementor-widget-divider\" data-id=\"a6c3f7f\" data-element_type=\"widget\" data-e-type=\"widget\" data-widget_type=\"divider.default\">\n\t\t\t\t<div class=\"elementor-widget-container\">\n\t\t\t\t\t\t\t<div class=\"elementor-divider\">\n\t\t\t<span class=\"elementor-divider-separator\">\n\t\t\t\t\t\t<\/span>\n\t\t<\/div>\n\t\t\t\t\t\t<\/div>\n\t\t\t\t<\/div>\n\t\t\t\t\t<\/div>\n\t\t\t\t<\/div>\n\t\t<div class=\"elementor-element elementor-element-09ab75e e-flex e-con-boxed wpr-particle-no wpr-jarallax-no wpr-parallax-no wpr-sticky-section-no wpr-column-slider-no wpr-equal-height-no elementor-invisible e-con e-parent\" data-id=\"09ab75e\" data-element_type=\"container\" data-e-type=\"container\" data-settings=\"{&quot;animation&quot;:&quot;fadeInRight&quot;,&quot;_ha_eqh_enable&quot;:false}\">\n\t\t\t\t\t<div class=\"e-con-inner\">\n\t\t<div class=\"elementor-element elementor-element-08e2182 e-con-full e-flex wpr-particle-no wpr-jarallax-no wpr-parallax-no wpr-sticky-section-no wpr-column-slider-no wpr-equal-height-no e-con e-child\" data-id=\"08e2182\" data-element_type=\"container\" data-e-type=\"container\" data-settings=\"{&quot;_ha_eqh_enable&quot;:false}\">\n\t\t\t\t<div class=\"elementor-element elementor-element-728696e elementor-widget elementor-widget-menu-anchor\" data-id=\"728696e\" data-element_type=\"widget\" data-e-type=\"widget\" data-widget_type=\"menu-anchor.default\">\n\t\t\t\t<div class=\"elementor-widget-container\">\n\t\t\t\t\t\t\t<div class=\"elementor-menu-anchor\" id=\"Trasporto\"><\/div>\n\t\t\t\t\t\t<\/div>\n\t\t\t\t<\/div>\n\t\t\t\t<div class=\"elementor-element elementor-element-9a6e9dc elementor-widget elementor-widget-heading\" data-id=\"9a6e9dc\" data-element_type=\"widget\" data-e-type=\"widget\" data-widget_type=\"heading.default\">\n\t\t\t\t<div class=\"elementor-widget-container\">\n\t\t\t\t\t<h2 class=\"elementor-heading-title elementor-size-default\">Trasporto per Portatori di Handicap<\/h2>\t\t\t\t<\/div>\n\t\t\t\t<\/div>\n\t\t\t\t<\/div>\n\t\t<div class=\"elementor-element elementor-element-fde6e42 e-con-full e-flex wpr-particle-no wpr-jarallax-no wpr-parallax-no wpr-sticky-section-no wpr-column-slider-no wpr-equal-height-no e-con e-child\" data-id=\"fde6e42\" data-element_type=\"container\" data-e-type=\"container\" data-settings=\"{&quot;_ha_eqh_enable&quot;:false}\">\n\t\t\t\t<div class=\"elementor-element elementor-element-7e43c7e elementor-widget elementor-widget-text-editor\" data-id=\"7e43c7e\" data-element_type=\"widget\" data-e-type=\"widget\" data-widget_type=\"text-editor.default\">\n\t\t\t\t<div class=\"elementor-widget-container\">\n\t\t\t\t\t\t\t\t\t<p>Questo servizio \u00e8 rivolto a portatori di handicap che devono muoversi sul territorio per motivi ed esigenze diverse come recarsi presso: centri di terapia, scuole, lavoro, strutture semiresidenziali o centri sociali<\/p>\t\t\t\t\t\t\t\t<\/div>\n\t\t\t\t<\/div>\n\t\t\t\t<\/div>\n\t\t<div class=\"elementor-element elementor-element-348ab0e e-con-full e-flex wpr-particle-no wpr-jarallax-no wpr-parallax-no wpr-sticky-section-no wpr-column-slider-no wpr-equal-height-no e-con e-child\" data-id=\"348ab0e\" data-element_type=\"container\" data-e-type=\"container\" data-settings=\"{&quot;_ha_eqh_enable&quot;:false}\">\n\t\t\t\t<div class=\"elementor-element elementor-element-30fcf5c elementor-widget elementor-widget-image\" data-id=\"30fcf5c\" data-element_type=\"widget\" data-e-type=\"widget\" data-widget_type=\"image.default\">\n\t\t\t\t<div class=\"elementor-widget-container\">\n\t\t\t\t\t\t\t\t\t\t\t\t\t\t\t<img decoding=\"async\" width=\"1024\" height=\"682\" src=\"https:\/\/www.cooperativasocialeatena.it\/wp-content\/uploads\/2023\/12\/trasporto-disabili-auto-Renault-Grand-Kangoo-Trasporto-Disabili-1024x682-1.jpg\" class=\"attachment-full size-full wp-image-863\" alt=\"\" srcset=\"https:\/\/www.cooperativasocialeatena.it\/wp-content\/uploads\/2023\/12\/trasporto-disabili-auto-Renault-Grand-Kangoo-Trasporto-Disabili-1024x682-1.jpg 1024w, https:\/\/www.cooperativasocialeatena.it\/wp-content\/uploads\/2023\/12\/trasporto-disabili-auto-Renault-Grand-Kangoo-Trasporto-Disabili-1024x682-1-300x200.jpg 300w, https:\/\/www.cooperativasocialeatena.it\/wp-content\/uploads\/2023\/12\/trasporto-disabili-auto-Renault-Grand-Kangoo-Trasporto-Disabili-1024x682-1-768x512.jpg 768w\" sizes=\"(max-width: 1024px) 100vw, 1024px\" \/>\t\t\t\t\t\t\t\t\t\t\t\t\t\t\t<\/div>\n\t\t\t\t<\/div>\n\t\t\t\t<\/div>\n\t\t<div class=\"elementor-element elementor-element-2a5772c e-con-full e-flex wpr-particle-no wpr-jarallax-no wpr-parallax-no wpr-sticky-section-no wpr-column-slider-no wpr-equal-height-no e-con e-child\" data-id=\"2a5772c\" data-element_type=\"container\" data-e-type=\"container\" data-settings=\"{&quot;_ha_eqh_enable&quot;:false}\">\n\t\t\t\t<div class=\"elementor-element elementor-element-4216ce2 elementor-widget elementor-widget-heading\" data-id=\"4216ce2\" data-element_type=\"widget\" data-e-type=\"widget\" data-widget_type=\"heading.default\">\n\t\t\t\t<div class=\"elementor-widget-container\">\n\t\t\t\t\t<h3 class=\"elementor-heading-title elementor-size-default\">Destinatari: Portatori di handicap in situazioni di grave difficolt\u00e0 di deambulazione.<\/h3>\t\t\t\t<\/div>\n\t\t\t\t<\/div>\n\t\t\t\t<\/div>\n\t\t\t\t\t<\/div>\n\t\t\t\t<\/div>\n\t\t<div class=\"elementor-element elementor-element-b2702f1 e-flex e-con-boxed wpr-particle-no wpr-jarallax-no wpr-parallax-no wpr-sticky-section-no wpr-column-slider-no wpr-equal-height-no elementor-invisible e-con e-parent\" data-id=\"b2702f1\" data-element_type=\"container\" data-e-type=\"container\" data-settings=\"{&quot;animation&quot;:&quot;fadeInUp&quot;,&quot;_ha_eqh_enable&quot;:false}\">\n\t\t\t\t\t<div class=\"e-con-inner\">\n\t\t\t\t<div class=\"elementor-element elementor-element-ccccff7 elementor-widget-divider--view-line elementor-widget elementor-widget-divider\" data-id=\"ccccff7\" data-element_type=\"widget\" data-e-type=\"widget\" data-widget_type=\"divider.default\">\n\t\t\t\t<div class=\"elementor-widget-container\">\n\t\t\t\t\t\t\t<div class=\"elementor-divider\">\n\t\t\t<span class=\"elementor-divider-separator\">\n\t\t\t\t\t\t<\/span>\n\t\t<\/div>\n\t\t\t\t\t\t<\/div>\n\t\t\t\t<\/div>\n\t\t\t\t\t<\/div>\n\t\t\t\t<\/div>\n\t\t<div class=\"elementor-element elementor-element-1c781075 e-flex e-con-boxed wpr-particle-no wpr-jarallax-no wpr-parallax-no wpr-sticky-section-no wpr-column-slider-no wpr-equal-height-no elementor-invisible e-con e-parent\" data-id=\"1c781075\" data-element_type=\"container\" data-e-type=\"container\" data-settings=\"{&quot;animation&quot;:&quot;fadeInLeft&quot;,&quot;_ha_eqh_enable&quot;:false}\">\n\t\t\t\t\t<div class=\"e-con-inner\">\n\t\t<div class=\"elementor-element elementor-element-50241fe7 e-con-full e-flex wpr-particle-no wpr-jarallax-no wpr-parallax-no wpr-sticky-section-no wpr-column-slider-no wpr-equal-height-no e-con e-child\" data-id=\"50241fe7\" data-element_type=\"container\" data-e-type=\"container\" data-settings=\"{&quot;_ha_eqh_enable&quot;:false}\">\n\t\t\t\t<div class=\"elementor-element elementor-element-5913fb67 elementor-widget elementor-widget-menu-anchor\" data-id=\"5913fb67\" data-element_type=\"widget\" data-e-type=\"widget\" data-widget_type=\"menu-anchor.default\">\n\t\t\t\t<div class=\"elementor-widget-container\">\n\t\t\t\t\t\t\t<div class=\"elementor-menu-anchor\" id=\"Aiuto\"><\/div>\n\t\t\t\t\t\t<\/div>\n\t\t\t\t<\/div>\n\t\t\t\t<div class=\"elementor-element elementor-element-4f0043c elementor-widget elementor-widget-heading\" data-id=\"4f0043c\" data-element_type=\"widget\" data-e-type=\"widget\" data-widget_type=\"heading.default\">\n\t\t\t\t<div class=\"elementor-widget-container\">\n\t\t\t\t\t<h2 class=\"elementor-heading-title elementor-size-default\">Aiuto Alla Persona<\/h2>\t\t\t\t<\/div>\n\t\t\t\t<\/div>\n\t\t\t\t<\/div>\n\t\t<div class=\"elementor-element elementor-element-16ca1cf7 e-con-full e-flex wpr-particle-no wpr-jarallax-no wpr-parallax-no wpr-sticky-section-no wpr-column-slider-no wpr-equal-height-no e-con e-child\" data-id=\"16ca1cf7\" data-element_type=\"container\" data-e-type=\"container\" data-settings=\"{&quot;_ha_eqh_enable&quot;:false}\">\n\t\t\t\t<div class=\"elementor-element elementor-element-637c03f2 elementor-widget elementor-widget-image\" data-id=\"637c03f2\" data-element_type=\"widget\" data-e-type=\"widget\" data-widget_type=\"image.default\">\n\t\t\t\t<div class=\"elementor-widget-container\">\n\t\t\t\t\t\t\t\t\t\t\t\t\t\t\t<img loading=\"lazy\" decoding=\"async\" width=\"690\" height=\"459\" src=\"https:\/\/www.cooperativasocialeatena.it\/wp-content\/uploads\/2023\/12\/1_n3QUGOGyQcydgyYxvaoG2g.jpg\" class=\"attachment-large size-large wp-image-867\" alt=\"\" srcset=\"https:\/\/www.cooperativasocialeatena.it\/wp-content\/uploads\/2023\/12\/1_n3QUGOGyQcydgyYxvaoG2g.jpg 760w, https:\/\/www.cooperativasocialeatena.it\/wp-content\/uploads\/2023\/12\/1_n3QUGOGyQcydgyYxvaoG2g-300x200.jpg 300w\" sizes=\"(max-width: 690px) 100vw, 690px\" \/>\t\t\t\t\t\t\t\t\t\t\t\t\t\t\t<\/div>\n\t\t\t\t<\/div>\n\t\t\t\t<\/div>\n\t\t<div class=\"elementor-element elementor-element-e358f97 e-con-full e-flex wpr-particle-no wpr-jarallax-no wpr-parallax-no wpr-sticky-section-no wpr-column-slider-no wpr-equal-height-no e-con e-child\" data-id=\"e358f97\" data-element_type=\"container\" data-e-type=\"container\" data-settings=\"{&quot;_ha_eqh_enable&quot;:false}\">\n\t\t\t\t<div class=\"elementor-element elementor-element-2a097cdf elementor-widget elementor-widget-text-editor\" data-id=\"2a097cdf\" data-element_type=\"widget\" data-e-type=\"widget\" data-widget_type=\"text-editor.default\">\n\t\t\t\t<div class=\"elementor-widget-container\">\n\t\t\t\t\t\t\t\t\t<p>Il servizio di aiuto alla persona \u00e8 rivolto ai cittadini disabili. Il servizio viene erogato nelle seguenti forme:<\/p><p><a href=\"http:\/\/www.comune.napoli.it\/flex\/cm\/pages\/ServeBLOB.php\/L\/IT\/IDPagina\/365\">Domiciliare integrata<\/a><\/p><p>Il servizio prevede prestazioni di aiuto diretto alla persona (alzarsi dal letto, igiene personale, espletamento delle funzioni fisiologiche ecc), tese a favorire l&#8217;autosufficienza giornaliera (mantenimento di posture corrette, aiuto nel movimento di arti invalidi, ecc.), aiuto infermieristico e igienico sanitario di semplice attuazione; prevede inoltre prestazioni infermieristiche e riabilitative.<\/p><p><a href=\"http:\/\/www.comune.napoli.it\/flex\/cm\/pages\/ServeBLOB.php\/L\/IT\/IDPagina\/366\">Assistenza scolastica<\/a><br \/>Il servizio \u00e8 finalizzato a promuovere l&#8217;autonomia e l&#8217;inclusione scolastica degli alunni disabili frequentanti le scuole dislocate sul territorio cittadino. Offre prestazioni di aiuto alla persona e di supporto nello svolgimento delle attivit\u00e0 che si realizzano quotidianamente nella scuola.<\/p><p><a href=\"http:\/\/www.comune.napoli.it\/flex\/cm\/pages\/ServeBLOB.php\/L\/IT\/IDPagina\/367\">Assistenza indiretta<\/a>\u00a0<br \/>L&#8217;obiettivo preliminare \u00e8 attuare gli interventi tesi ad assicurare una normale vita di relazione della persona con gravi deficit motori in grado di autodeterminarsi, e\/o ai soggetti non in grado di compiere scelte autonome o esprimere il proprio volere, nel contempo affiancando la famiglia nei gravosi compiti che quotidianamente \u00e8 chiamata ad assolvere.<\/p><p><a href=\"http:\/\/www.comune.napoli.it\/flex\/cm\/pages\/ServeBLOB.php\/L\/IT\/IDPagina\/368\">Trasporto scolastico<\/a>\u00a0<br \/>Il Servizio prevede l&#8217;accompagnamento casa-scuola e viceversa di bambini disabili; possono accedere al servizio minori con handicap gravi\u00a0<\/p>\t\t\t\t\t\t\t\t<\/div>\n\t\t\t\t<\/div>\n\t\t\t\t<\/div>\n\t\t<div class=\"elementor-element elementor-element-2f42fcab e-con-full e-flex wpr-particle-no wpr-jarallax-no wpr-parallax-no wpr-sticky-section-no wpr-column-slider-no wpr-equal-height-no e-con e-child\" data-id=\"2f42fcab\" data-element_type=\"container\" data-e-type=\"container\" data-settings=\"{&quot;_ha_eqh_enable&quot;:false}\">\n\t\t\t\t<div class=\"elementor-element elementor-element-560fa8e4 elementor-widget elementor-widget-heading\" data-id=\"560fa8e4\" data-element_type=\"widget\" data-e-type=\"widget\" data-widget_type=\"heading.default\">\n\t\t\t\t<div class=\"elementor-widget-container\">\n\t\t\t\t\t<h3 class=\"elementor-heading-title elementor-size-default\">Destinatari: Minori ed adulti portatori di handicap in situazioni di gravit\u00e0<\/h3>\t\t\t\t<\/div>\n\t\t\t\t<\/div>\n\t\t\t\t<\/div>\n\t\t\t\t\t<\/div>\n\t\t\t\t<\/div>\n\t\t<div class=\"elementor-element elementor-element-5d2feea e-flex e-con-boxed wpr-particle-no wpr-jarallax-no wpr-parallax-no wpr-sticky-section-no wpr-column-slider-no wpr-equal-height-no elementor-invisible e-con e-parent\" data-id=\"5d2feea\" data-element_type=\"container\" data-e-type=\"container\" data-settings=\"{&quot;animation&quot;:&quot;fadeInUp&quot;,&quot;_ha_eqh_enable&quot;:false}\">\n\t\t\t\t\t<div class=\"e-con-inner\">\n\t\t\t\t<div class=\"elementor-element elementor-element-7a307b7 elementor-widget-divider--view-line elementor-widget elementor-widget-divider\" data-id=\"7a307b7\" data-element_type=\"widget\" data-e-type=\"widget\" data-widget_type=\"divider.default\">\n\t\t\t\t<div class=\"elementor-widget-container\">\n\t\t\t\t\t\t\t<div class=\"elementor-divider\">\n\t\t\t<span class=\"elementor-divider-separator\">\n\t\t\t\t\t\t<\/span>\n\t\t<\/div>\n\t\t\t\t\t\t<\/div>\n\t\t\t\t<\/div>\n\t\t\t\t\t<\/div>\n\t\t\t\t<\/div>\n\t\t<div class=\"elementor-element elementor-element-340b8c65 e-flex e-con-boxed wpr-particle-no wpr-jarallax-no wpr-parallax-no wpr-sticky-section-no wpr-column-slider-no wpr-equal-height-no elementor-invisible e-con e-parent\" data-id=\"340b8c65\" data-element_type=\"container\" data-e-type=\"container\" data-settings=\"{&quot;animation&quot;:&quot;fadeInRight&quot;,&quot;_ha_eqh_enable&quot;:false}\">\n\t\t\t\t\t<div class=\"e-con-inner\">\n\t\t<div class=\"elementor-element elementor-element-21781904 e-con-full e-flex wpr-particle-no wpr-jarallax-no wpr-parallax-no wpr-sticky-section-no wpr-column-slider-no wpr-equal-height-no e-con e-child\" data-id=\"21781904\" data-element_type=\"container\" data-e-type=\"container\" data-settings=\"{&quot;_ha_eqh_enable&quot;:false}\">\n\t\t\t\t<div class=\"elementor-element elementor-element-27a74a90 elementor-widget elementor-widget-menu-anchor\" data-id=\"27a74a90\" data-element_type=\"widget\" data-e-type=\"widget\" data-widget_type=\"menu-anchor.default\">\n\t\t\t\t<div class=\"elementor-widget-container\">\n\t\t\t\t\t\t\t<div class=\"elementor-menu-anchor\" id=\"Insstru\"><\/div>\n\t\t\t\t\t\t<\/div>\n\t\t\t\t<\/div>\n\t\t\t\t<div class=\"elementor-element elementor-element-73a49c86 elementor-widget elementor-widget-heading\" data-id=\"73a49c86\" data-element_type=\"widget\" data-e-type=\"widget\" data-widget_type=\"heading.default\">\n\t\t\t\t<div class=\"elementor-widget-container\">\n\t\t\t\t\t<h2 class=\"elementor-heading-title elementor-size-default\">Inserimento in strutture semi-residenziali per Portatori di Handicap in situazioni di gravit\u00e0<\/h2>\t\t\t\t<\/div>\n\t\t\t\t<\/div>\n\t\t\t\t<\/div>\n\t\t<div class=\"elementor-element elementor-element-159d626a e-con-full e-flex wpr-particle-no wpr-jarallax-no wpr-parallax-no wpr-sticky-section-no wpr-column-slider-no wpr-equal-height-no e-con e-child\" data-id=\"159d626a\" data-element_type=\"container\" data-e-type=\"container\" data-settings=\"{&quot;_ha_eqh_enable&quot;:false}\">\n\t\t\t\t<div class=\"elementor-element elementor-element-6e0bf6a3 elementor-widget elementor-widget-text-editor\" data-id=\"6e0bf6a3\" data-element_type=\"widget\" data-e-type=\"widget\" data-widget_type=\"text-editor.default\">\n\t\t\t\t<div class=\"elementor-widget-container\">\n\t\t\t\t\t\t\t\t\t<p>Questa tipologia di servizi comprende strutture di accoglienza esclusivamente diurna come i Centri diurni socio riabilitativi, destinati a persone con grave disabilit\u00e0, e i Laboratori e Laboratori occupazionali destinati a persone con disabilit\u00e0 medio\/grave. Hanno la finalit\u00e0 di mantenere e potenziare le abilit\u00e0 ed autonomie individuali e di alleviare i compiti di cura ed assistenziali del nucleo famigliare<\/p><p><strong>Centri diurni socio riabilitativi<\/strong><\/p><p>Sono strutture socio-riabilitative a carattere diurno destinate alle persone in et\u00e0 giovane o adulta con gravi disabilit\u00e0 che al termine dell&#8217;istruzione scolastica non possono essere inserite in situazioni di lavoro. Offrono un sostegno ed un aiuto al soggetto disabile e alla sua famiglia, supportandone il lavoro di assistenza, educazione e riabilitazione. Al loro interno vengono svolti interventi volti alla acquisizione della autonomia individuale nelle attivit\u00e0 quotidiane, al mantenimento e potenziamento delle abilit\u00e0 residue e all&#8217;integrazione sociale dell&#8217;ospite.\u00a0<\/p><p><strong>Laboratori, Laboratori occupazionali, Laboratori protetti (Centri socio occupazionali)<\/strong><br \/>Strutture di accoglienza diurna destinate alle persone in et\u00e0 giovane o adulta con disabilit\u00e0 medio\/grave.<\/p><p>Laboratori: vengono svolte attivit\u00e0 finalizzate all&#8217;acquisizione di competenze specifiche di tipo manuale, cognitive, relazionali. Solitamente rivolti ad una utenza giovane.<br \/>Laboratori occupazionali: finalizzati a percorsi di formazione per acquisizione di competenze specifiche finalizzati ad un successivo inserimento in realt\u00e0 lavorative<br \/>Laboratori protetti: struttura per inserimenti lavorativi con alta necessit\u00e0 di appoggio e supervisione. Vengono svolte lavorazioni generalmente per conto di ditte esterne.<\/p>\t\t\t\t\t\t\t\t<\/div>\n\t\t\t\t<\/div>\n\t\t\t\t<\/div>\n\t\t<div class=\"elementor-element elementor-element-3a45387c e-con-full e-flex wpr-particle-no wpr-jarallax-no wpr-parallax-no wpr-sticky-section-no wpr-column-slider-no wpr-equal-height-no e-con e-child\" data-id=\"3a45387c\" data-element_type=\"container\" data-e-type=\"container\" data-settings=\"{&quot;_ha_eqh_enable&quot;:false}\">\n\t\t\t\t<div class=\"elementor-element elementor-element-2132021d elementor-widget elementor-widget-image\" data-id=\"2132021d\" data-element_type=\"widget\" data-e-type=\"widget\" data-widget_type=\"image.default\">\n\t\t\t\t<div class=\"elementor-widget-container\">\n\t\t\t\t\t\t\t\t\t\t\t\t\t\t\t<img loading=\"lazy\" decoding=\"async\" width=\"690\" height=\"460\" src=\"https:\/\/www.cooperativasocialeatena.it\/wp-content\/uploads\/2023\/12\/servizi-disabili-1024x683-1.jpg\" class=\"attachment-large size-large wp-image-871\" alt=\"\" srcset=\"https:\/\/www.cooperativasocialeatena.it\/wp-content\/uploads\/2023\/12\/servizi-disabili-1024x683-1.jpg 1024w, https:\/\/www.cooperativasocialeatena.it\/wp-content\/uploads\/2023\/12\/servizi-disabili-1024x683-1-300x200.jpg 300w, https:\/\/www.cooperativasocialeatena.it\/wp-content\/uploads\/2023\/12\/servizi-disabili-1024x683-1-768x512.jpg 768w\" sizes=\"(max-width: 690px) 100vw, 690px\" \/>\t\t\t\t\t\t\t\t\t\t\t\t\t\t\t<\/div>\n\t\t\t\t<\/div>\n\t\t\t\t<\/div>\n\t\t<div class=\"elementor-element elementor-element-5a4e880e e-con-full e-flex wpr-particle-no wpr-jarallax-no wpr-parallax-no wpr-sticky-section-no wpr-column-slider-no wpr-equal-height-no e-con e-child\" data-id=\"5a4e880e\" data-element_type=\"container\" data-e-type=\"container\" data-settings=\"{&quot;_ha_eqh_enable&quot;:false}\">\n\t\t\t\t<div class=\"elementor-element elementor-element-717d39c6 elementor-widget elementor-widget-heading\" data-id=\"717d39c6\" data-element_type=\"widget\" data-e-type=\"widget\" data-widget_type=\"heading.default\">\n\t\t\t\t<div class=\"elementor-widget-container\">\n\t\t\t\t\t<h3 class=\"elementor-heading-title elementor-size-default\">Destinatari: Disabili in situazioni di gravit\u00e0 che abbiano assolto l\u2019obbligo scolastico<\/h3>\t\t\t\t<\/div>\n\t\t\t\t<\/div>\n\t\t\t\t<\/div>\n\t\t\t\t\t<\/div>\n\t\t\t\t<\/div>\n\t\t<div class=\"elementor-element elementor-element-60266b0 e-flex e-con-boxed wpr-particle-no wpr-jarallax-no wpr-parallax-no wpr-sticky-section-no wpr-column-slider-no wpr-equal-height-no elementor-invisible e-con e-parent\" data-id=\"60266b0\" data-element_type=\"container\" data-e-type=\"container\" data-settings=\"{&quot;animation&quot;:&quot;fadeInUp&quot;,&quot;_ha_eqh_enable&quot;:false}\">\n\t\t\t\t\t<div class=\"e-con-inner\">\n\t\t\t\t<div class=\"elementor-element elementor-element-4534322 elementor-widget-divider--view-line elementor-widget elementor-widget-divider\" data-id=\"4534322\" data-element_type=\"widget\" data-e-type=\"widget\" data-widget_type=\"divider.default\">\n\t\t\t\t<div class=\"elementor-widget-container\">\n\t\t\t\t\t\t\t<div class=\"elementor-divider\">\n\t\t\t<span class=\"elementor-divider-separator\">\n\t\t\t\t\t\t<\/span>\n\t\t<\/div>\n\t\t\t\t\t\t<\/div>\n\t\t\t\t<\/div>\n\t\t\t\t\t<\/div>\n\t\t\t\t<\/div>\n\t\t<div class=\"elementor-element elementor-element-720724d e-flex e-con-boxed wpr-particle-no wpr-jarallax-no wpr-parallax-no wpr-sticky-section-no wpr-column-slider-no wpr-equal-height-no elementor-invisible e-con e-parent\" data-id=\"720724d\" data-element_type=\"container\" data-e-type=\"container\" data-settings=\"{&quot;animation&quot;:&quot;fadeInLeft&quot;,&quot;_ha_eqh_enable&quot;:false}\">\n\t\t\t\t\t<div class=\"e-con-inner\">\n\t\t<div class=\"elementor-element elementor-element-765d62b e-con-full e-flex wpr-particle-no wpr-jarallax-no wpr-parallax-no wpr-sticky-section-no wpr-column-slider-no wpr-equal-height-no e-con e-child\" data-id=\"765d62b\" data-element_type=\"container\" data-e-type=\"container\" data-settings=\"{&quot;_ha_eqh_enable&quot;:false}\">\n\t\t\t\t<div class=\"elementor-element elementor-element-5c86b69e elementor-widget elementor-widget-menu-anchor\" data-id=\"5c86b69e\" data-element_type=\"widget\" data-e-type=\"widget\" data-widget_type=\"menu-anchor.default\">\n\t\t\t\t<div class=\"elementor-widget-container\">\n\t\t\t\t\t\t\t<div class=\"elementor-menu-anchor\" id=\"CasaF\"><\/div>\n\t\t\t\t\t\t<\/div>\n\t\t\t\t<\/div>\n\t\t\t\t<div class=\"elementor-element elementor-element-3f6c8176 elementor-widget elementor-widget-heading\" data-id=\"3f6c8176\" data-element_type=\"widget\" data-e-type=\"widget\" data-widget_type=\"heading.default\">\n\t\t\t\t<div class=\"elementor-widget-container\">\n\t\t\t\t\t<h2 class=\"elementor-heading-title elementor-size-default\">Inserimento in Casa Famiglia per Disabili<\/h2>\t\t\t\t<\/div>\n\t\t\t\t<\/div>\n\t\t\t\t<\/div>\n\t\t<div class=\"elementor-element elementor-element-5f86e2b2 e-con-full e-flex wpr-particle-no wpr-jarallax-no wpr-parallax-no wpr-sticky-section-no wpr-column-slider-no wpr-equal-height-no e-con e-child\" data-id=\"5f86e2b2\" data-element_type=\"container\" data-e-type=\"container\" data-settings=\"{&quot;_ha_eqh_enable&quot;:false}\">\n\t\t\t\t<div class=\"elementor-element elementor-element-26f9b5ab elementor-widget elementor-widget-image\" data-id=\"26f9b5ab\" data-element_type=\"widget\" data-e-type=\"widget\" data-widget_type=\"image.default\">\n\t\t\t\t<div class=\"elementor-widget-container\">\n\t\t\t\t\t\t\t\t\t\t\t\t\t\t\t<img loading=\"lazy\" decoding=\"async\" width=\"690\" height=\"518\" src=\"https:\/\/www.cooperativasocialeatena.it\/wp-content\/uploads\/2023\/12\/disabilita-444547.large_.jpg\" class=\"attachment-large size-large wp-image-875\" alt=\"\" srcset=\"https:\/\/www.cooperativasocialeatena.it\/wp-content\/uploads\/2023\/12\/disabilita-444547.large_.jpg 1024w, https:\/\/www.cooperativasocialeatena.it\/wp-content\/uploads\/2023\/12\/disabilita-444547.large_-300x225.jpg 300w, https:\/\/www.cooperativasocialeatena.it\/wp-content\/uploads\/2023\/12\/disabilita-444547.large_-768x576.jpg 768w\" sizes=\"(max-width: 690px) 100vw, 690px\" \/>\t\t\t\t\t\t\t\t\t\t\t\t\t\t\t<\/div>\n\t\t\t\t<\/div>\n\t\t\t\t<\/div>\n\t\t<div class=\"elementor-element elementor-element-7394af08 e-con-full e-flex wpr-particle-no wpr-jarallax-no wpr-parallax-no wpr-sticky-section-no wpr-column-slider-no wpr-equal-height-no e-con e-child\" data-id=\"7394af08\" data-element_type=\"container\" data-e-type=\"container\" data-settings=\"{&quot;_ha_eqh_enable&quot;:false}\">\n\t\t\t\t<div class=\"elementor-element elementor-element-3799aac0 elementor-widget elementor-widget-text-editor\" data-id=\"3799aac0\" data-element_type=\"widget\" data-e-type=\"widget\" data-widget_type=\"text-editor.default\">\n\t\t\t\t<div class=\"elementor-widget-container\">\n\t\t\t\t\t\t\t\t\t<p>L\u2019inserimento di persone con disabilit\u00e0 in casa famiglia persegue le seguenti finalit\u00e0:<\/p><ul><li>offrire un ambiente protetto, nel rispetto delle esigenze di ogni utente, garantendo agli ospiti un\u2019esperienza di vita simile a quella in ambiente familiare;<\/li><li>Mantenere e recuperare i livelli di autonomia delle persone adulte con disabilit\u00e0, sulla base del piano personalizzato di assistenza;<\/li><\/ul><p>Sostenere le famiglie di origine con\u00a0\u00a0 difficolt\u00e0 nell\u2019accudimento del familiare con disabilit\u00e0<\/p>\t\t\t\t\t\t\t\t<\/div>\n\t\t\t\t<\/div>\n\t\t\t\t<\/div>\n\t\t<div class=\"elementor-element elementor-element-2f430334 e-con-full e-flex wpr-particle-no wpr-jarallax-no wpr-parallax-no wpr-sticky-section-no wpr-column-slider-no wpr-equal-height-no e-con e-child\" data-id=\"2f430334\" data-element_type=\"container\" data-e-type=\"container\" data-settings=\"{&quot;_ha_eqh_enable&quot;:false}\">\n\t\t\t\t<div class=\"elementor-element elementor-element-60f8c608 elementor-widget elementor-widget-heading\" data-id=\"60f8c608\" data-element_type=\"widget\" data-e-type=\"widget\" data-widget_type=\"heading.default\">\n\t\t\t\t<div class=\"elementor-widget-container\">\n\t\t\t\t\t<h3 class=\"elementor-heading-title elementor-size-default\">Aggiungi qui iDestinatari: Disabili in situazioni di gravit\u00e0l testo dell\u2019intestazione<\/h3>\t\t\t\t<\/div>\n\t\t\t\t<\/div>\n\t\t\t\t<\/div>\n\t\t\t\t\t<\/div>\n\t\t\t\t<\/div>\n\t\t<div class=\"elementor-element elementor-element-18a3ead e-flex e-con-boxed wpr-particle-no wpr-jarallax-no wpr-parallax-no wpr-sticky-section-no wpr-column-slider-no wpr-equal-height-no elementor-invisible e-con e-parent\" data-id=\"18a3ead\" data-element_type=\"container\" data-e-type=\"container\" data-settings=\"{&quot;animation&quot;:&quot;fadeInUp&quot;,&quot;_ha_eqh_enable&quot;:false}\">\n\t\t\t\t\t<div class=\"e-con-inner\">\n\t\t\t\t<div class=\"elementor-element elementor-element-e5aaae5 elementor-widget-divider--view-line elementor-widget elementor-widget-divider\" data-id=\"e5aaae5\" data-element_type=\"widget\" data-e-type=\"widget\" data-widget_type=\"divider.default\">\n\t\t\t\t<div class=\"elementor-widget-container\">\n\t\t\t\t\t\t\t<div class=\"elementor-divider\">\n\t\t\t<span class=\"elementor-divider-separator\">\n\t\t\t\t\t\t<\/span>\n\t\t<\/div>\n\t\t\t\t\t\t<\/div>\n\t\t\t\t<\/div>\n\t\t\t\t\t<\/div>\n\t\t\t\t<\/div>\n\t\t<div class=\"elementor-element elementor-element-65d1d273 e-flex e-con-boxed wpr-particle-no wpr-jarallax-no wpr-parallax-no wpr-sticky-section-no wpr-column-slider-no wpr-equal-height-no elementor-invisible e-con e-parent\" data-id=\"65d1d273\" data-element_type=\"container\" data-e-type=\"container\" data-settings=\"{&quot;animation&quot;:&quot;fadeInRight&quot;,&quot;_ha_eqh_enable&quot;:false}\">\n\t\t\t\t\t<div class=\"e-con-inner\">\n\t\t<div class=\"elementor-element elementor-element-3db2b6f6 e-con-full e-flex wpr-particle-no wpr-jarallax-no wpr-parallax-no wpr-sticky-section-no wpr-column-slider-no wpr-equal-height-no e-con e-child\" data-id=\"3db2b6f6\" data-element_type=\"container\" data-e-type=\"container\" data-settings=\"{&quot;_ha_eqh_enable&quot;:false}\">\n\t\t\t\t<div class=\"elementor-element elementor-element-41f3d912 elementor-widget elementor-widget-menu-anchor\" data-id=\"41f3d912\" data-element_type=\"widget\" data-e-type=\"widget\" data-widget_type=\"menu-anchor.default\">\n\t\t\t\t<div class=\"elementor-widget-container\">\n\t\t\t\t\t\t\t<div class=\"elementor-menu-anchor\" id=\"SSE\"><\/div>\n\t\t\t\t\t\t<\/div>\n\t\t\t\t<\/div>\n\t\t\t\t<div class=\"elementor-element elementor-element-4a8dd49 elementor-widget elementor-widget-heading\" data-id=\"4a8dd49\" data-element_type=\"widget\" data-e-type=\"widget\" data-widget_type=\"heading.default\">\n\t\t\t\t<div class=\"elementor-widget-container\">\n\t\t\t\t\t<h2 class=\"elementor-heading-title elementor-size-default\">Sostegno socio-educativo, assistenziale, scolastico ed extra-scolastico per portatori di handicap<\/h2>\t\t\t\t<\/div>\n\t\t\t\t<\/div>\n\t\t\t\t<\/div>\n\t\t<div class=\"elementor-element elementor-element-13be7f81 e-con-full e-flex wpr-particle-no wpr-jarallax-no wpr-parallax-no wpr-sticky-section-no wpr-column-slider-no wpr-equal-height-no e-con e-child\" data-id=\"13be7f81\" data-element_type=\"container\" data-e-type=\"container\" data-settings=\"{&quot;_ha_eqh_enable&quot;:false}\">\n\t\t\t\t<div class=\"elementor-element elementor-element-50ba7a6d elementor-widget elementor-widget-text-editor\" data-id=\"50ba7a6d\" data-element_type=\"widget\" data-e-type=\"widget\" data-widget_type=\"text-editor.default\">\n\t\t\t\t<div class=\"elementor-widget-container\">\n\t\t\t\t\t\t\t\t\t<p>Il servizio \u00e8 finalizzato a promuovere l&#8217;autonomia e l&#8217;inclusione scolastica degli alunni disabili frequentanti le scuole dislocate sul territorio. Offre prestazioni di aiuto alla persona e di supporto nello svolgimento delle attivit\u00e0 che si realizzano quotidianamente nella scuola e al di fuori di essa<\/p>\t\t\t\t\t\t\t\t<\/div>\n\t\t\t\t<\/div>\n\t\t\t\t<\/div>\n\t\t<div class=\"elementor-element elementor-element-38bade9 e-con-full e-flex wpr-particle-no wpr-jarallax-no wpr-parallax-no wpr-sticky-section-no wpr-column-slider-no wpr-equal-height-no e-con e-child\" data-id=\"38bade9\" data-element_type=\"container\" data-e-type=\"container\" data-settings=\"{&quot;_ha_eqh_enable&quot;:false}\">\n\t\t\t\t<div class=\"elementor-element elementor-element-5a2b0a72 elementor-widget elementor-widget-image\" data-id=\"5a2b0a72\" data-element_type=\"widget\" data-e-type=\"widget\" data-widget_type=\"image.default\">\n\t\t\t\t<div class=\"elementor-widget-container\">\n\t\t\t\t\t\t\t\t\t\t\t\t\t\t\t<img loading=\"lazy\" decoding=\"async\" width=\"900\" height=\"600\" src=\"https:\/\/www.cooperativasocialeatena.it\/wp-content\/uploads\/2023\/12\/integrazione_assistenza_scolastica-e1619516442928.jpg\" class=\"attachment-full size-full wp-image-882\" alt=\"\" srcset=\"https:\/\/www.cooperativasocialeatena.it\/wp-content\/uploads\/2023\/12\/integrazione_assistenza_scolastica-e1619516442928.jpg 900w, https:\/\/www.cooperativasocialeatena.it\/wp-content\/uploads\/2023\/12\/integrazione_assistenza_scolastica-e1619516442928-300x200.jpg 300w, https:\/\/www.cooperativasocialeatena.it\/wp-content\/uploads\/2023\/12\/integrazione_assistenza_scolastica-e1619516442928-768x512.jpg 768w\" sizes=\"(max-width: 900px) 100vw, 900px\" \/>\t\t\t\t\t\t\t\t\t\t\t\t\t\t\t<\/div>\n\t\t\t\t<\/div>\n\t\t\t\t<\/div>\n\t\t<div class=\"elementor-element elementor-element-12ff75c7 e-con-full e-flex wpr-particle-no wpr-jarallax-no wpr-parallax-no wpr-sticky-section-no wpr-column-slider-no wpr-equal-height-no e-con e-child\" data-id=\"12ff75c7\" data-element_type=\"container\" data-e-type=\"container\" data-settings=\"{&quot;_ha_eqh_enable&quot;:false}\">\n\t\t\t\t<div class=\"elementor-element elementor-element-79a6e655 elementor-widget elementor-widget-heading\" data-id=\"79a6e655\" data-element_type=\"widget\" data-e-type=\"widget\" data-widget_type=\"heading.default\">\n\t\t\t\t<div class=\"elementor-widget-container\">\n\t\t\t\t\t<h3 class=\"elementor-heading-title elementor-size-default\">Soggetti portatori di handicap in situazioni di gravit\u00e0<\/h3>\t\t\t\t<\/div>\n\t\t\t\t<\/div>\n\t\t\t\t<\/div>\n\t\t\t\t\t<\/div>\n\t\t\t\t<\/div>\n\t\t<div class=\"elementor-element elementor-element-7703f08 e-flex e-con-boxed wpr-particle-no wpr-jarallax-no wpr-parallax-no wpr-sticky-section-no wpr-column-slider-no wpr-equal-height-no elementor-invisible e-con e-parent\" data-id=\"7703f08\" data-element_type=\"container\" data-e-type=\"container\" data-settings=\"{&quot;animation&quot;:&quot;fadeInUp&quot;,&quot;_ha_eqh_enable&quot;:false}\">\n\t\t\t\t\t<div class=\"e-con-inner\">\n\t\t\t\t<div class=\"elementor-element elementor-element-1c82472 elementor-widget-divider--view-line elementor-widget elementor-widget-divider\" data-id=\"1c82472\" data-element_type=\"widget\" data-e-type=\"widget\" data-widget_type=\"divider.default\">\n\t\t\t\t<div class=\"elementor-widget-container\">\n\t\t\t\t\t\t\t<div class=\"elementor-divider\">\n\t\t\t<span class=\"elementor-divider-separator\">\n\t\t\t\t\t\t<\/span>\n\t\t<\/div>\n\t\t\t\t\t\t<\/div>\n\t\t\t\t<\/div>\n\t\t\t\t\t<\/div>\n\t\t\t\t<\/div>\n\t\t<div class=\"elementor-element elementor-element-39c159a9 e-flex e-con-boxed wpr-particle-no wpr-jarallax-no wpr-parallax-no wpr-sticky-section-no wpr-column-slider-no wpr-equal-height-no elementor-invisible e-con e-parent\" data-id=\"39c159a9\" data-element_type=\"container\" data-e-type=\"container\" data-settings=\"{&quot;animation&quot;:&quot;fadeInLeft&quot;,&quot;_ha_eqh_enable&quot;:false}\">\n\t\t\t\t\t<div class=\"e-con-inner\">\n\t\t<div class=\"elementor-element elementor-element-41f6da63 e-con-full e-flex wpr-particle-no wpr-jarallax-no wpr-parallax-no wpr-sticky-section-no wpr-column-slider-no wpr-equal-height-no e-con e-child\" data-id=\"41f6da63\" data-element_type=\"container\" data-e-type=\"container\" data-settings=\"{&quot;_ha_eqh_enable&quot;:false}\">\n\t\t\t\t<div class=\"elementor-element elementor-element-71e6e4d0 elementor-widget elementor-widget-menu-anchor\" data-id=\"71e6e4d0\" data-element_type=\"widget\" data-e-type=\"widget\" data-widget_type=\"menu-anchor.default\">\n\t\t\t\t<div class=\"elementor-widget-container\">\n\t\t\t\t\t\t\t<div class=\"elementor-menu-anchor\" id=\"PUA\"><\/div>\n\t\t\t\t\t\t<\/div>\n\t\t\t\t<\/div>\n\t\t\t\t<div class=\"elementor-element elementor-element-a26aa60 elementor-widget elementor-widget-heading\" data-id=\"a26aa60\" data-element_type=\"widget\" data-e-type=\"widget\" data-widget_type=\"heading.default\">\n\t\t\t\t<div class=\"elementor-widget-container\">\n\t\t\t\t\t<h2 class=\"elementor-heading-title elementor-size-default\">Porta Unica di Accesso (P.U.A)<\/h2>\t\t\t\t<\/div>\n\t\t\t\t<\/div>\n\t\t\t\t<\/div>\n\t\t<div class=\"elementor-element elementor-element-7265585d e-con-full e-flex wpr-particle-no wpr-jarallax-no wpr-parallax-no wpr-sticky-section-no wpr-column-slider-no wpr-equal-height-no e-con e-child\" data-id=\"7265585d\" data-element_type=\"container\" data-e-type=\"container\" data-settings=\"{&quot;_ha_eqh_enable&quot;:false}\">\n\t\t\t\t<div class=\"elementor-element elementor-element-128818cc elementor-widget elementor-widget-image\" data-id=\"128818cc\" data-element_type=\"widget\" data-e-type=\"widget\" data-widget_type=\"image.default\">\n\t\t\t\t<div class=\"elementor-widget-container\">\n\t\t\t\t\t\t\t\t\t\t\t\t\t\t\t<img loading=\"lazy\" decoding=\"async\" width=\"2220\" height=\"1636\" src=\"https:\/\/www.cooperativasocialeatena.it\/wp-content\/uploads\/2023\/12\/porta-unica-daccesso.jpg\" class=\"attachment-full size-full wp-image-886\" alt=\"\" srcset=\"https:\/\/www.cooperativasocialeatena.it\/wp-content\/uploads\/2023\/12\/porta-unica-daccesso.jpg 2220w, https:\/\/www.cooperativasocialeatena.it\/wp-content\/uploads\/2023\/12\/porta-unica-daccesso-300x221.jpg 300w, https:\/\/www.cooperativasocialeatena.it\/wp-content\/uploads\/2023\/12\/porta-unica-daccesso-1024x755.jpg 1024w, https:\/\/www.cooperativasocialeatena.it\/wp-content\/uploads\/2023\/12\/porta-unica-daccesso-768x566.jpg 768w, https:\/\/www.cooperativasocialeatena.it\/wp-content\/uploads\/2023\/12\/porta-unica-daccesso-1536x1132.jpg 1536w, https:\/\/www.cooperativasocialeatena.it\/wp-content\/uploads\/2023\/12\/porta-unica-daccesso-2048x1509.jpg 2048w\" sizes=\"(max-width: 2220px) 100vw, 2220px\" \/>\t\t\t\t\t\t\t\t\t\t\t\t\t\t\t<\/div>\n\t\t\t\t<\/div>\n\t\t\t\t<\/div>\n\t\t<div class=\"elementor-element elementor-element-67472bd7 e-con-full e-flex wpr-particle-no wpr-jarallax-no wpr-parallax-no wpr-sticky-section-no wpr-column-slider-no wpr-equal-height-no e-con e-child\" data-id=\"67472bd7\" data-element_type=\"container\" data-e-type=\"container\" data-settings=\"{&quot;_ha_eqh_enable&quot;:false}\">\n\t\t\t\t<div class=\"elementor-element elementor-element-7ccdb6f5 elementor-widget elementor-widget-text-editor\" data-id=\"7ccdb6f5\" data-element_type=\"widget\" data-e-type=\"widget\" data-widget_type=\"text-editor.default\">\n\t\t\t\t<div class=\"elementor-widget-container\">\n\t\t\t\t\t\t\t\t\t<p>Nelle attivit\u00e0 della P.U.A. (Porta Unica di Accesso) rientrano attivit\u00e0 connesse all\u2019istruttoria delle richieste di assistenza socio sanitaria complessa in quanto integrata con i servizi socio-assistenziali d\u2019Ambito e i servizi sanitari dell\u2019ASL.<\/p><p>La P.U.A. si rende necessaria al fine di fornire funzioni di accesso, valutazione del fabbisogno\u00a0 e presa in carico delle persone affette da disabilit\u00e0.<\/p><p>Rappresenta l\u2019anello operativo strategico per il recepimento unitario delle istanze sociali, sanitarie e socio-sanitarie, dall\u2019accoglienza dell\u2019utente fino alla chiusura della sua pratica.<\/p><p>La\u00a0 Porta Unica di Accesso:<\/p><ul><li>si occupa di Front office;<\/li><li>si occupa di Funzioni di accoglienza e ascolto del bisogno;<\/li><li>\u00e8 dotata di strumenti idonei per la comunicazione telefonica e informatica;<\/li><li>si occupa della raccolta e dell\u2019archiviazione delle informazioni;<\/li><li>si occupa di back office per l\u2019accompagnamento delle istanze e per il collegamento con i servizi;<\/li><li>ha funzioni di Coordinamento con il Distretto Sanitario e con l\u2019Ambito Sociale;<\/li><\/ul><p>si integra con i servizi e le risorse del territorio<\/p>\t\t\t\t\t\t\t\t<\/div>\n\t\t\t\t<\/div>\n\t\t\t\t<\/div>\n\t\t<div class=\"elementor-element elementor-element-1bd52c83 e-con-full e-flex wpr-particle-no wpr-jarallax-no wpr-parallax-no wpr-sticky-section-no wpr-column-slider-no wpr-equal-height-no e-con e-child\" data-id=\"1bd52c83\" data-element_type=\"container\" data-e-type=\"container\" data-settings=\"{&quot;_ha_eqh_enable&quot;:false}\">\n\t\t\t\t<div class=\"elementor-element elementor-element-1dfcb6fa elementor-widget elementor-widget-heading\" data-id=\"1dfcb6fa\" data-element_type=\"widget\" data-e-type=\"widget\" data-widget_type=\"heading.default\">\n\t\t\t\t<div class=\"elementor-widget-container\">\n\t\t\t\t\t<h2 class=\"elementor-heading-title elementor-size-default\">Destinatari: Soggetti portatori di handicap<\/h2>\t\t\t\t<\/div>\n\t\t\t\t<\/div>\n\t\t\t\t<\/div>\n\t\t\t\t\t<\/div>\n\t\t\t\t<\/div>\n\t\t\t\t<\/div>\n\t\t","protected":false},"excerpt":{"rendered":"<p>Area Disabilit\u00e0 Assistenza Domiciliare ai Disabili Trasporto per Portatori di Handicap Aiuto Alla Persona Inserimento in strutture semi-residenziali per Portatori di Handicap in situazioni di gravit\u00e0 Inserimento in Casa Famiglia per Disabili Sostegno socio-educativo, assistenziale, scolastico ed extra-scolastico per portatori di handicap Porta Unica di Accesso (P.U.A) Assistenza Domiciliare ai Disabili Per assistenza domiciliare si intende un complesso di interventi e prestazioni di carattere socio-assistenziale, anche temporanei, erogati prevalentemente presso l&#8217;abitazione dell&#8217;utente. La finalit\u00e0 del servizio \u00e8 quella di: favorire la permanenza del disabile presso il proprio domicilio; offrire un sostegno che permetta di ampliare le opportunit\u00e0 di scelta e di accrescere la capacit\u00e0 di autodeterminazione; supportare l\u2019 utente in relazione alle difficolt\u00e0 insite nella sua condizione; sostenere il recupero e l\u2019 acquisizione possibile delle capacit\u00e0 di vita quotidiana del disabile; favorire l\u2019 integrazione sociale e familiare; sostenere le potenzialit\u00e0 di cura della famiglia; supportare l\u2019utente nello svolgimento delle pratiche amministrative; favorire le relazioni interpersonali e la comunicazione; prevenire e rimuovere le situazioni di disagio, solitudine ed emarginazione. \u00a0 Aiuto per il governo della casa e cura della persona: Riordino del letto e della casa; &#8211; Pulizia dei servizi e dei vani dell&#8217;alloggio ad uso dell&#8217;utente; &#8211; Cambio della biancheria; &#8211; Preparazione pasti; &#8211; Aiuto per la spesa; &#8211; Attivit\u00e0 di assistenza alla cura della persona; &#8211; Prestazione igienico-sanitarie di semplice attuazione. Segretariato Sociale: Informazione sui diritti, pratiche e servizi, con svolgimento di piccole commissioni; &#8211; Svolgimento di pratiche amministrative; Accompagnamento dell&#8217;utente per visite mediche o altre necessit\u00e0, quando questi non sia in grado di recarsi da solo o quando non si hanno altre risorse; &#8211; Partecipazione agli interventi di socializzazione e\/o recupero a favore della persona; &#8211; Rapporti con strutture sanitarie, sociali, ricreative del territorio Destinatari: Soggetti portatori di handicap in situazioni di gravit\u00e0 Trasporto per Portatori di Handicap Questo servizio \u00e8 rivolto a portatori di handicap che devono muoversi sul territorio per motivi ed esigenze diverse come recarsi presso: centri di terapia, scuole, lavoro, strutture semiresidenziali o centri sociali Destinatari: Portatori di handicap in situazioni di grave difficolt\u00e0 di deambulazione. Aiuto Alla Persona Il servizio di aiuto alla persona \u00e8 rivolto ai cittadini disabili. Il servizio viene erogato nelle seguenti forme: Domiciliare integrata Il servizio prevede prestazioni di aiuto diretto alla persona (alzarsi dal letto, igiene personale, espletamento delle funzioni fisiologiche ecc), tese a favorire l&#8217;autosufficienza giornaliera (mantenimento di posture corrette, aiuto nel movimento di arti invalidi, ecc.), aiuto infermieristico e igienico sanitario di semplice attuazione; prevede inoltre prestazioni infermieristiche e riabilitative. Assistenza scolasticaIl servizio \u00e8 finalizzato a promuovere l&#8217;autonomia e l&#8217;inclusione scolastica degli alunni disabili frequentanti le scuole dislocate sul territorio cittadino. Offre prestazioni di aiuto alla persona e di supporto nello svolgimento delle attivit\u00e0 che si realizzano quotidianamente nella scuola. Assistenza indiretta\u00a0L&#8217;obiettivo preliminare \u00e8 attuare gli interventi tesi ad assicurare una normale vita di relazione della persona con gravi deficit motori in grado di autodeterminarsi, e\/o ai soggetti non in grado di compiere scelte autonome o esprimere il proprio volere, nel contempo affiancando la famiglia nei gravosi compiti che quotidianamente \u00e8 chiamata ad assolvere. Trasporto scolastico\u00a0Il Servizio prevede l&#8217;accompagnamento casa-scuola e viceversa di bambini disabili; possono accedere al servizio minori con handicap gravi\u00a0 Destinatari: Minori ed adulti portatori di handicap in situazioni di gravit\u00e0 Inserimento in strutture semi-residenziali per Portatori di Handicap in situazioni di gravit\u00e0 Questa tipologia di servizi comprende strutture di accoglienza esclusivamente diurna come i Centri diurni socio riabilitativi, destinati a persone con grave disabilit\u00e0, e i Laboratori e Laboratori occupazionali destinati a persone con disabilit\u00e0 medio\/grave. Hanno la finalit\u00e0 di mantenere e potenziare le abilit\u00e0 ed autonomie individuali e di alleviare i compiti di cura ed assistenziali del nucleo famigliare Centri diurni socio riabilitativi Sono strutture socio-riabilitative a carattere diurno destinate alle persone in et\u00e0 giovane o adulta con gravi disabilit\u00e0 che al termine dell&#8217;istruzione scolastica non possono essere inserite in situazioni di lavoro. Offrono un sostegno ed un aiuto al soggetto disabile e alla sua famiglia, supportandone il lavoro di assistenza, educazione e riabilitazione. Al loro interno vengono svolti interventi volti alla acquisizione della autonomia individuale nelle attivit\u00e0 quotidiane, al mantenimento e potenziamento delle abilit\u00e0 residue e all&#8217;integrazione sociale dell&#8217;ospite.\u00a0 Laboratori, Laboratori occupazionali, Laboratori protetti (Centri socio occupazionali)Strutture di accoglienza diurna destinate alle persone in et\u00e0 giovane o adulta con disabilit\u00e0 medio\/grave. Laboratori: vengono svolte attivit\u00e0 finalizzate all&#8217;acquisizione di competenze specifiche di tipo manuale, cognitive, relazionali. Solitamente rivolti ad una utenza giovane.Laboratori occupazionali: finalizzati a percorsi di formazione per acquisizione di competenze specifiche finalizzati ad un successivo inserimento in realt\u00e0 lavorativeLaboratori protetti: struttura per inserimenti lavorativi con alta necessit\u00e0 di appoggio e supervisione. Vengono svolte lavorazioni generalmente per conto di ditte esterne. Destinatari: Disabili in situazioni di gravit\u00e0 che abbiano assolto l\u2019obbligo scolastico Inserimento in Casa Famiglia per Disabili L\u2019inserimento di persone con disabilit\u00e0 in casa famiglia persegue le seguenti finalit\u00e0: offrire un ambiente protetto, nel rispetto delle esigenze di ogni utente, garantendo agli ospiti un\u2019esperienza di vita simile a quella in ambiente familiare; Mantenere e recuperare i livelli di autonomia delle persone adulte con disabilit\u00e0, sulla base del piano personalizzato di assistenza; Sostenere le famiglie di origine con\u00a0\u00a0 difficolt\u00e0 nell\u2019accudimento del familiare con disabilit\u00e0 Aggiungi qui iDestinatari: Disabili in situazioni di gravit\u00e0l testo dell\u2019intestazione Sostegno socio-educativo, assistenziale, scolastico ed extra-scolastico per portatori di handicap Il servizio \u00e8 finalizzato a promuovere l&#8217;autonomia e l&#8217;inclusione scolastica degli alunni disabili frequentanti le scuole dislocate sul territorio. Offre prestazioni di aiuto alla persona e di supporto nello svolgimento delle attivit\u00e0 che si realizzano quotidianamente nella scuola e al di fuori di essa Soggetti portatori di handicap in situazioni di gravit\u00e0 Porta Unica di Accesso (P.U.A) Nelle attivit\u00e0 della P.U.A. (Porta Unica di Accesso) rientrano attivit\u00e0 connesse all\u2019istruttoria delle richieste di assistenza socio sanitaria complessa in quanto integrata con i servizi socio-assistenziali d\u2019Ambito e i servizi sanitari dell\u2019ASL. La P.U.A. si rende necessaria al fine di fornire funzioni di accesso, valutazione del fabbisogno\u00a0 e presa in carico delle persone affette da disabilit\u00e0. Rappresenta l\u2019anello operativo strategico per il recepimento unitario delle istanze sociali, sanitarie<br \/><a class=\"moretag\" href=\"https:\/\/www.cooperativasocialeatena.it\/index.php\/servizi\/area-disabilita\/\">+ Read More<\/a><\/p>\n","protected":false},"author":1,"featured_media":0,"parent":258,"menu_order":0,"comment_status":"closed","ping_status":"closed","template":"templates\/elementor.php","meta":{"footnotes":""},"class_list":["post-573","page","type-page","status-publish","hentry"],"jetpack-related-posts":[],"jetpack_sharing_enabled":true,"_links":{"self":[{"href":"https:\/\/www.cooperativasocialeatena.it\/index.php\/wp-json\/wp\/v2\/pages\/573","targetHints":{"allow":["GET"]}}],"collection":[{"href":"https:\/\/www.cooperativasocialeatena.it\/index.php\/wp-json\/wp\/v2\/pages"}],"about":[{"href":"https:\/\/www.cooperativasocialeatena.it\/index.php\/wp-json\/wp\/v2\/types\/page"}],"author":[{"embeddable":true,"href":"https:\/\/www.cooperativasocialeatena.it\/index.php\/wp-json\/wp\/v2\/users\/1"}],"replies":[{"embeddable":true,"href":"https:\/\/www.cooperativasocialeatena.it\/index.php\/wp-json\/wp\/v2\/comments?post=573"}],"version-history":[{"count":90,"href":"https:\/\/www.cooperativasocialeatena.it\/index.php\/wp-json\/wp\/v2\/pages\/573\/revisions"}],"predecessor-version":[{"id":1001,"href":"https:\/\/www.cooperativasocialeatena.it\/index.php\/wp-json\/wp\/v2\/pages\/573\/revisions\/1001"}],"up":[{"embeddable":true,"href":"https:\/\/www.cooperativasocialeatena.it\/index.php\/wp-json\/wp\/v2\/pages\/258"}],"wp:attachment":[{"href":"https:\/\/www.cooperativasocialeatena.it\/index.php\/wp-json\/wp\/v2\/media?parent=573"}],"curies":[{"name":"wp","href":"https:\/\/api.w.org\/{rel}","templated":true}]}}