{"id":574,"date":"2023-12-01T14:57:19","date_gmt":"2023-12-01T14:57:19","guid":{"rendered":"https:\/\/www.cooperativasocialeatena.it\/?page_id=574"},"modified":"2023-12-06T11:43:53","modified_gmt":"2023-12-06T11:43:53","slug":"area-minori","status":"publish","type":"page","link":"https:\/\/www.cooperativasocialeatena.it\/index.php\/servizi\/area-minori\/","title":{"rendered":"AREA MINORI"},"content":{"rendered":"\t\t<div data-elementor-type=\"wp-page\" data-elementor-id=\"574\" class=\"elementor elementor-574\" data-elementor-settings=\"{&quot;ha_cmc_init_switcher&quot;:&quot;no&quot;}\">\n\t\t\t\t<div class=\"elementor-element elementor-element-54db2f88 e-con-full e-flex wpr-particle-no wpr-jarallax-no wpr-parallax-no wpr-sticky-section-no wpr-column-slider-no wpr-equal-height-no e-con e-parent\" data-id=\"54db2f88\" data-element_type=\"container\" data-e-type=\"container\" data-settings=\"{&quot;background_background&quot;:&quot;classic&quot;,&quot;_ha_eqh_enable&quot;:false}\">\n\t\t\t\t<\/div>\n\t\t<div class=\"elementor-element elementor-element-4be750e6 e-con-full e-flex wpr-particle-no wpr-jarallax-no wpr-parallax-no wpr-sticky-section-no wpr-column-slider-no wpr-equal-height-no e-con e-parent\" data-id=\"4be750e6\" data-element_type=\"container\" data-e-type=\"container\" data-settings=\"{&quot;_ha_eqh_enable&quot;:false}\">\n\t\t\t\t<div class=\"elementor-element elementor-element-7d0e7a30 elementor-widget elementor-widget-heading\" data-id=\"7d0e7a30\" data-element_type=\"widget\" data-e-type=\"widget\" data-widget_type=\"heading.default\">\n\t\t\t\t<div class=\"elementor-widget-container\">\n\t\t\t\t\t<h1 class=\"elementor-heading-title elementor-size-xxl\">Area Minori<\/h1>\t\t\t\t<\/div>\n\t\t\t\t<\/div>\n\t\t\t\t<\/div>\n\t\t<div class=\"elementor-element elementor-element-7223c965 e-con-full e-flex wpr-particle-no wpr-jarallax-no wpr-parallax-no wpr-sticky-section-no wpr-column-slider-no wpr-equal-height-no e-con e-parent\" data-id=\"7223c965\" data-element_type=\"container\" data-e-type=\"container\" data-settings=\"{&quot;background_background&quot;:&quot;classic&quot;,&quot;_ha_eqh_enable&quot;:false}\">\n\t\t\t\t<\/div>\n\t\t<div class=\"elementor-element elementor-element-1b44122 e-flex e-con-boxed wpr-particle-no wpr-jarallax-no wpr-parallax-no wpr-sticky-section-no wpr-column-slider-no wpr-equal-height-no elementor-invisible e-con e-parent\" data-id=\"1b44122\" data-element_type=\"container\" data-e-type=\"container\" data-settings=\"{&quot;animation&quot;:&quot;fadeInLeft&quot;,&quot;_ha_eqh_enable&quot;:false}\">\n\t\t\t\t\t<div class=\"e-con-inner\">\n\t\t<div class=\"elementor-element elementor-element-46ae955 e-con-full e-flex wpr-particle-no wpr-jarallax-no wpr-parallax-no wpr-sticky-section-no wpr-column-slider-no wpr-equal-height-no e-con e-child\" data-id=\"46ae955\" data-element_type=\"container\" data-e-type=\"container\" data-settings=\"{&quot;_ha_eqh_enable&quot;:false}\">\n\t\t\t\t<div class=\"elementor-element elementor-element-bd6b940 elementor-widget elementor-widget-menu-anchor\" data-id=\"bd6b940\" data-element_type=\"widget\" data-e-type=\"widget\" data-widget_type=\"menu-anchor.default\">\n\t\t\t\t<div class=\"elementor-widget-container\">\n\t\t\t\t\t\t\t<div class=\"elementor-menu-anchor\" id=\"ADE\"><\/div>\n\t\t\t\t\t\t<\/div>\n\t\t\t\t<\/div>\n\t\t\t\t<div class=\"elementor-element elementor-element-bb124e2 elementor-widget elementor-widget-heading\" data-id=\"bb124e2\" data-element_type=\"widget\" data-e-type=\"widget\" data-widget_type=\"heading.default\">\n\t\t\t\t<div class=\"elementor-widget-container\">\n\t\t\t\t\t<h2 class=\"elementor-heading-title elementor-size-default\">Assistenza Domiciliare Educativa<\/h2>\t\t\t\t<\/div>\n\t\t\t\t<\/div>\n\t\t\t\t<\/div>\n\t\t<div class=\"elementor-element elementor-element-4645b83 e-con-full e-flex wpr-particle-no wpr-jarallax-no wpr-parallax-no wpr-sticky-section-no wpr-column-slider-no wpr-equal-height-no e-con e-child\" data-id=\"4645b83\" data-element_type=\"container\" data-e-type=\"container\" data-settings=\"{&quot;_ha_eqh_enable&quot;:false}\">\n\t\t\t\t<div class=\"elementor-element elementor-element-5cc4205 elementor-widget elementor-widget-image\" data-id=\"5cc4205\" data-element_type=\"widget\" data-e-type=\"widget\" data-widget_type=\"image.default\">\n\t\t\t\t<div class=\"elementor-widget-container\">\n\t\t\t\t\t\t\t\t\t\t\t\t\t\t\t<img fetchpriority=\"high\" decoding=\"async\" width=\"690\" height=\"460\" src=\"https:\/\/www.cooperativasocialeatena.it\/wp-content\/uploads\/2023\/12\/AD-minori-box.jpg\" class=\"attachment-large size-large wp-image-919\" alt=\"\" srcset=\"https:\/\/www.cooperativasocialeatena.it\/wp-content\/uploads\/2023\/12\/AD-minori-box.jpg 980w, https:\/\/www.cooperativasocialeatena.it\/wp-content\/uploads\/2023\/12\/AD-minori-box-300x200.jpg 300w, https:\/\/www.cooperativasocialeatena.it\/wp-content\/uploads\/2023\/12\/AD-minori-box-768x513.jpg 768w\" sizes=\"(max-width: 690px) 100vw, 690px\" \/>\t\t\t\t\t\t\t\t\t\t\t\t\t\t\t<\/div>\n\t\t\t\t<\/div>\n\t\t\t\t<\/div>\n\t\t<div class=\"elementor-element elementor-element-5c0994b e-con-full e-flex wpr-particle-no wpr-jarallax-no wpr-parallax-no wpr-sticky-section-no wpr-column-slider-no wpr-equal-height-no e-con e-child\" data-id=\"5c0994b\" data-element_type=\"container\" data-e-type=\"container\" data-settings=\"{&quot;_ha_eqh_enable&quot;:false}\">\n\t\t\t\t<div class=\"elementor-element elementor-element-01063fe elementor-widget elementor-widget-text-editor\" data-id=\"01063fe\" data-element_type=\"widget\" data-e-type=\"widget\" data-widget_type=\"text-editor.default\">\n\t\t\t\t<div class=\"elementor-widget-container\">\n\t\t\t\t\t\t\t\t\t<p>Il Servizio si configura come integrativo della famiglia ed ha lo scopo di coadiuvare l&#8217;azione dei genitori con limitate capacit\u00e0 e\/o possibilit\u00e0 nei confronti di minori in difficolt\u00e0. Esso ha come prima finalit\u00e0 l&#8217;evoluzione del nucleo familiare mirata al perseguimento della propria autonomia nel \u201ccompito educativo\u201d. Esso, inoltre, si prefigge di:<\/p><ul><li>mantenere il minore nel suo ambiente, all&#8217;interno di una relazione familiare che ne tuteli la crescita e lo sviluppo, prevenendo ogni forma di emarginazione;<\/li><li>consentire alle figure parentali di maturare adeguate competenze genitoriali, valorizzando le risorse esistenti e intervenendo sui nodi critici della relazione educativa;<\/li><li>favorire il percorso di integrazione del minore nel contesto sociale, coinvolgendo le risorse aggregative, educative, culturali e sportive del territorio;<\/li><li>facilitare e promuovere gli interventi all&#8217;interno di un progetto di rete territoriale che preveda una collaborazione con gli altri servizi sociali, sanitari, scolastici, culturali, pubblici e\/o afferenti al privato sociale presenti sul territorio al fine di evitare l\u2019allontanamento del minore.<\/li><\/ul><p>promuovere interventi \u201ccomplessi\u201d all\u2019interno di un progetto di rete territoriale che preveda la collaborazione con gli altri servizi sociali, sanitari, scolastici, culturali, pubblici e\/o afferenti al privato sociale presenti sul territorio.<\/p>\t\t\t\t\t\t\t\t<\/div>\n\t\t\t\t<\/div>\n\t\t\t\t<\/div>\n\t\t<div class=\"elementor-element elementor-element-c16a569 e-con-full e-flex wpr-particle-no wpr-jarallax-no wpr-parallax-no wpr-sticky-section-no wpr-column-slider-no wpr-equal-height-no e-con e-child\" data-id=\"c16a569\" data-element_type=\"container\" data-e-type=\"container\" data-settings=\"{&quot;_ha_eqh_enable&quot;:false}\">\n\t\t\t\t<div class=\"elementor-element elementor-element-ed6949a elementor-widget elementor-widget-heading\" data-id=\"ed6949a\" data-element_type=\"widget\" data-e-type=\"widget\" data-widget_type=\"heading.default\">\n\t\t\t\t<div class=\"elementor-widget-container\">\n\t\t\t\t\t<h3 class=\"elementor-heading-title elementor-size-default\">Il servizio \u00e8 rivolto ai minori a rischio di emarginazione sociale e alle loro famiglie, per le quali sia stato rilevato il bisogno di interventi a valenza educativa<\/h3>\t\t\t\t<\/div>\n\t\t\t\t<\/div>\n\t\t\t\t<\/div>\n\t\t\t\t\t<\/div>\n\t\t\t\t<\/div>\n\t\t<div class=\"elementor-element elementor-element-464d418 e-flex e-con-boxed wpr-particle-no wpr-jarallax-no wpr-parallax-no wpr-sticky-section-no wpr-column-slider-no wpr-equal-height-no elementor-invisible e-con e-parent\" data-id=\"464d418\" data-element_type=\"container\" data-e-type=\"container\" data-settings=\"{&quot;animation&quot;:&quot;fadeInUp&quot;,&quot;_ha_eqh_enable&quot;:false}\">\n\t\t\t\t\t<div class=\"e-con-inner\">\n\t\t\t\t<div class=\"elementor-element elementor-element-dee7fbc elementor-widget-divider--view-line elementor-widget elementor-widget-divider\" data-id=\"dee7fbc\" data-element_type=\"widget\" data-e-type=\"widget\" data-widget_type=\"divider.default\">\n\t\t\t\t<div class=\"elementor-widget-container\">\n\t\t\t\t\t\t\t<div class=\"elementor-divider\">\n\t\t\t<span class=\"elementor-divider-separator\">\n\t\t\t\t\t\t<\/span>\n\t\t<\/div>\n\t\t\t\t\t\t<\/div>\n\t\t\t\t<\/div>\n\t\t\t\t\t<\/div>\n\t\t\t\t<\/div>\n\t\t<div class=\"elementor-element elementor-element-09ab75e e-flex e-con-boxed wpr-particle-no wpr-jarallax-no wpr-parallax-no wpr-sticky-section-no wpr-column-slider-no wpr-equal-height-no elementor-invisible e-con e-parent\" data-id=\"09ab75e\" data-element_type=\"container\" data-e-type=\"container\" data-settings=\"{&quot;animation&quot;:&quot;fadeInRight&quot;,&quot;_ha_eqh_enable&quot;:false}\">\n\t\t\t\t\t<div class=\"e-con-inner\">\n\t\t<div class=\"elementor-element elementor-element-08e2182 e-con-full e-flex wpr-particle-no wpr-jarallax-no wpr-parallax-no wpr-sticky-section-no wpr-column-slider-no wpr-equal-height-no e-con e-child\" data-id=\"08e2182\" data-element_type=\"container\" data-e-type=\"container\" data-settings=\"{&quot;_ha_eqh_enable&quot;:false}\">\n\t\t\t\t<div class=\"elementor-element elementor-element-728696e elementor-widget elementor-widget-menu-anchor\" data-id=\"728696e\" data-element_type=\"widget\" data-e-type=\"widget\" data-widget_type=\"menu-anchor.default\">\n\t\t\t\t<div class=\"elementor-widget-container\">\n\t\t\t\t\t\t\t<div class=\"elementor-menu-anchor\" id=\"CSS\"><\/div>\n\t\t\t\t\t\t<\/div>\n\t\t\t\t<\/div>\n\t\t\t\t<div class=\"elementor-element elementor-element-9a6e9dc elementor-widget elementor-widget-heading\" data-id=\"9a6e9dc\" data-element_type=\"widget\" data-e-type=\"widget\" data-widget_type=\"heading.default\">\n\t\t\t\t<div class=\"elementor-widget-container\">\n\t\t\t\t\t<h2 class=\"elementor-heading-title elementor-size-default\">Centri di Socializzazione \u2013 Campi Solari<\/h2>\t\t\t\t<\/div>\n\t\t\t\t<\/div>\n\t\t\t\t<\/div>\n\t\t<div class=\"elementor-element elementor-element-fde6e42 e-con-full e-flex wpr-particle-no wpr-jarallax-no wpr-parallax-no wpr-sticky-section-no wpr-column-slider-no wpr-equal-height-no e-con e-child\" data-id=\"fde6e42\" data-element_type=\"container\" data-e-type=\"container\" data-settings=\"{&quot;_ha_eqh_enable&quot;:false}\">\n\t\t\t\t<div class=\"elementor-element elementor-element-7e43c7e elementor-widget elementor-widget-text-editor\" data-id=\"7e43c7e\" data-element_type=\"widget\" data-e-type=\"widget\" data-widget_type=\"text-editor.default\">\n\t\t\t\t<div class=\"elementor-widget-container\">\n\t\t\t\t\t\t\t\t\t<p>La finalit\u00e0 del servizio \u00e8 quella di consentire opportunit\u00e0 di integrazione e socializzazione dei minori, in particolare per coloro che vivono in situazioni di bisogno e di disagio.<\/p><p>Gli obiettivi specifici del servizio, tendente alla realizzazione delle finalit\u00e0 generali del servizio stesso, nel rispetto della libert\u00e0 del cittadino utente sono:<\/p><ul><li>favorire opportunit\u00e0 di socializzazione e di aggregazione tra coetanei attraverso l&#8217;attivazione di laboratori manipolativi, ricreativi, culturali ed espressivi;<\/li><li>favorire la partecipazione dei minori alla vita della comunit\u00e0 locale, sviluppando nei minori processi di maturazione per farli diventare soggetti attivi di cambiamento sociale;<\/li><\/ul><p>sviluppare le competenze e le capacit\u00e0 dei minori, attraverso l&#8217;attivazione delle risorse individuali e comunitarie, migliorando la qualit\u00e0 della vita.<\/p>\t\t\t\t\t\t\t\t<\/div>\n\t\t\t\t<\/div>\n\t\t\t\t<\/div>\n\t\t<div class=\"elementor-element elementor-element-348ab0e e-con-full e-flex wpr-particle-no wpr-jarallax-no wpr-parallax-no wpr-sticky-section-no wpr-column-slider-no wpr-equal-height-no e-con e-child\" data-id=\"348ab0e\" data-element_type=\"container\" data-e-type=\"container\" data-settings=\"{&quot;_ha_eqh_enable&quot;:false}\">\n\t\t\t\t<div class=\"elementor-element elementor-element-30fcf5c elementor-widget elementor-widget-image\" data-id=\"30fcf5c\" data-element_type=\"widget\" data-e-type=\"widget\" data-widget_type=\"image.default\">\n\t\t\t\t<div class=\"elementor-widget-container\">\n\t\t\t\t\t\t\t\t\t\t\t\t\t\t\t<img decoding=\"async\" width=\"690\" height=\"460\" src=\"https:\/\/www.cooperativasocialeatena.it\/wp-content\/uploads\/2023\/12\/00m-1024x683.jpg\" class=\"attachment-large size-large wp-image-920\" alt=\"\" srcset=\"https:\/\/www.cooperativasocialeatena.it\/wp-content\/uploads\/2023\/12\/00m-1024x683.jpg 1024w, https:\/\/www.cooperativasocialeatena.it\/wp-content\/uploads\/2023\/12\/00m-300x200.jpg 300w, https:\/\/www.cooperativasocialeatena.it\/wp-content\/uploads\/2023\/12\/00m-768x512.jpg 768w, https:\/\/www.cooperativasocialeatena.it\/wp-content\/uploads\/2023\/12\/00m.jpg 1200w\" sizes=\"(max-width: 690px) 100vw, 690px\" \/>\t\t\t\t\t\t\t\t\t\t\t\t\t\t\t<\/div>\n\t\t\t\t<\/div>\n\t\t\t\t<\/div>\n\t\t<div class=\"elementor-element elementor-element-2a5772c e-con-full e-flex wpr-particle-no wpr-jarallax-no wpr-parallax-no wpr-sticky-section-no wpr-column-slider-no wpr-equal-height-no e-con e-child\" data-id=\"2a5772c\" data-element_type=\"container\" data-e-type=\"container\" data-settings=\"{&quot;_ha_eqh_enable&quot;:false}\">\n\t\t\t\t<div class=\"elementor-element elementor-element-4216ce2 elementor-widget elementor-widget-heading\" data-id=\"4216ce2\" data-element_type=\"widget\" data-e-type=\"widget\" data-widget_type=\"heading.default\">\n\t\t\t\t<div class=\"elementor-widget-container\">\n\t\t\t\t\t<h3 class=\"elementor-heading-title elementor-size-default\">Destinatari: Minori di et\u00e0 compresa tra i 3 e i 18 anni<\/h3>\t\t\t\t<\/div>\n\t\t\t\t<\/div>\n\t\t\t\t<\/div>\n\t\t\t\t\t<\/div>\n\t\t\t\t<\/div>\n\t\t\t\t<\/div>\n\t\t","protected":false},"excerpt":{"rendered":"<p>Area Minori Assistenza Domiciliare Educativa Il Servizio si configura come integrativo della famiglia ed ha lo scopo di coadiuvare l&#8217;azione dei genitori con limitate capacit\u00e0 e\/o possibilit\u00e0 nei confronti di minori in difficolt\u00e0. Esso ha come prima finalit\u00e0 l&#8217;evoluzione del nucleo familiare mirata al perseguimento della propria autonomia nel \u201ccompito educativo\u201d. Esso, inoltre, si prefigge di: mantenere il minore nel suo ambiente, all&#8217;interno di una relazione familiare che ne tuteli la crescita e lo sviluppo, prevenendo ogni forma di emarginazione; consentire alle figure parentali di maturare adeguate competenze genitoriali, valorizzando le risorse esistenti e intervenendo sui nodi critici della relazione educativa; favorire il percorso di integrazione del minore nel contesto sociale, coinvolgendo le risorse aggregative, educative, culturali e sportive del territorio; facilitare e promuovere gli interventi all&#8217;interno di un progetto di rete territoriale che preveda una collaborazione con gli altri servizi sociali, sanitari, scolastici, culturali, pubblici e\/o afferenti al privato sociale presenti sul territorio al fine di evitare l\u2019allontanamento del minore. promuovere interventi \u201ccomplessi\u201d all\u2019interno di un progetto di rete territoriale che preveda la collaborazione con gli altri servizi sociali, sanitari, scolastici, culturali, pubblici e\/o afferenti al privato sociale presenti sul territorio. Il servizio \u00e8 rivolto ai minori a rischio di emarginazione sociale e alle loro famiglie, per le quali sia stato rilevato il bisogno di interventi a valenza educativa Centri di Socializzazione \u2013 Campi Solari La finalit\u00e0 del servizio \u00e8 quella di consentire opportunit\u00e0 di integrazione e socializzazione dei minori, in particolare per coloro che vivono in situazioni di bisogno e di disagio. Gli obiettivi specifici del servizio, tendente alla realizzazione delle finalit\u00e0 generali del servizio stesso, nel rispetto della libert\u00e0 del cittadino utente sono: favorire opportunit\u00e0 di socializzazione e di aggregazione tra coetanei attraverso l&#8217;attivazione di laboratori manipolativi, ricreativi, culturali ed espressivi; favorire la partecipazione dei minori alla vita della comunit\u00e0 locale, sviluppando nei minori processi di maturazione per farli diventare soggetti attivi di cambiamento sociale; sviluppare le competenze e le capacit\u00e0 dei minori, attraverso l&#8217;attivazione delle risorse individuali e comunitarie, migliorando la qualit\u00e0 della vita. Destinatari: Minori di et\u00e0 compresa tra i 3 e i 18 anni<\/p>\n","protected":false},"author":1,"featured_media":0,"parent":258,"menu_order":0,"comment_status":"closed","ping_status":"closed","template":"templates\/elementor.php","meta":{"footnotes":""},"class_list":["post-574","page","type-page","status-publish","hentry"],"jetpack-related-posts":[],"jetpack_sharing_enabled":true,"_links":{"self":[{"href":"https:\/\/www.cooperativasocialeatena.it\/index.php\/wp-json\/wp\/v2\/pages\/574","targetHints":{"allow":["GET"]}}],"collection":[{"href":"https:\/\/www.cooperativasocialeatena.it\/index.php\/wp-json\/wp\/v2\/pages"}],"about":[{"href":"https:\/\/www.cooperativasocialeatena.it\/index.php\/wp-json\/wp\/v2\/types\/page"}],"author":[{"embeddable":true,"href":"https:\/\/www.cooperativasocialeatena.it\/index.php\/wp-json\/wp\/v2\/users\/1"}],"replies":[{"embeddable":true,"href":"https:\/\/www.cooperativasocialeatena.it\/index.php\/wp-json\/wp\/v2\/comments?post=574"}],"version-history":[{"count":20,"href":"https:\/\/www.cooperativasocialeatena.it\/index.php\/wp-json\/wp\/v2\/pages\/574\/revisions"}],"predecessor-version":[{"id":925,"href":"https:\/\/www.cooperativasocialeatena.it\/index.php\/wp-json\/wp\/v2\/pages\/574\/revisions\/925"}],"up":[{"embeddable":true,"href":"https:\/\/www.cooperativasocialeatena.it\/index.php\/wp-json\/wp\/v2\/pages\/258"}],"wp:attachment":[{"href":"https:\/\/www.cooperativasocialeatena.it\/index.php\/wp-json\/wp\/v2\/media?parent=574"}],"curies":[{"name":"wp","href":"https:\/\/api.w.org\/{rel}","templated":true}]}}