{"id":575,"date":"2023-12-01T14:57:55","date_gmt":"2023-12-01T14:57:55","guid":{"rendered":"https:\/\/www.cooperativasocialeatena.it\/?page_id=575"},"modified":"2023-12-06T15:28:55","modified_gmt":"2023-12-06T15:28:55","slug":"area-famiglie","status":"publish","type":"page","link":"https:\/\/www.cooperativasocialeatena.it\/index.php\/servizi\/area-famiglie\/","title":{"rendered":"AREA FAMIGLIE"},"content":{"rendered":"\t\t<div data-elementor-type=\"wp-page\" data-elementor-id=\"575\" class=\"elementor elementor-575\" data-elementor-settings=\"{&quot;ha_cmc_init_switcher&quot;:&quot;no&quot;}\">\n\t\t\t\t<div class=\"elementor-element elementor-element-62d47427 e-con-full e-flex wpr-particle-no wpr-jarallax-no wpr-parallax-no wpr-sticky-section-no wpr-column-slider-no wpr-equal-height-no e-con e-parent\" data-id=\"62d47427\" data-element_type=\"container\" data-e-type=\"container\" data-settings=\"{&quot;background_background&quot;:&quot;classic&quot;,&quot;_ha_eqh_enable&quot;:false}\">\n\t\t\t\t<\/div>\n\t\t<div class=\"elementor-element elementor-element-6a86eb57 e-con-full e-flex wpr-particle-no wpr-jarallax-no wpr-parallax-no wpr-sticky-section-no wpr-column-slider-no wpr-equal-height-no e-con e-parent\" data-id=\"6a86eb57\" data-element_type=\"container\" data-e-type=\"container\" data-settings=\"{&quot;_ha_eqh_enable&quot;:false}\">\n\t\t\t\t<div class=\"elementor-element elementor-element-458a2aa7 elementor-widget elementor-widget-heading\" data-id=\"458a2aa7\" data-element_type=\"widget\" data-e-type=\"widget\" data-widget_type=\"heading.default\">\n\t\t\t\t<div class=\"elementor-widget-container\">\n\t\t\t\t\t<h1 class=\"elementor-heading-title elementor-size-xxl\">Area Famiglie<\/h1>\t\t\t\t<\/div>\n\t\t\t\t<\/div>\n\t\t\t\t<\/div>\n\t\t<div class=\"elementor-element elementor-element-551c7c7b e-con-full e-flex wpr-particle-no wpr-jarallax-no wpr-parallax-no wpr-sticky-section-no wpr-column-slider-no wpr-equal-height-no e-con e-parent\" data-id=\"551c7c7b\" data-element_type=\"container\" data-e-type=\"container\" data-settings=\"{&quot;background_background&quot;:&quot;classic&quot;,&quot;_ha_eqh_enable&quot;:false}\">\n\t\t\t\t<\/div>\n\t\t\t\t<section class=\"elementor-section elementor-top-section elementor-element elementor-element-c180b64 elementor-section-full_width elementor-section-height-default elementor-section-height-default wpr-particle-no wpr-jarallax-no wpr-parallax-no wpr-sticky-section-no wpr-column-slider-no wpr-equal-height-no\" data-id=\"c180b64\" data-element_type=\"section\" data-e-type=\"section\" data-settings=\"{&quot;_ha_eqh_enable&quot;:false}\">\n\t\t\t\t\t\t<div class=\"elementor-container elementor-column-gap-default\">\n\t\t\t\t\t<div class=\"elementor-column elementor-col-100 elementor-top-column elementor-element elementor-element-1facd15\" data-id=\"1facd15\" data-element_type=\"column\" data-e-type=\"column\">\n\t\t\t<div class=\"elementor-widget-wrap elementor-element-populated\">\n\t\t\t\t\t\t<section class=\"elementor-section elementor-inner-section elementor-element elementor-element-46158b3 donate-seators animated-slow elementor-section-boxed elementor-section-height-default elementor-section-height-default wpr-particle-no wpr-jarallax-no wpr-parallax-no wpr-sticky-section-no wpr-column-slider-no wpr-equal-height-no elementor-invisible\" data-id=\"46158b3\" data-element_type=\"section\" data-e-type=\"section\" data-settings=\"{&quot;animation&quot;:&quot;zoomIn&quot;,&quot;_ha_eqh_enable&quot;:false}\">\n\t\t\t\t\t\t<div class=\"elementor-container elementor-column-gap-default\">\n\t\t\t\t\t<div class=\"elementor-column elementor-col-33 elementor-inner-column elementor-element elementor-element-f97186a\" data-id=\"f97186a\" data-element_type=\"column\" data-e-type=\"column\">\n\t\t\t<div class=\"elementor-widget-wrap elementor-element-populated\">\n\t\t\t\t\t\t<div class=\"elementor-element elementor-element-5175ee4 elementor-position-top ha-has-bg-overlay elementor-widget elementor-widget-image-box\" data-id=\"5175ee4\" data-element_type=\"widget\" data-e-type=\"widget\" data-widget_type=\"image-box.default\">\n\t\t\t\t<div class=\"elementor-widget-container\">\n\t\t\t\t\t<div class=\"elementor-image-box-wrapper\"><figure class=\"elementor-image-box-img\"><a href=\"#Affido\" tabindex=\"-1\"><img fetchpriority=\"high\" decoding=\"async\" width=\"1000\" height=\"666\" src=\"https:\/\/www.cooperativasocialeatena.it\/wp-content\/uploads\/2023\/12\/affido_famiglia_AdobeStock_273839757-1.jpg\" class=\"attachment-full size-full wp-image-941\" alt=\"\" srcset=\"https:\/\/www.cooperativasocialeatena.it\/wp-content\/uploads\/2023\/12\/affido_famiglia_AdobeStock_273839757-1.jpg 1000w, https:\/\/www.cooperativasocialeatena.it\/wp-content\/uploads\/2023\/12\/affido_famiglia_AdobeStock_273839757-1-300x200.jpg 300w, https:\/\/www.cooperativasocialeatena.it\/wp-content\/uploads\/2023\/12\/affido_famiglia_AdobeStock_273839757-1-768x511.jpg 768w\" sizes=\"(max-width: 1000px) 100vw, 1000px\" \/><\/a><\/figure><div class=\"elementor-image-box-content\"><h3 class=\"elementor-image-box-title\"><a href=\"#Affido\">Affido e Adozioni<\/a><\/h3><\/div><\/div>\t\t\t\t<\/div>\n\t\t\t\t<\/div>\n\t\t\t\t\t<\/div>\n\t\t<\/div>\n\t\t\t\t<div class=\"elementor-column elementor-col-33 elementor-inner-column elementor-element elementor-element-4c48b7c\" data-id=\"4c48b7c\" data-element_type=\"column\" data-e-type=\"column\">\n\t\t\t<div class=\"elementor-widget-wrap elementor-element-populated\">\n\t\t\t\t\t\t<div class=\"elementor-element elementor-element-045f463 elementor-position-top ha-has-bg-overlay elementor-widget elementor-widget-image-box\" data-id=\"045f463\" data-element_type=\"widget\" data-e-type=\"widget\" data-widget_type=\"image-box.default\">\n\t\t\t\t<div class=\"elementor-widget-container\">\n\t\t\t\t\t<div class=\"elementor-image-box-wrapper\"><figure class=\"elementor-image-box-img\"><a href=\"#CFS\" tabindex=\"-1\"><img decoding=\"async\" width=\"1980\" height=\"1059\" src=\"https:\/\/www.cooperativasocialeatena.it\/wp-content\/uploads\/2023\/12\/famiglia-3000x2000-1-scaled-e1701876422203.jpg\" class=\"attachment-full size-full wp-image-949\" alt=\"\" srcset=\"https:\/\/www.cooperativasocialeatena.it\/wp-content\/uploads\/2023\/12\/famiglia-3000x2000-1-scaled-e1701876422203.jpg 1980w, https:\/\/www.cooperativasocialeatena.it\/wp-content\/uploads\/2023\/12\/famiglia-3000x2000-1-scaled-e1701876422203-300x160.jpg 300w, https:\/\/www.cooperativasocialeatena.it\/wp-content\/uploads\/2023\/12\/famiglia-3000x2000-1-scaled-e1701876422203-1024x548.jpg 1024w, https:\/\/www.cooperativasocialeatena.it\/wp-content\/uploads\/2023\/12\/famiglia-3000x2000-1-scaled-e1701876422203-768x411.jpg 768w, https:\/\/www.cooperativasocialeatena.it\/wp-content\/uploads\/2023\/12\/famiglia-3000x2000-1-scaled-e1701876422203-1536x822.jpg 1536w\" sizes=\"(max-width: 1980px) 100vw, 1980px\" \/><\/a><\/figure><div class=\"elementor-image-box-content\"><h3 class=\"elementor-image-box-title\"><a href=\"#CFS\">Centro Famiglia e Sostegno alla Maternit\u00e0<\/a><\/h3><\/div><\/div>\t\t\t\t<\/div>\n\t\t\t\t<\/div>\n\t\t\t\t\t<\/div>\n\t\t<\/div>\n\t\t\t\t<div class=\"elementor-column elementor-col-33 elementor-inner-column elementor-element elementor-element-c58d9b1\" data-id=\"c58d9b1\" data-element_type=\"column\" data-e-type=\"column\">\n\t\t\t<div class=\"elementor-widget-wrap elementor-element-populated\">\n\t\t\t\t\t\t<div class=\"elementor-element elementor-element-58516d3 elementor-position-top ha-has-bg-overlay elementor-widget elementor-widget-image-box\" data-id=\"58516d3\" data-element_type=\"widget\" data-e-type=\"widget\" data-widget_type=\"image-box.default\">\n\t\t\t\t<div class=\"elementor-widget-container\">\n\t\t\t\t\t<div class=\"elementor-image-box-wrapper\"><figure class=\"elementor-image-box-img\"><a href=\"#CAntiviolenza\" tabindex=\"-1\"><img decoding=\"async\" width=\"2560\" height=\"1707\" src=\"https:\/\/www.cooperativasocialeatena.it\/wp-content\/uploads\/2023\/12\/0smlgv-scaled.jpg\" class=\"attachment-full size-full wp-image-954\" alt=\"\" srcset=\"https:\/\/www.cooperativasocialeatena.it\/wp-content\/uploads\/2023\/12\/0smlgv-scaled.jpg 2560w, https:\/\/www.cooperativasocialeatena.it\/wp-content\/uploads\/2023\/12\/0smlgv-300x200.jpg 300w, https:\/\/www.cooperativasocialeatena.it\/wp-content\/uploads\/2023\/12\/0smlgv-1024x683.jpg 1024w, https:\/\/www.cooperativasocialeatena.it\/wp-content\/uploads\/2023\/12\/0smlgv-768x512.jpg 768w, https:\/\/www.cooperativasocialeatena.it\/wp-content\/uploads\/2023\/12\/0smlgv-1536x1024.jpg 1536w, https:\/\/www.cooperativasocialeatena.it\/wp-content\/uploads\/2023\/12\/0smlgv-2048x1365.jpg 2048w\" sizes=\"(max-width: 2560px) 100vw, 2560px\" \/><\/a><\/figure><div class=\"elementor-image-box-content\"><h3 class=\"elementor-image-box-title\"><a href=\"#CAntiviolenza\">Centro Antiviolenza<\/a><\/h3><\/div><\/div>\t\t\t\t<\/div>\n\t\t\t\t<\/div>\n\t\t\t\t\t<\/div>\n\t\t<\/div>\n\t\t\t\t\t<\/div>\n\t\t<\/section>\n\t\t\t\t\t<\/div>\n\t\t<\/div>\n\t\t\t\t\t<\/div>\n\t\t<\/section>\n\t\t<div class=\"elementor-element elementor-element-1b44122 e-flex e-con-boxed wpr-particle-no wpr-jarallax-no wpr-parallax-no wpr-sticky-section-no wpr-column-slider-no wpr-equal-height-no elementor-invisible e-con e-parent\" data-id=\"1b44122\" data-element_type=\"container\" data-e-type=\"container\" data-settings=\"{&quot;animation&quot;:&quot;fadeInLeft&quot;,&quot;_ha_eqh_enable&quot;:false}\">\n\t\t\t\t\t<div class=\"e-con-inner\">\n\t\t<div class=\"elementor-element elementor-element-46ae955 e-con-full e-flex wpr-particle-no wpr-jarallax-no wpr-parallax-no wpr-sticky-section-no wpr-column-slider-no wpr-equal-height-no e-con e-child\" data-id=\"46ae955\" data-element_type=\"container\" data-e-type=\"container\" data-settings=\"{&quot;_ha_eqh_enable&quot;:false}\">\n\t\t\t\t<div class=\"elementor-element elementor-element-bd6b940 elementor-widget elementor-widget-menu-anchor\" data-id=\"bd6b940\" data-element_type=\"widget\" data-e-type=\"widget\" data-widget_type=\"menu-anchor.default\">\n\t\t\t\t<div class=\"elementor-widget-container\">\n\t\t\t\t\t\t\t<div class=\"elementor-menu-anchor\" id=\"Affido\"><\/div>\n\t\t\t\t\t\t<\/div>\n\t\t\t\t<\/div>\n\t\t\t\t<div class=\"elementor-element elementor-element-bb124e2 elementor-widget elementor-widget-heading\" data-id=\"bb124e2\" data-element_type=\"widget\" data-e-type=\"widget\" data-widget_type=\"heading.default\">\n\t\t\t\t<div class=\"elementor-widget-container\">\n\t\t\t\t\t<h2 class=\"elementor-heading-title elementor-size-default\">Affido e Adozioni <\/h2>\t\t\t\t<\/div>\n\t\t\t\t<\/div>\n\t\t\t\t<\/div>\n\t\t<div class=\"elementor-element elementor-element-4645b83 e-con-full e-flex wpr-particle-no wpr-jarallax-no wpr-parallax-no wpr-sticky-section-no wpr-column-slider-no wpr-equal-height-no e-con e-child\" data-id=\"4645b83\" data-element_type=\"container\" data-e-type=\"container\" data-settings=\"{&quot;_ha_eqh_enable&quot;:false}\">\n\t\t\t\t<div class=\"elementor-element elementor-element-5cc4205 elementor-widget elementor-widget-image\" data-id=\"5cc4205\" data-element_type=\"widget\" data-e-type=\"widget\" data-widget_type=\"image.default\">\n\t\t\t\t<div class=\"elementor-widget-container\">\n\t\t\t\t\t\t\t\t\t\t\t\t\t\t\t<img loading=\"lazy\" decoding=\"async\" width=\"690\" height=\"460\" src=\"https:\/\/www.cooperativasocialeatena.it\/wp-content\/uploads\/2023\/12\/affido_famiglia_AdobeStock_273839757-1.jpg\" class=\"attachment-large size-large wp-image-941\" alt=\"\" srcset=\"https:\/\/www.cooperativasocialeatena.it\/wp-content\/uploads\/2023\/12\/affido_famiglia_AdobeStock_273839757-1.jpg 1000w, https:\/\/www.cooperativasocialeatena.it\/wp-content\/uploads\/2023\/12\/affido_famiglia_AdobeStock_273839757-1-300x200.jpg 300w, https:\/\/www.cooperativasocialeatena.it\/wp-content\/uploads\/2023\/12\/affido_famiglia_AdobeStock_273839757-1-768x511.jpg 768w\" sizes=\"(max-width: 690px) 100vw, 690px\" \/>\t\t\t\t\t\t\t\t\t\t\t\t\t\t\t<\/div>\n\t\t\t\t<\/div>\n\t\t\t\t<\/div>\n\t\t<div class=\"elementor-element elementor-element-5c0994b e-con-full e-flex wpr-particle-no wpr-jarallax-no wpr-parallax-no wpr-sticky-section-no wpr-column-slider-no wpr-equal-height-no e-con e-child\" data-id=\"5c0994b\" data-element_type=\"container\" data-e-type=\"container\" data-settings=\"{&quot;_ha_eqh_enable&quot;:false}\">\n\t\t\t\t<div class=\"elementor-element elementor-element-01063fe elementor-widget elementor-widget-text-editor\" data-id=\"01063fe\" data-element_type=\"widget\" data-e-type=\"widget\" data-widget_type=\"text-editor.default\">\n\t\t\t\t<div class=\"elementor-widget-container\">\n\t\t\t\t\t\t\t\t\t<p>Il servizio \u00e8 rivolto ai minori temporaneamente privi di un ambiente familiare idoneo alla loro crescita. Esso prevede l\u2019inserimento del minore in un nucleo familiare diverso da quello d\u2019origine, per un periodo di tempo limitato e necessario, al superamento del momento di disagio e\/o di difficolt\u00e0 del nucleo familiare di origine. E\u2019 da intendersi come uno strumento per la tutela dei diritti del bambino, che interviene sia all\u2019esterno del nucleo familiare di origine che al suo interno, ed \u00e8 da inserire tra quei \u201cservizi alla persona\u201d di competenza della Pubblica Amministrazione. All&#8217;interno dell\u2019ambito territoriale \u00e8 istituita una specifica struttura denominata Servizio Affido ed Adozioni d\u2019Ambito (S.A.T.), composta da un&#8217;equipe multidisciplinare che \u00e8 responsabile, per ciascun caso di affido, del progetto educativo individualizzato e della promozione della cultura dell&#8217;affido nel territorio. I servizi per l\u2019adozione nazionale e\/o internazionale hanno l\u2019obiettivo di sensibilizzare, informare ed orientare le famiglie sul percorso adottivo, di uniformare le informazioni date dai vari soggetti preposti all\u2019attivazione del percorso adottivo, di seguire le famiglie lungo il percorso d\u2019adozione e di sostenerle nei momenti di difficolt\u00e0. I servizi, che si attivano nella fase di richiesta d\u2019adozione, in quella d\u2019istruttoria e nella fase neo adottiva, hanno anche il fine di tutelare il minore e i suoi diritti e di stimolare la coppia a prendere coscienza delle proprie capacit\u00e0 e dei propri limiti sia in rapporto al ruolo genitoriale che alle specifiche caratteristiche del minore da adottare o adottato.<\/p>\t\t\t\t\t\t\t\t<\/div>\n\t\t\t\t<\/div>\n\t\t\t\t<\/div>\n\t\t<div class=\"elementor-element elementor-element-c16a569 e-con-full e-flex wpr-particle-no wpr-jarallax-no wpr-parallax-no wpr-sticky-section-no wpr-column-slider-no wpr-equal-height-no e-con e-child\" data-id=\"c16a569\" data-element_type=\"container\" data-e-type=\"container\" data-settings=\"{&quot;_ha_eqh_enable&quot;:false}\">\n\t\t\t\t<div class=\"elementor-element elementor-element-ed6949a elementor-widget elementor-widget-heading\" data-id=\"ed6949a\" data-element_type=\"widget\" data-e-type=\"widget\" data-widget_type=\"heading.default\">\n\t\t\t\t<div class=\"elementor-widget-container\">\n\t\t\t\t\t<h3 class=\"elementor-heading-title elementor-size-default\">Destinatari: Minori temporaneamente privi di un ambiente familiare idoneo alla loro crescita<\/h3>\t\t\t\t<\/div>\n\t\t\t\t<\/div>\n\t\t\t\t<\/div>\n\t\t\t\t\t<\/div>\n\t\t\t\t<\/div>\n\t\t<div class=\"elementor-element elementor-element-7c05705 e-flex e-con-boxed wpr-particle-no wpr-jarallax-no wpr-parallax-no wpr-sticky-section-no wpr-column-slider-no wpr-equal-height-no e-con e-parent\" data-id=\"7c05705\" data-element_type=\"container\" data-e-type=\"container\" data-settings=\"{&quot;_ha_eqh_enable&quot;:false}\">\n\t\t\t\t\t<div class=\"e-con-inner\">\n\t\t\t\t<div class=\"elementor-element elementor-element-e657f7f elementor-widget-divider--view-line elementor-invisible elementor-widget elementor-widget-divider\" data-id=\"e657f7f\" data-element_type=\"widget\" data-e-type=\"widget\" data-settings=\"{&quot;_animation&quot;:&quot;fadeInDown&quot;}\" data-widget_type=\"divider.default\">\n\t\t\t\t<div class=\"elementor-widget-container\">\n\t\t\t\t\t\t\t<div class=\"elementor-divider\">\n\t\t\t<span class=\"elementor-divider-separator\">\n\t\t\t\t\t\t<\/span>\n\t\t<\/div>\n\t\t\t\t\t\t<\/div>\n\t\t\t\t<\/div>\n\t\t\t\t\t<\/div>\n\t\t\t\t<\/div>\n\t\t<div class=\"elementor-element elementor-element-09ab75e e-flex e-con-boxed wpr-particle-no wpr-jarallax-no wpr-parallax-no wpr-sticky-section-no wpr-column-slider-no wpr-equal-height-no elementor-invisible e-con e-parent\" data-id=\"09ab75e\" data-element_type=\"container\" data-e-type=\"container\" data-settings=\"{&quot;animation&quot;:&quot;fadeInRight&quot;,&quot;_ha_eqh_enable&quot;:false}\">\n\t\t\t\t\t<div class=\"e-con-inner\">\n\t\t<div class=\"elementor-element elementor-element-08e2182 e-con-full e-flex wpr-particle-no wpr-jarallax-no wpr-parallax-no wpr-sticky-section-no wpr-column-slider-no wpr-equal-height-no e-con e-child\" data-id=\"08e2182\" data-element_type=\"container\" data-e-type=\"container\" data-settings=\"{&quot;_ha_eqh_enable&quot;:false}\">\n\t\t\t\t<div class=\"elementor-element elementor-element-728696e elementor-widget elementor-widget-menu-anchor\" data-id=\"728696e\" data-element_type=\"widget\" data-e-type=\"widget\" data-widget_type=\"menu-anchor.default\">\n\t\t\t\t<div class=\"elementor-widget-container\">\n\t\t\t\t\t\t\t<div class=\"elementor-menu-anchor\" id=\"CFS\"><\/div>\n\t\t\t\t\t\t<\/div>\n\t\t\t\t<\/div>\n\t\t\t\t<div class=\"elementor-element elementor-element-9a6e9dc elementor-widget elementor-widget-heading\" data-id=\"9a6e9dc\" data-element_type=\"widget\" data-e-type=\"widget\" data-widget_type=\"heading.default\">\n\t\t\t\t<div class=\"elementor-widget-container\">\n\t\t\t\t\t<h2 class=\"elementor-heading-title elementor-size-default\">Centro Famiglia e Sostegno alla Maternit\u00e0<\/h2>\t\t\t\t<\/div>\n\t\t\t\t<\/div>\n\t\t\t\t<\/div>\n\t\t<div class=\"elementor-element elementor-element-fde6e42 e-con-full e-flex wpr-particle-no wpr-jarallax-no wpr-parallax-no wpr-sticky-section-no wpr-column-slider-no wpr-equal-height-no e-con e-child\" data-id=\"fde6e42\" data-element_type=\"container\" data-e-type=\"container\" data-settings=\"{&quot;_ha_eqh_enable&quot;:false}\">\n\t\t\t\t<div class=\"elementor-element elementor-element-7e43c7e elementor-widget elementor-widget-text-editor\" data-id=\"7e43c7e\" data-element_type=\"widget\" data-e-type=\"widget\" data-widget_type=\"text-editor.default\">\n\t\t\t\t<div class=\"elementor-widget-container\">\n\t\t\t\t\t\t\t\t\t<p>Il centro per le famiglie, in una logica di rete, interviene in maniera specifica per promuovere il benessere dell\u2019intero nucleo familiare, sostenendo la coppia, e ogni singolo componente in ogni fase del ciclo di vita. Nel centro sono organizzate attivit\u00e0 di sostegno alla genitorialit\u00e0, finalizzate a facilitare la formazione di un\u2019identit\u00e0 genitoriale, a una scelta consapevole e responsabile della maternit\u00e0 e della paternit\u00e0, a stimolare la capacit\u00e0 di organizzazione e l\u2019autonomia di ognuno, nonch\u00e9 all\u2019elaborazione e alla conduzione di progetti di vita in armonia con il proprio ruolo genitoriale<\/p>\t\t\t\t\t\t\t\t<\/div>\n\t\t\t\t<\/div>\n\t\t\t\t<\/div>\n\t\t<div class=\"elementor-element elementor-element-348ab0e e-con-full e-flex wpr-particle-no wpr-jarallax-no wpr-parallax-no wpr-sticky-section-no wpr-column-slider-no wpr-equal-height-no e-con e-child\" data-id=\"348ab0e\" data-element_type=\"container\" data-e-type=\"container\" data-settings=\"{&quot;_ha_eqh_enable&quot;:false}\">\n\t\t\t\t<div class=\"elementor-element elementor-element-30fcf5c elementor-widget elementor-widget-image\" data-id=\"30fcf5c\" data-element_type=\"widget\" data-e-type=\"widget\" data-widget_type=\"image.default\">\n\t\t\t\t<div class=\"elementor-widget-container\">\n\t\t\t\t\t\t\t\t\t\t\t\t\t\t\t<img loading=\"lazy\" decoding=\"async\" width=\"690\" height=\"369\" src=\"https:\/\/www.cooperativasocialeatena.it\/wp-content\/uploads\/2023\/12\/famiglia-3000x2000-1-scaled-e1701876422203-1024x548.jpg\" class=\"attachment-large size-large wp-image-949\" alt=\"\" srcset=\"https:\/\/www.cooperativasocialeatena.it\/wp-content\/uploads\/2023\/12\/famiglia-3000x2000-1-scaled-e1701876422203-1024x548.jpg 1024w, https:\/\/www.cooperativasocialeatena.it\/wp-content\/uploads\/2023\/12\/famiglia-3000x2000-1-scaled-e1701876422203-300x160.jpg 300w, https:\/\/www.cooperativasocialeatena.it\/wp-content\/uploads\/2023\/12\/famiglia-3000x2000-1-scaled-e1701876422203-768x411.jpg 768w, https:\/\/www.cooperativasocialeatena.it\/wp-content\/uploads\/2023\/12\/famiglia-3000x2000-1-scaled-e1701876422203-1536x822.jpg 1536w, https:\/\/www.cooperativasocialeatena.it\/wp-content\/uploads\/2023\/12\/famiglia-3000x2000-1-scaled-e1701876422203.jpg 1980w\" sizes=\"(max-width: 690px) 100vw, 690px\" \/>\t\t\t\t\t\t\t\t\t\t\t\t\t\t\t<\/div>\n\t\t\t\t<\/div>\n\t\t\t\t<\/div>\n\t\t<div class=\"elementor-element elementor-element-2a5772c e-con-full e-flex wpr-particle-no wpr-jarallax-no wpr-parallax-no wpr-sticky-section-no wpr-column-slider-no wpr-equal-height-no e-con e-child\" data-id=\"2a5772c\" data-element_type=\"container\" data-e-type=\"container\" data-settings=\"{&quot;_ha_eqh_enable&quot;:false}\">\n\t\t\t\t<div class=\"elementor-element elementor-element-4216ce2 elementor-widget elementor-widget-heading\" data-id=\"4216ce2\" data-element_type=\"widget\" data-e-type=\"widget\" data-widget_type=\"heading.default\">\n\t\t\t\t<div class=\"elementor-widget-container\">\n\t\t\t\t\t<h3 class=\"elementor-heading-title elementor-size-default\">Destinatari: Coppia, e ogni singolo componente in ogni fase del ciclo di vita<\/h3>\t\t\t\t<\/div>\n\t\t\t\t<\/div>\n\t\t\t\t<\/div>\n\t\t\t\t\t<\/div>\n\t\t\t\t<\/div>\n\t\t<div class=\"elementor-element elementor-element-87d97d4 e-flex e-con-boxed wpr-particle-no wpr-jarallax-no wpr-parallax-no wpr-sticky-section-no wpr-column-slider-no wpr-equal-height-no e-con e-parent\" data-id=\"87d97d4\" data-element_type=\"container\" data-e-type=\"container\" data-settings=\"{&quot;_ha_eqh_enable&quot;:false}\">\n\t\t\t\t\t<div class=\"e-con-inner\">\n\t\t\t\t<div class=\"elementor-element elementor-element-e2ae97c elementor-widget-divider--view-line elementor-invisible elementor-widget elementor-widget-divider\" data-id=\"e2ae97c\" data-element_type=\"widget\" data-e-type=\"widget\" data-settings=\"{&quot;_animation&quot;:&quot;fadeInDown&quot;}\" data-widget_type=\"divider.default\">\n\t\t\t\t<div class=\"elementor-widget-container\">\n\t\t\t\t\t\t\t<div class=\"elementor-divider\">\n\t\t\t<span class=\"elementor-divider-separator\">\n\t\t\t\t\t\t<\/span>\n\t\t<\/div>\n\t\t\t\t\t\t<\/div>\n\t\t\t\t<\/div>\n\t\t\t\t\t<\/div>\n\t\t\t\t<\/div>\n\t\t<div class=\"elementor-element elementor-element-1c781075 e-flex e-con-boxed wpr-particle-no wpr-jarallax-no wpr-parallax-no wpr-sticky-section-no wpr-column-slider-no wpr-equal-height-no elementor-invisible e-con e-parent\" data-id=\"1c781075\" data-element_type=\"container\" data-e-type=\"container\" data-settings=\"{&quot;animation&quot;:&quot;fadeInLeft&quot;,&quot;_ha_eqh_enable&quot;:false}\">\n\t\t\t\t\t<div class=\"e-con-inner\">\n\t\t<div class=\"elementor-element elementor-element-50241fe7 e-con-full e-flex wpr-particle-no wpr-jarallax-no wpr-parallax-no wpr-sticky-section-no wpr-column-slider-no wpr-equal-height-no e-con e-child\" data-id=\"50241fe7\" data-element_type=\"container\" data-e-type=\"container\" data-settings=\"{&quot;_ha_eqh_enable&quot;:false}\">\n\t\t\t\t<div class=\"elementor-element elementor-element-5913fb67 elementor-widget elementor-widget-menu-anchor\" data-id=\"5913fb67\" data-element_type=\"widget\" data-e-type=\"widget\" data-widget_type=\"menu-anchor.default\">\n\t\t\t\t<div class=\"elementor-widget-container\">\n\t\t\t\t\t\t\t<div class=\"elementor-menu-anchor\" id=\"CAntiviolenza\"><\/div>\n\t\t\t\t\t\t<\/div>\n\t\t\t\t<\/div>\n\t\t\t\t<div class=\"elementor-element elementor-element-4f0043c elementor-widget elementor-widget-heading\" data-id=\"4f0043c\" data-element_type=\"widget\" data-e-type=\"widget\" data-widget_type=\"heading.default\">\n\t\t\t\t<div class=\"elementor-widget-container\">\n\t\t\t\t\t<h2 class=\"elementor-heading-title elementor-size-default\">Centro Antiviolenza <\/h2>\t\t\t\t<\/div>\n\t\t\t\t<\/div>\n\t\t\t\t<\/div>\n\t\t<div class=\"elementor-element elementor-element-16ca1cf7 e-con-full e-flex wpr-particle-no wpr-jarallax-no wpr-parallax-no wpr-sticky-section-no wpr-column-slider-no wpr-equal-height-no e-con e-child\" data-id=\"16ca1cf7\" data-element_type=\"container\" data-e-type=\"container\" data-settings=\"{&quot;_ha_eqh_enable&quot;:false}\">\n\t\t\t\t<div class=\"elementor-element elementor-element-637c03f2 elementor-widget elementor-widget-image\" data-id=\"637c03f2\" data-element_type=\"widget\" data-e-type=\"widget\" data-widget_type=\"image.default\">\n\t\t\t\t<div class=\"elementor-widget-container\">\n\t\t\t\t\t\t\t\t\t\t\t\t\t\t\t<img loading=\"lazy\" decoding=\"async\" width=\"690\" height=\"460\" src=\"https:\/\/www.cooperativasocialeatena.it\/wp-content\/uploads\/2023\/12\/0smlgv-1024x683.jpg\" class=\"attachment-large size-large wp-image-954\" alt=\"\" srcset=\"https:\/\/www.cooperativasocialeatena.it\/wp-content\/uploads\/2023\/12\/0smlgv-1024x683.jpg 1024w, https:\/\/www.cooperativasocialeatena.it\/wp-content\/uploads\/2023\/12\/0smlgv-300x200.jpg 300w, https:\/\/www.cooperativasocialeatena.it\/wp-content\/uploads\/2023\/12\/0smlgv-768x512.jpg 768w, https:\/\/www.cooperativasocialeatena.it\/wp-content\/uploads\/2023\/12\/0smlgv-1536x1024.jpg 1536w, https:\/\/www.cooperativasocialeatena.it\/wp-content\/uploads\/2023\/12\/0smlgv-2048x1365.jpg 2048w\" sizes=\"(max-width: 690px) 100vw, 690px\" \/>\t\t\t\t\t\t\t\t\t\t\t\t\t\t\t<\/div>\n\t\t\t\t<\/div>\n\t\t\t\t<\/div>\n\t\t<div class=\"elementor-element elementor-element-e358f97 e-con-full e-flex wpr-particle-no wpr-jarallax-no wpr-parallax-no wpr-sticky-section-no wpr-column-slider-no wpr-equal-height-no e-con e-child\" data-id=\"e358f97\" data-element_type=\"container\" data-e-type=\"container\" data-settings=\"{&quot;_ha_eqh_enable&quot;:false}\">\n\t\t\t\t<div class=\"elementor-element elementor-element-2a097cdf elementor-widget elementor-widget-text-editor\" data-id=\"2a097cdf\" data-element_type=\"widget\" data-e-type=\"widget\" data-widget_type=\"text-editor.default\">\n\t\t\t\t<div class=\"elementor-widget-container\">\n\t\t\t\t\t\t\t\t\t<p>I centri antiviolenza sono luoghi deputati ad accogliere le donne che hanno subito violenza e\/o che sono esposte alla minaccia di violenza fisica, psichica, sessuale. I centri antiviolenza sono luoghi in cui un intendimento politico (cambiare la cultura, il discorso pubblico sulla violenza contro le donne) si unisce a una pratica di supporto e accoglienza verso le donne che intendono uscire dalla violenza. Questi due aspetti sono intimamente legati nella metodologia sviluppata nel corso degli anni e validata via via da tutte le principali organizzazioni internazionali. Sono strutture ad indirizzo pubblico in cui le donne vengono ricevute e coinvolte in attivit\u00e0 personali o di gruppo volte a contrastare il ruolo di vittima e a predisporre percorsi di uscita dalla violenza. Un punto essenziale del lavoro dei centri antiviolenza \u00e8 dunque la questione politica e culturale: la promozione di eventi, la formazione, la sensibilizzazione, la diffusione di buone prassi e le campagne di prevenzione sul tema della violenza contro le donne e la violazione dei loro diritti. L&#8217;intervento \u00e8 di carattere relazionale o psico-sociale, non terapeutico in senso tecnico, e viene condotto secondo i presupposti e i principi della protezione, riservatezza, del non giudizio, della complessit\u00e0 e responsabilit\u00e0 sociale. L&#8217;accoglienza ha l&#8217;obiettivo di aprire uno spazio che consenta alla donna di parlare di s\u00e9, offrendole la possibilit\u00e0 di credere in se stessa. La metodologia prevede che ogni azione (denunce, separazione, attivazione dei servizi, ecc.) venga intrapresa solo con il consenso della donna e che si lavori sempre per il suo vantaggio.<\/p>\t\t\t\t\t\t\t\t<\/div>\n\t\t\t\t<\/div>\n\t\t\t\t<\/div>\n\t\t<div class=\"elementor-element elementor-element-2f42fcab e-con-full e-flex wpr-particle-no wpr-jarallax-no wpr-parallax-no wpr-sticky-section-no wpr-column-slider-no wpr-equal-height-no e-con e-child\" data-id=\"2f42fcab\" data-element_type=\"container\" data-e-type=\"container\" data-settings=\"{&quot;_ha_eqh_enable&quot;:false}\">\n\t\t\t\t<div class=\"elementor-element elementor-element-560fa8e4 elementor-widget elementor-widget-heading\" data-id=\"560fa8e4\" data-element_type=\"widget\" data-e-type=\"widget\" data-widget_type=\"heading.default\">\n\t\t\t\t<div class=\"elementor-widget-container\">\n\t\t\t\t\t<h3 class=\"elementor-heading-title elementor-size-default\">Destinatari: Donne che hanno subito violenza e\/o che sono esposte alla minaccia di violenza fisica, psichica, sessuale<\/h3>\t\t\t\t<\/div>\n\t\t\t\t<\/div>\n\t\t\t\t<\/div>\n\t\t\t\t\t<\/div>\n\t\t\t\t<\/div>\n\t\t\t\t<\/div>\n\t\t","protected":false},"excerpt":{"rendered":"<p>Area Famiglie Affido e Adozioni Centro Famiglia e Sostegno alla Maternit\u00e0 Centro Antiviolenza Affido e Adozioni Il servizio \u00e8 rivolto ai minori temporaneamente privi di un ambiente familiare idoneo alla loro crescita. Esso prevede l\u2019inserimento del minore in un nucleo familiare diverso da quello d\u2019origine, per un periodo di tempo limitato e necessario, al superamento del momento di disagio e\/o di difficolt\u00e0 del nucleo familiare di origine. E\u2019 da intendersi come uno strumento per la tutela dei diritti del bambino, che interviene sia all\u2019esterno del nucleo familiare di origine che al suo interno, ed \u00e8 da inserire tra quei \u201cservizi alla persona\u201d di competenza della Pubblica Amministrazione. All&#8217;interno dell\u2019ambito territoriale \u00e8 istituita una specifica struttura denominata Servizio Affido ed Adozioni d\u2019Ambito (S.A.T.), composta da un&#8217;equipe multidisciplinare che \u00e8 responsabile, per ciascun caso di affido, del progetto educativo individualizzato e della promozione della cultura dell&#8217;affido nel territorio. I servizi per l\u2019adozione nazionale e\/o internazionale hanno l\u2019obiettivo di sensibilizzare, informare ed orientare le famiglie sul percorso adottivo, di uniformare le informazioni date dai vari soggetti preposti all\u2019attivazione del percorso adottivo, di seguire le famiglie lungo il percorso d\u2019adozione e di sostenerle nei momenti di difficolt\u00e0. I servizi, che si attivano nella fase di richiesta d\u2019adozione, in quella d\u2019istruttoria e nella fase neo adottiva, hanno anche il fine di tutelare il minore e i suoi diritti e di stimolare la coppia a prendere coscienza delle proprie capacit\u00e0 e dei propri limiti sia in rapporto al ruolo genitoriale che alle specifiche caratteristiche del minore da adottare o adottato. Destinatari: Minori temporaneamente privi di un ambiente familiare idoneo alla loro crescita Centro Famiglia e Sostegno alla Maternit\u00e0 Il centro per le famiglie, in una logica di rete, interviene in maniera specifica per promuovere il benessere dell\u2019intero nucleo familiare, sostenendo la coppia, e ogni singolo componente in ogni fase del ciclo di vita. Nel centro sono organizzate attivit\u00e0 di sostegno alla genitorialit\u00e0, finalizzate a facilitare la formazione di un\u2019identit\u00e0 genitoriale, a una scelta consapevole e responsabile della maternit\u00e0 e della paternit\u00e0, a stimolare la capacit\u00e0 di organizzazione e l\u2019autonomia di ognuno, nonch\u00e9 all\u2019elaborazione e alla conduzione di progetti di vita in armonia con il proprio ruolo genitoriale Destinatari: Coppia, e ogni singolo componente in ogni fase del ciclo di vita Centro Antiviolenza I centri antiviolenza sono luoghi deputati ad accogliere le donne che hanno subito violenza e\/o che sono esposte alla minaccia di violenza fisica, psichica, sessuale. I centri antiviolenza sono luoghi in cui un intendimento politico (cambiare la cultura, il discorso pubblico sulla violenza contro le donne) si unisce a una pratica di supporto e accoglienza verso le donne che intendono uscire dalla violenza. Questi due aspetti sono intimamente legati nella metodologia sviluppata nel corso degli anni e validata via via da tutte le principali organizzazioni internazionali. Sono strutture ad indirizzo pubblico in cui le donne vengono ricevute e coinvolte in attivit\u00e0 personali o di gruppo volte a contrastare il ruolo di vittima e a predisporre percorsi di uscita dalla violenza. Un punto essenziale del lavoro dei centri antiviolenza \u00e8 dunque la questione politica e culturale: la promozione di eventi, la formazione, la sensibilizzazione, la diffusione di buone prassi e le campagne di prevenzione sul tema della violenza contro le donne e la violazione dei loro diritti. L&#8217;intervento \u00e8 di carattere relazionale o psico-sociale, non terapeutico in senso tecnico, e viene condotto secondo i presupposti e i principi della protezione, riservatezza, del non giudizio, della complessit\u00e0 e responsabilit\u00e0 sociale. L&#8217;accoglienza ha l&#8217;obiettivo di aprire uno spazio che consenta alla donna di parlare di s\u00e9, offrendole la possibilit\u00e0 di credere in se stessa. La metodologia prevede che ogni azione (denunce, separazione, attivazione dei servizi, ecc.) venga intrapresa solo con il consenso della donna e che si lavori sempre per il suo vantaggio. Destinatari: Donne che hanno subito violenza e\/o che sono esposte alla minaccia di violenza fisica, psichica, sessuale<\/p>\n","protected":false},"author":1,"featured_media":0,"parent":258,"menu_order":0,"comment_status":"closed","ping_status":"closed","template":"templates\/elementor.php","meta":{"footnotes":""},"class_list":["post-575","page","type-page","status-publish","hentry"],"jetpack-related-posts":[],"jetpack_sharing_enabled":true,"_links":{"self":[{"href":"https:\/\/www.cooperativasocialeatena.it\/index.php\/wp-json\/wp\/v2\/pages\/575","targetHints":{"allow":["GET"]}}],"collection":[{"href":"https:\/\/www.cooperativasocialeatena.it\/index.php\/wp-json\/wp\/v2\/pages"}],"about":[{"href":"https:\/\/www.cooperativasocialeatena.it\/index.php\/wp-json\/wp\/v2\/types\/page"}],"author":[{"embeddable":true,"href":"https:\/\/www.cooperativasocialeatena.it\/index.php\/wp-json\/wp\/v2\/users\/1"}],"replies":[{"embeddable":true,"href":"https:\/\/www.cooperativasocialeatena.it\/index.php\/wp-json\/wp\/v2\/comments?post=575"}],"version-history":[{"count":42,"href":"https:\/\/www.cooperativasocialeatena.it\/index.php\/wp-json\/wp\/v2\/pages\/575\/revisions"}],"predecessor-version":[{"id":966,"href":"https:\/\/www.cooperativasocialeatena.it\/index.php\/wp-json\/wp\/v2\/pages\/575\/revisions\/966"}],"up":[{"embeddable":true,"href":"https:\/\/www.cooperativasocialeatena.it\/index.php\/wp-json\/wp\/v2\/pages\/258"}],"wp:attachment":[{"href":"https:\/\/www.cooperativasocialeatena.it\/index.php\/wp-json\/wp\/v2\/media?parent=575"}],"curies":[{"name":"wp","href":"https:\/\/api.w.org\/{rel}","templated":true}]}}